{"id":5,"date":"2021-03-20T15:20:50","date_gmt":"2021-03-20T15:20:50","guid":{"rendered":"http:\/\/www.jesusprieto.es\/?page_id=5"},"modified":"2025-04-19T20:09:47","modified_gmt":"2025-04-19T20:09:47","slug":"sgsgsg","status":"publish","type":"page","link":"https:\/\/www.jesusprieto.es\/","title":{"rendered":"HOME"},"content":{"rendered":"\t\t<div data-elementor-type=\"wp-page\" data-elementor-id=\"5\" class=\"elementor elementor-5\">\n\t\t\t\t\t\t\t\t\t<section class=\"elementor-section elementor-top-section elementor-element elementor-element-5f7fd75 elementor-section-boxed elementor-section-height-default elementor-section-height-default\" data-id=\"5f7fd75\" data-element_type=\"section\">\n\t\t\t\t\t\t<div class=\"elementor-container elementor-column-gap-default\">\n\t\t\t\t\t<div class=\"elementor-column elementor-col-50 elementor-top-column elementor-element elementor-element-fa5994f\" data-id=\"fa5994f\" data-element_type=\"column\">\n\t\t\t<div class=\"elementor-widget-wrap elementor-element-populated\">\n\t\t\t\t\t\t\t\t<div class=\"elementor-element elementor-element-5c5a3ab elementor-widget elementor-widget-image\" data-id=\"5c5a3ab\" data-element_type=\"widget\" data-widget_type=\"image.default\">\n\t\t\t\t<div class=\"elementor-widget-container\">\n\t\t\t\t\t\t\t\t\t\t\t\t<figure class=\"wp-caption\">\n\t\t\t\t\t\t\t\t\t\t\t<a href=\"http:\/\/www.jesusprieto.es\/index.php\/politica-e-ideologia-en-la-familia-real-espanola-1931-1945\/\">\n\t\t\t\t\t\t\t<img loading=\"lazy\" decoding=\"async\" width=\"768\" height=\"384\" src=\"https:\/\/www.jesusprieto.es\/wp-content\/uploads\/2021\/03\/34-au-768x384.jpg\" class=\"attachment-medium_large size-medium_large\" alt=\"\" srcset=\"https:\/\/www.jesusprieto.es\/wp-content\/uploads\/2021\/03\/34-au-768x384.jpg 768w, https:\/\/www.jesusprieto.es\/wp-content\/uploads\/2021\/03\/34-au-300x150.jpg 300w, https:\/\/www.jesusprieto.es\/wp-content\/uploads\/2021\/03\/34-au-1024x512.jpg 1024w, https:\/\/www.jesusprieto.es\/wp-content\/uploads\/2021\/03\/34-au-1536x768.jpg 1536w, https:\/\/www.jesusprieto.es\/wp-content\/uploads\/2021\/03\/34-au.jpg 2000w\" sizes=\"auto, (max-width: 768px) 100vw, 768px\" \/>\t\t\t\t\t\t\t\t<\/a>\n\t\t\t\t\t\t\t\t\t\t\t<figcaption class=\"widget-image-caption wp-caption-text\">POL\u00cdTICA E IDEOLOG\u00cdA EN LA FAMILIA REAL ESPA\u00d1OLA (1931-1945)<\/figcaption>\n\t\t\t\t\t\t\t\t\t\t<\/figure>\n\t\t\t\t\t\t\t\t\t<\/div>\n\t\t\t\t<\/div>\n\t\t\t\t\t<\/div>\n\t\t<\/div>\n\t\t\t\t<div class=\"elementor-column elementor-col-50 elementor-top-column elementor-element elementor-element-f9b980b\" data-id=\"f9b980b\" data-element_type=\"column\">\n\t\t\t<div class=\"elementor-widget-wrap elementor-element-populated\">\n\t\t\t\t\t\t\t\t<div class=\"elementor-element elementor-element-11c4229 elementor-widget elementor-widget-image\" data-id=\"11c4229\" data-element_type=\"widget\" data-widget_type=\"image.default\">\n\t\t\t\t<div class=\"elementor-widget-container\">\n\t\t\t\t\t\t\t\t\t\t\t\t<figure class=\"wp-caption\">\n\t\t\t\t\t\t\t\t\t\t\t<a href=\"http:\/\/www.jesusprieto.es\/index.php\/la-corona-espanola-frente-al-resto-de-monarquias-europeas-una-perspectiva-comparada\/\">\n\t\t\t\t\t\t\t<img loading=\"lazy\" decoding=\"async\" width=\"768\" height=\"384\" src=\"https:\/\/www.jesusprieto.es\/wp-content\/uploads\/2025\/04\/Reunionmonardcaseur-768x384.png\" class=\"attachment-medium_large size-medium_large\" alt=\"\" srcset=\"https:\/\/www.jesusprieto.es\/wp-content\/uploads\/2025\/04\/Reunionmonardcaseur-768x384.png 768w, https:\/\/www.jesusprieto.es\/wp-content\/uploads\/2025\/04\/Reunionmonardcaseur-300x150.png 300w, https:\/\/www.jesusprieto.es\/wp-content\/uploads\/2025\/04\/Reunionmonardcaseur-1024x512.png 1024w, https:\/\/www.jesusprieto.es\/wp-content\/uploads\/2025\/04\/Reunionmonardcaseur-1536x768.png 1536w, https:\/\/www.jesusprieto.es\/wp-content\/uploads\/2025\/04\/Reunionmonardcaseur.png 2000w\" sizes=\"auto, (max-width: 768px) 100vw, 768px\" \/>\t\t\t\t\t\t\t\t<\/a>\n\t\t\t\t\t\t\t\t\t\t\t<figcaption class=\"widget-image-caption wp-caption-text\">LA CORONA ESPA\u00d1OLA FRENTE AL RESTO DE MONARQU\u00cdAS EUROPEAS. Una perspectiva Comparada.<\/figcaption>\n\t\t\t\t\t\t\t\t\t\t<\/figure>\n\t\t\t\t\t\t\t\t\t<\/div>\n\t\t\t\t<\/div>\n\t\t\t\t\t<\/div>\n\t\t<\/div>\n\t\t\t\t\t\t\t<\/div>\n\t\t<\/section>\n\t\t\t\t<section class=\"elementor-section elementor-top-section elementor-element elementor-element-714b6ca elementor-section-boxed elementor-section-height-default elementor-section-height-default\" data-id=\"714b6ca\" data-element_type=\"section\">\n\t\t\t\t\t\t<div class=\"elementor-container elementor-column-gap-default\">\n\t\t\t\t\t<div class=\"elementor-column elementor-col-100 elementor-top-column elementor-element elementor-element-59b1342\" data-id=\"59b1342\" data-element_type=\"column\">\n\t\t\t<div class=\"elementor-widget-wrap elementor-element-populated\">\n\t\t\t\t\t\t\t\t<div class=\"elementor-element elementor-element-8d243b4 elementor-widget elementor-widget-ColorMag-Posts-Grid-2\" data-id=\"8d243b4\" data-element_type=\"widget\" data-widget_type=\"ColorMag-Posts-Grid-2.default\">\n\t\t\t\t<div class=\"elementor-widget-container\">\n\t\t\t\n        <div class=\"tg-module-grid tg-module-grid--style-2 tg-module-wrapper\">\n            \n            <div class=\"tg-row thinner\">\n                <div class=\"tg-col-control\">\n                    <div class=\"tg_module_grid tg_module_grid--full\">\n                                                    <figure class=\"tg-module-thumb\">\n                                \t\t<a href=\"https:\/\/www.jesusprieto.es\/index.php\/2019\/09\/07\/el-estado-la-maquina-mas-perfecta-de-conseguir-obediencia-por-que-obedecemos\/\" class=\"tg-thumb-link\">\n\t\t\t<img loading=\"lazy\" decoding=\"async\" width=\"260\" height=\"194\" src=\"https:\/\/www.jesusprieto.es\/wp-content\/uploads\/2021\/03\/31-a.jpg\" class=\"attachment-colormag-elementor-grid-large-thumbnail size-colormag-elementor-grid-large-thumbnail wp-post-image\" alt=\"\" \/>\t\t<\/a>\n\t\t                            <\/figure>\n                        \n                        <div class=\"tg-module-info\">\n                            <div class=\"tg-post-categories\"><a href=\"https:\/\/www.jesusprieto.es\/index.php\/category\/politica\/\" style=\"background:#5c77a7\" class=\"tg-post-category\" rel=\"category tag\">Pol\u00edtica<\/a>&nbsp;<\/div>\t\t<h3 class=\"tg-module-title entry-title\">\n\t\t\t<a href=\"https:\/\/www.jesusprieto.es\/index.php\/2019\/09\/07\/el-estado-la-maquina-mas-perfecta-de-conseguir-obediencia-por-que-obedecemos\/\">EL ESTADO, LA MAQUINA M\u00c1S PERFECTA DE  CONSEGUIR OBEDIENCIA: \u00bfPOR QU\u00c9 OBEDECEMOS?<\/a>\n\t\t<\/h3>\n\t\t                        <\/div>\n                    <\/div>\n\n                    <\/div><div class=\"tg-col-control\"><div class=\"tg-row thinner\">\n                    <div class=\"tg_module_grid tg_module_grid--small tg_module_grid--full tg-col-control\">\n                                                    <figure class=\"tg-module-thumb\">\n                                \t\t<a href=\"https:\/\/www.jesusprieto.es\/index.php\/2019\/03\/23\/la-politica-exterior-europea-de-espana-ante-la-crisis-del-proceso-de-integracion-brexit-nacionalismo-populismo-y-riesgos-de-desintegracion-una-vision-historica\/\" class=\"tg-thumb-link\">\n\t\t\t<img loading=\"lazy\" decoding=\"async\" width=\"318\" height=\"159\" src=\"https:\/\/www.jesusprieto.es\/wp-content\/uploads\/2021\/03\/29-A.jpg\" class=\"attachment-colormag-elementor-grid-medium-large-thumbnail size-colormag-elementor-grid-medium-large-thumbnail wp-post-image\" alt=\"\" srcset=\"https:\/\/www.jesusprieto.es\/wp-content\/uploads\/2021\/03\/29-A.jpg 318w, https:\/\/www.jesusprieto.es\/wp-content\/uploads\/2021\/03\/29-A-300x150.jpg 300w\" sizes=\"auto, (max-width: 318px) 100vw, 318px\" \/>\t\t<\/a>\n\t\t                            <\/figure>\n                        \n                        <div class=\"tg-module-info\">\n                            <div class=\"tg-post-categories\"><a href=\"https:\/\/www.jesusprieto.es\/index.php\/category\/politica\/\" style=\"background:#5c77a7\" class=\"tg-post-category\" rel=\"category tag\">Pol\u00edtica<\/a>&nbsp;<\/div>\t\t<h3 class=\"tg-module-title entry-title\">\n\t\t\t<a href=\"https:\/\/www.jesusprieto.es\/index.php\/2019\/03\/23\/la-politica-exterior-europea-de-espana-ante-la-crisis-del-proceso-de-integracion-brexit-nacionalismo-populismo-y-riesgos-de-desintegracion-una-vision-historica\/\">LA POL\u00cdTICA EXTERIOR EUROPEA DE ESPA\u00d1A ANTE LA CRISIS DEL PROCESO DE INTEGRACI\u00d3N: BREXIT, NACIONALISMO, POPULISMO Y RIESGOS DE DESINTEGRACI\u00d3N. UNA VISI\u00d3N HIST\u00d3RICA<\/a>\n\t\t<\/h3>\n\t\t                        <\/div>\n                    <\/div>\n\n                    \n                    <div class=\"tg_module_grid tg_module_grid--small tg_module_grid--half tg-col-control\">\n                                                    <figure class=\"tg-module-thumb\">\n                                \t\t<a href=\"https:\/\/www.jesusprieto.es\/index.php\/2019\/03\/23\/la-crisis-economica-y-social-y-la-cuestion-de-los-refugiados-en-la-ue\/\" class=\"tg-thumb-link\">\n\t\t\t<img loading=\"lazy\" decoding=\"async\" width=\"300\" height=\"168\" src=\"https:\/\/www.jesusprieto.es\/wp-content\/uploads\/2021\/03\/28-a.jpg\" class=\"attachment-colormag-highlighted-post size-colormag-highlighted-post wp-post-image\" alt=\"\" \/>\t\t<\/a>\n\t\t                            <\/figure>\n                        \n                        <div class=\"tg-module-info\">\n                            <div class=\"tg-post-categories\"><a href=\"https:\/\/www.jesusprieto.es\/index.php\/category\/politica\/\" style=\"background:#5c77a7\" class=\"tg-post-category\" rel=\"category tag\">Pol\u00edtica<\/a>&nbsp;<\/div>\t\t<h3 class=\"tg-module-title entry-title\">\n\t\t\t<a href=\"https:\/\/www.jesusprieto.es\/index.php\/2019\/03\/23\/la-crisis-economica-y-social-y-la-cuestion-de-los-refugiados-en-la-ue\/\">La crisis econ\u00f3mica y social y la cuesti\u00f3n de los refugiados en la UE<\/a>\n\t\t<\/h3>\n\t\t                        <\/div>\n                    <\/div>\n\n                    \n                    <div class=\"tg_module_grid tg_module_grid--small tg_module_grid--half tg-col-control\">\n                                                    <figure class=\"tg-module-thumb\">\n                                \t\t<a href=\"https:\/\/www.jesusprieto.es\/index.php\/2019\/01\/05\/salvini-y-la-liga-norte-la-teoria-del-discurso-y-los-populismos\/\" class=\"tg-thumb-link\">\n\t\t\t<img loading=\"lazy\" decoding=\"async\" width=\"274\" height=\"188\" src=\"https:\/\/www.jesusprieto.es\/wp-content\/uploads\/2021\/03\/25-a.png\" class=\"attachment-colormag-highlighted-post size-colormag-highlighted-post wp-post-image\" alt=\"\" srcset=\"https:\/\/www.jesusprieto.es\/wp-content\/uploads\/2021\/03\/25-a.png 274w, https:\/\/www.jesusprieto.es\/wp-content\/uploads\/2021\/03\/25-a-130x90.png 130w\" sizes=\"auto, (max-width: 274px) 100vw, 274px\" \/>\t\t<\/a>\n\t\t                            <\/figure>\n                        \n                        <div class=\"tg-module-info\">\n                            <div class=\"tg-post-categories\"><a href=\"https:\/\/www.jesusprieto.es\/index.php\/category\/politica\/\" style=\"background:#5c77a7\" class=\"tg-post-category\" rel=\"category tag\">Pol\u00edtica<\/a>&nbsp;<\/div>\t\t<h3 class=\"tg-module-title entry-title\">\n\t\t\t<a href=\"https:\/\/www.jesusprieto.es\/index.php\/2019\/01\/05\/salvini-y-la-liga-norte-la-teoria-del-discurso-y-los-populismos\/\">Salvini y la Liga Norte: la Teor\u00eda del Discurso y los populismos<\/a>\n\t\t<\/h3>\n\t\t                        <\/div>\n                    <\/div>\n\n                    <\/div><\/div>            <\/div>\n        <\/div>\n\n        \t\t<\/div>\n\t\t\t\t<\/div>\n\t\t\t\t\t<\/div>\n\t\t<\/div>\n\t\t\t\t\t\t\t<\/div>\n\t\t<\/section>\n\t\t\t\t<section class=\"elementor-section elementor-top-section elementor-element elementor-element-68d0537 elementor-section-boxed elementor-section-height-default elementor-section-height-default\" data-id=\"68d0537\" data-element_type=\"section\">\n\t\t\t\t\t\t<div class=\"elementor-container elementor-column-gap-default\">\n\t\t\t\t\t<div class=\"elementor-column elementor-col-100 elementor-top-column elementor-element elementor-element-3569e5a\" data-id=\"3569e5a\" data-element_type=\"column\">\n\t\t\t<div class=\"elementor-widget-wrap elementor-element-populated\">\n\t\t\t\t\t\t\t\t<div class=\"elementor-element elementor-element-85ceafb elementor-widget elementor-widget-ColorMag-Posts-Grid-2\" data-id=\"85ceafb\" data-element_type=\"widget\" data-widget_type=\"ColorMag-Posts-Grid-2.default\">\n\t\t\t\t<div class=\"elementor-widget-container\">\n\t\t\t\n        <div class=\"tg-module-grid tg-module-grid--style-2 tg-module-wrapper\">\n            \n            <div class=\"tg-row thinner\">\n                <div class=\"tg-col-control\">\n                    <div class=\"tg_module_grid tg_module_grid--full\">\n                                                    <figure class=\"tg-module-thumb\">\n                                \t\t<a href=\"https:\/\/www.jesusprieto.es\/index.php\/2020\/06\/02\/comparativa-joaquin-soler-serrano-inaki-gabilondo\/\" class=\"tg-thumb-link\">\n\t\t\t<img loading=\"lazy\" decoding=\"async\" width=\"520\" height=\"393\" src=\"https:\/\/www.jesusprieto.es\/wp-content\/uploads\/2021\/03\/51-a.png\" class=\"attachment-colormag-elementor-grid-large-thumbnail size-colormag-elementor-grid-large-thumbnail wp-post-image\" alt=\"\" srcset=\"https:\/\/www.jesusprieto.es\/wp-content\/uploads\/2021\/03\/51-a.png 520w, https:\/\/www.jesusprieto.es\/wp-content\/uploads\/2021\/03\/51-a-300x227.png 300w\" sizes=\"auto, (max-width: 520px) 100vw, 520px\" \/>\t\t<\/a>\n\t\t                            <\/figure>\n                        \n                        <div class=\"tg-module-info\">\n                            <div class=\"tg-post-categories\"><a href=\"https:\/\/www.jesusprieto.es\/index.php\/category\/historia\/\" style=\"background:#de3737\" class=\"tg-post-category\" rel=\"category tag\">Historia<\/a>&nbsp;<\/div>\t\t<h3 class=\"tg-module-title entry-title\">\n\t\t\t<a href=\"https:\/\/www.jesusprieto.es\/index.php\/2020\/06\/02\/comparativa-joaquin-soler-serrano-inaki-gabilondo\/\">COMPARATIVA: JOAQU\u00cdN SOLER SERRANO, I\u00d1AKI GABILONDO<\/a>\n\t\t<\/h3>\n\t\t                        <\/div>\n                    <\/div>\n\n                    <\/div><div class=\"tg-col-control\"><div class=\"tg-row thinner\">\n                    <div class=\"tg_module_grid tg_module_grid--small tg_module_grid--full tg-col-control\">\n                                                    <figure class=\"tg-module-thumb\">\n                                \t\t<a href=\"https:\/\/www.jesusprieto.es\/index.php\/2020\/06\/02\/conxita-simarro-diario-de-una-nina-en-tiempos-de-guerra-y-exilio-1938-1944\/\" class=\"tg-thumb-link\">\n\t\t\t<img loading=\"lazy\" decoding=\"async\" width=\"534\" height=\"198\" src=\"https:\/\/www.jesusprieto.es\/wp-content\/uploads\/2021\/03\/50-a-534x198.jpg\" class=\"attachment-colormag-elementor-grid-medium-large-thumbnail size-colormag-elementor-grid-medium-large-thumbnail wp-post-image\" alt=\"\" \/>\t\t<\/a>\n\t\t                            <\/figure>\n                        \n                        <div class=\"tg-module-info\">\n                            <div class=\"tg-post-categories\"><a href=\"https:\/\/www.jesusprieto.es\/index.php\/category\/historia\/\" style=\"background:#de3737\" class=\"tg-post-category\" rel=\"category tag\">Historia<\/a>&nbsp;<\/div>\t\t<h3 class=\"tg-module-title entry-title\">\n\t\t\t<a href=\"https:\/\/www.jesusprieto.es\/index.php\/2020\/06\/02\/conxita-simarro-diario-de-una-nina-en-tiempos-de-guerra-y-exilio-1938-1944\/\">CONXITA SIMARRO, DIARIO DE UNA NI\u00d1A EN TIEMPOS DE GUERRA Y EXILIO (1938-1944)<\/a>\n\t\t<\/h3>\n\t\t                        <\/div>\n                    <\/div>\n\n                    \n                    <div class=\"tg_module_grid tg_module_grid--small tg_module_grid--half tg-col-control\">\n                                                    <figure class=\"tg-module-thumb\">\n                                \t\t<a href=\"https:\/\/www.jesusprieto.es\/index.php\/2020\/05\/24\/la-politica-exterior-espanola-en-europa-durante-la-dictadura-de-primo-de-rivera-1923-1930\/\" class=\"tg-thumb-link\">\n\t\t\t<img loading=\"lazy\" decoding=\"async\" width=\"392\" height=\"272\" src=\"https:\/\/www.jesusprieto.es\/wp-content\/uploads\/2021\/03\/43-a-392x272.jpg\" class=\"attachment-colormag-highlighted-post size-colormag-highlighted-post wp-post-image\" alt=\"\" srcset=\"https:\/\/www.jesusprieto.es\/wp-content\/uploads\/2021\/03\/43-a-392x272.jpg 392w, https:\/\/www.jesusprieto.es\/wp-content\/uploads\/2021\/03\/43-a-130x90.jpg 130w\" sizes=\"auto, (max-width: 392px) 100vw, 392px\" \/>\t\t<\/a>\n\t\t                            <\/figure>\n                        \n                        <div class=\"tg-module-info\">\n                            <div class=\"tg-post-categories\"><a href=\"https:\/\/www.jesusprieto.es\/index.php\/category\/historia\/\" style=\"background:#de3737\" class=\"tg-post-category\" rel=\"category tag\">Historia<\/a>&nbsp;<\/div>\t\t<h3 class=\"tg-module-title entry-title\">\n\t\t\t<a href=\"https:\/\/www.jesusprieto.es\/index.php\/2020\/05\/24\/la-politica-exterior-espanola-en-europa-durante-la-dictadura-de-primo-de-rivera-1923-1930\/\">La pol\u00edtica exterior espa\u00f1ola en Europa durante la Dictadura de Primo de Rivera (1923-1930)<\/a>\n\t\t<\/h3>\n\t\t                        <\/div>\n                    <\/div>\n\n                    \n                    <div class=\"tg_module_grid tg_module_grid--small tg_module_grid--half tg-col-control\">\n                                                    <figure class=\"tg-module-thumb\">\n                                \t\t<a href=\"https:\/\/www.jesusprieto.es\/index.php\/2020\/05\/23\/castelar-en-la-restauracion\/\" class=\"tg-thumb-link\">\n\t\t\t<img loading=\"lazy\" decoding=\"async\" width=\"392\" height=\"272\" src=\"https:\/\/www.jesusprieto.es\/wp-content\/uploads\/2021\/03\/39-a-392x272.jpg\" class=\"attachment-colormag-highlighted-post size-colormag-highlighted-post wp-post-image\" alt=\"\" srcset=\"https:\/\/www.jesusprieto.es\/wp-content\/uploads\/2021\/03\/39-a-392x272.jpg 392w, https:\/\/www.jesusprieto.es\/wp-content\/uploads\/2021\/03\/39-a-130x90.jpg 130w, https:\/\/www.jesusprieto.es\/wp-content\/uploads\/2021\/03\/39-a-600x417.jpg 600w\" sizes=\"auto, (max-width: 392px) 100vw, 392px\" \/>\t\t<\/a>\n\t\t                            <\/figure>\n                        \n                        <div class=\"tg-module-info\">\n                            <div class=\"tg-post-categories\"><a href=\"https:\/\/www.jesusprieto.es\/index.php\/category\/historia\/\" style=\"background:#de3737\" class=\"tg-post-category\" rel=\"category tag\">Historia<\/a>&nbsp;<\/div>\t\t<h3 class=\"tg-module-title entry-title\">\n\t\t\t<a href=\"https:\/\/www.jesusprieto.es\/index.php\/2020\/05\/23\/castelar-en-la-restauracion\/\">Castelar en la Restauraci\u00f3n<\/a>\n\t\t<\/h3>\n\t\t                        <\/div>\n                    <\/div>\n\n                    <\/div><\/div>            <\/div>\n        <\/div>\n\n        \t\t<\/div>\n\t\t\t\t<\/div>\n\t\t\t\t\t<\/div>\n\t\t<\/div>\n\t\t\t\t\t\t\t<\/div>\n\t\t<\/section>\n\t\t\t\t<section class=\"elementor-section elementor-top-section elementor-element elementor-element-3763daf elementor-section-boxed elementor-section-height-default elementor-section-height-default\" data-id=\"3763daf\" data-element_type=\"section\">\n\t\t\t\t\t\t<div class=\"elementor-container elementor-column-gap-default\">\n\t\t\t\t\t<div class=\"elementor-column elementor-col-50 elementor-top-column elementor-element elementor-element-6c790c6\" data-id=\"6c790c6\" data-element_type=\"column\">\n\t\t\t<div class=\"elementor-widget-wrap elementor-element-populated\">\n\t\t\t\t\t\t\t\t<div class=\"elementor-element elementor-element-35a0a55 elementor-widget elementor-widget-ColorMag-Posts-Block-4\" data-id=\"35a0a55\" data-element_type=\"widget\" data-widget_type=\"ColorMag-Posts-Block-4.default\">\n\t\t\t\t<div class=\"elementor-widget-container\">\n\t\t\t\n\t\t<div class=\"tg-module-block tg-module-block--style-4 tg-module-wrapper\">\n\t\t\n\t\t\t<div class=\"tg_module_block tg-row tg-two-block\">\n\t\t\t\t\t\t\t\t\t\t<figure class=\"tg-module-thumb tg-col-control\">\n\t\t\t\t\t\t\t<a href=\"https:\/\/www.jesusprieto.es\/index.php\/2020\/06\/06\/bernie-sanders\/\" class=\"tg-thumb-link\">\n\t\t\t<img loading=\"lazy\" decoding=\"async\" width=\"392\" height=\"272\" src=\"https:\/\/www.jesusprieto.es\/wp-content\/uploads\/2021\/03\/33-e-392x272.jpg\" class=\"attachment-colormag-highlighted-post size-colormag-highlighted-post wp-post-image\" alt=\"\" srcset=\"https:\/\/www.jesusprieto.es\/wp-content\/uploads\/2021\/03\/33-e-392x272.jpg 392w, https:\/\/www.jesusprieto.es\/wp-content\/uploads\/2021\/03\/33-e-130x90.jpg 130w, https:\/\/www.jesusprieto.es\/wp-content\/uploads\/2021\/03\/33-e-600x417.jpg 600w\" sizes=\"auto, (max-width: 392px) 100vw, 392px\" \/>\t\t<\/a>\n\t\t\t\t\t<\/figure>\n\t\t\t\t\t\n\t\t\t<div class=\"tg-module-info tg-col-control\">\n\t\t\t\t\t<h3 class=\"tg-module-title entry-title\">\n\t\t\t<a href=\"https:\/\/www.jesusprieto.es\/index.php\/2020\/06\/06\/bernie-sanders\/\">Bernie Sanders<\/a>\n\t\t<\/h3>\n\t\t\n\t\t\t\t\n\t\t<div class=\"tg-module-meta\">\n\t\t\t\n\t\t\t<span class=\"tg-post-date entry-date\">\n\t\t\t\t<a href=\"https:\/\/www.jesusprieto.es\/index.php\/2020\/06\/06\/bernie-sanders\/\" rel=\"bookmark\"><time class=\"entry-date published\" datetime=\"2020-06-06T11:20:17+00:00\">06\/06\/2020<\/time><time class=\"updated\" datetime=\"2021-03-23T20:09:53+00:00\">23\/03\/2021<\/time><\/a>\t\t\t<\/span>\n\n\t\t\t<span class=\"tg-post-auther-name author vcard\">\n\t\t\t\t<a class=\"url fn n\" href=\"https:\/\/www.jesusprieto.es\/index.php\/author\/jesprie\/\">JPG<\/a>\t\t\t<\/span>\n\n\t\t\t\t\t<\/div>\n\n\t\t\n\t\t\t\t\n\t\t\t\t\t\t\t\t\t<div class=\"tg-excerpt entry-content\">\n\t\t\t\t\t\t<p>Bernie Sanders 1.\u00a0\u00a0 INTRODUCCI\u00d3N Ya avis\u00f3 Lenin que hab\u00eda d\u00e9cadas donde no ocurre nada y semanas donde ocurr\u00edan d\u00e9cadas. \u00a0El<\/p>\n\t\t\t\t\t<\/div>\n\n\t\t\t\t\t\t\t\t\t<\/div>\n\t\t\t\t<\/div>\n\n\t\t\t\t\n\t\t\t<div class=\"tg_module_block tg-row tg-two-block\">\n\t\t\t\t\t\t\t\t\t\t<figure class=\"tg-module-thumb tg-col-control\">\n\t\t\t\t\t\t\t<a href=\"https:\/\/www.jesusprieto.es\/index.php\/2020\/04\/24\/neoliberales-en-urgencias-hospitalarias\/\" class=\"tg-thumb-link\">\n\t\t\t<img loading=\"lazy\" decoding=\"async\" width=\"299\" height=\"168\" src=\"https:\/\/www.jesusprieto.es\/wp-content\/uploads\/2021\/03\/30-b.jpg\" class=\"attachment-colormag-highlighted-post size-colormag-highlighted-post wp-post-image\" alt=\"\" \/>\t\t<\/a>\n\t\t\t\t\t<\/figure>\n\t\t\t\t\t\n\t\t\t<div class=\"tg-module-info tg-col-control\">\n\t\t\t\t\t<h3 class=\"tg-module-title entry-title\">\n\t\t\t<a href=\"https:\/\/www.jesusprieto.es\/index.php\/2020\/04\/24\/neoliberales-en-urgencias-hospitalarias\/\">NEOLIBERALES, \u00bfEN URGENCIAS HOSPITALARIAS?<\/a>\n\t\t<\/h3>\n\t\t\n\t\t\t\t\n\t\t<div class=\"tg-module-meta\">\n\t\t\t\n\t\t\t<span class=\"tg-post-date entry-date\">\n\t\t\t\t<a href=\"https:\/\/www.jesusprieto.es\/index.php\/2020\/04\/24\/neoliberales-en-urgencias-hospitalarias\/\" rel=\"bookmark\"><time class=\"entry-date published\" datetime=\"2020-04-24T10:43:23+00:00\">24\/04\/2020<\/time><time class=\"updated\" datetime=\"2021-03-23T20:12:44+00:00\">23\/03\/2021<\/time><\/a>\t\t\t<\/span>\n\n\t\t\t<span class=\"tg-post-auther-name author vcard\">\n\t\t\t\t<a class=\"url fn n\" href=\"https:\/\/www.jesusprieto.es\/index.php\/author\/jesprie\/\">JPG<\/a>\t\t\t<\/span>\n\n\t\t\t\t\t<\/div>\n\n\t\t\n\t\t\t\t\n\t\t\t\t\t\t\t\t\t<div class=\"tg-excerpt entry-content\">\n\t\t\t\t\t\t<p>NEOLIBERALES, \u00bfEN URGENCIAS HOSPITALARIAS? 1.\u00a0\u00a0\u00a0 Introducci\u00f3n No hay camino m\u00e1s seguro para equivocarse que intentar analizar el momento exacto en<\/p>\n\t\t\t\t\t<\/div>\n\n\t\t\t\t\t\t\t\t\t<\/div>\n\t\t\t\t<\/div>\n\n\t\t\t\t\n\t\t\t<div class=\"tg_module_block tg-row tg-two-block\">\n\t\t\t\t\t\t\t\t\t\t<figure class=\"tg-module-thumb tg-col-control\">\n\t\t\t\t\t\t\t<a href=\"https:\/\/www.jesusprieto.es\/index.php\/2020\/04\/13\/celestino-del-arenal-politica-exterior-de-espana-y-relaciones-con-america-latina\/\" class=\"tg-thumb-link\">\n\t\t\t<img loading=\"lazy\" decoding=\"async\" width=\"392\" height=\"272\" src=\"https:\/\/www.jesusprieto.es\/wp-content\/uploads\/2021\/03\/45-a-392x272.jpg\" class=\"attachment-colormag-highlighted-post size-colormag-highlighted-post wp-post-image\" alt=\"\" srcset=\"https:\/\/www.jesusprieto.es\/wp-content\/uploads\/2021\/03\/45-a-392x272.jpg 392w, https:\/\/www.jesusprieto.es\/wp-content\/uploads\/2021\/03\/45-a-130x90.jpg 130w, https:\/\/www.jesusprieto.es\/wp-content\/uploads\/2021\/03\/45-a-600x417.jpg 600w\" sizes=\"auto, (max-width: 392px) 100vw, 392px\" \/>\t\t<\/a>\n\t\t\t\t\t<\/figure>\n\t\t\t\t\t\n\t\t\t<div class=\"tg-module-info tg-col-control\">\n\t\t\t\t\t<h3 class=\"tg-module-title entry-title\">\n\t\t\t<a href=\"https:\/\/www.jesusprieto.es\/index.php\/2020\/04\/13\/celestino-del-arenal-politica-exterior-de-espana-y-relaciones-con-america-latina\/\">Celestino del Arenal. Pol\u00edtica exterior de Espa\u00f1a y relaciones con Am\u00e9rica Latina.<\/a>\n\t\t<\/h3>\n\t\t\n\t\t\t\t\n\t\t<div class=\"tg-module-meta\">\n\t\t\t\n\t\t\t<span class=\"tg-post-date entry-date\">\n\t\t\t\t<a href=\"https:\/\/www.jesusprieto.es\/index.php\/2020\/04\/13\/celestino-del-arenal-politica-exterior-de-espana-y-relaciones-con-america-latina\/\" rel=\"bookmark\"><time class=\"entry-date published\" datetime=\"2020-04-13T18:13:28+00:00\">13\/04\/2020<\/time><time class=\"updated\" datetime=\"2021-03-23T20:12:45+00:00\">23\/03\/2021<\/time><\/a>\t\t\t<\/span>\n\n\t\t\t<span class=\"tg-post-auther-name author vcard\">\n\t\t\t\t<a class=\"url fn n\" href=\"https:\/\/www.jesusprieto.es\/index.php\/author\/jesprie\/\">JPG<\/a>\t\t\t<\/span>\n\n\t\t\t\t\t<\/div>\n\n\t\t\n\t\t\t\t\n\t\t\t\t\t\t\t\t\t<div class=\"tg-excerpt entry-content\">\n\t\t\t\t\t\t<p>Celestino del Arenal. Pol\u00edtica exterior de Espa\u00f1a y relaciones con Am\u00e9rica Latina. Procedo a realizar la recensi\u00f3n de la obra<\/p>\n\t\t\t\t\t<\/div>\n\n\t\t\t\t\t\t\t\t\t<\/div>\n\t\t\t\t<\/div>\n\n\t\t\t\t\n\t\t\t<div class=\"tg_module_block tg-row tg-two-block\">\n\t\t\t\t\t\t\t\t\t\t<figure class=\"tg-module-thumb tg-col-control\">\n\t\t\t\t\t\t\t<a href=\"https:\/\/www.jesusprieto.es\/index.php\/2019\/12\/16\/razones-para-el-fin-de-unasur-desde-fuera-y-muy-lejos\/\" class=\"tg-thumb-link\">\n\t\t\t<img loading=\"lazy\" decoding=\"async\" width=\"300\" height=\"168\" src=\"https:\/\/www.jesusprieto.es\/wp-content\/uploads\/2021\/03\/32-a.jpg\" class=\"attachment-colormag-highlighted-post size-colormag-highlighted-post wp-post-image\" alt=\"\" \/>\t\t<\/a>\n\t\t\t\t\t<\/figure>\n\t\t\t\t\t\n\t\t\t<div class=\"tg-module-info tg-col-control\">\n\t\t\t\t\t<h3 class=\"tg-module-title entry-title\">\n\t\t\t<a href=\"https:\/\/www.jesusprieto.es\/index.php\/2019\/12\/16\/razones-para-el-fin-de-unasur-desde-fuera-y-muy-lejos\/\">RAZONES PARA EL FIN DE UNASUR  (DESDE FUERA Y MUY LEJOS)<\/a>\n\t\t<\/h3>\n\t\t\n\t\t\t\t\n\t\t<div class=\"tg-module-meta\">\n\t\t\t\n\t\t\t<span class=\"tg-post-date entry-date\">\n\t\t\t\t<a href=\"https:\/\/www.jesusprieto.es\/index.php\/2019\/12\/16\/razones-para-el-fin-de-unasur-desde-fuera-y-muy-lejos\/\" rel=\"bookmark\"><time class=\"entry-date published\" datetime=\"2019-12-16T11:10:24+00:00\">16\/12\/2019<\/time><time class=\"updated\" datetime=\"2021-03-23T20:12:45+00:00\">23\/03\/2021<\/time><\/a>\t\t\t<\/span>\n\n\t\t\t<span class=\"tg-post-auther-name author vcard\">\n\t\t\t\t<a class=\"url fn n\" href=\"https:\/\/www.jesusprieto.es\/index.php\/author\/jesprie\/\">JPG<\/a>\t\t\t<\/span>\n\n\t\t\t\t\t<\/div>\n\n\t\t\n\t\t\t\t\n\t\t\t\t\t\t\t\t\t<div class=\"tg-excerpt entry-content\">\n\t\t\t\t\t\t<p>RAZONES PARA EL FIN DE UNASUR (DESDE FUERA Y MUY LEJOS) Desde Espa\u00f1a es muy dif\u00edcil comprender la complejidad y<\/p>\n\t\t\t\t\t<\/div>\n\n\t\t\t\t\t\t\t\t\t<\/div>\n\t\t\t\t<\/div>\n\n\t\t\t\t\n\t\t\t<div class=\"tg_module_block tg-row tg-two-block\">\n\t\t\t\t\t\t\t\t\t\t<figure class=\"tg-module-thumb tg-col-control\">\n\t\t\t\t\t\t\t<a href=\"https:\/\/www.jesusprieto.es\/index.php\/2019\/09\/07\/el-estado-la-maquina-mas-perfecta-de-conseguir-obediencia-por-que-obedecemos\/\" class=\"tg-thumb-link\">\n\t\t\t<img loading=\"lazy\" decoding=\"async\" width=\"260\" height=\"194\" src=\"https:\/\/www.jesusprieto.es\/wp-content\/uploads\/2021\/03\/31-a.jpg\" class=\"attachment-colormag-highlighted-post size-colormag-highlighted-post wp-post-image\" alt=\"\" \/>\t\t<\/a>\n\t\t\t\t\t<\/figure>\n\t\t\t\t\t\n\t\t\t<div class=\"tg-module-info tg-col-control\">\n\t\t\t\t\t<h3 class=\"tg-module-title entry-title\">\n\t\t\t<a href=\"https:\/\/www.jesusprieto.es\/index.php\/2019\/09\/07\/el-estado-la-maquina-mas-perfecta-de-conseguir-obediencia-por-que-obedecemos\/\">EL ESTADO, LA MAQUINA M\u00c1S PERFECTA DE  CONSEGUIR OBEDIENCIA: \u00bfPOR QU\u00c9 OBEDECEMOS?<\/a>\n\t\t<\/h3>\n\t\t\n\t\t\t\t\n\t\t<div class=\"tg-module-meta\">\n\t\t\t\n\t\t\t<span class=\"tg-post-date entry-date\">\n\t\t\t\t<a href=\"https:\/\/www.jesusprieto.es\/index.php\/2019\/09\/07\/el-estado-la-maquina-mas-perfecta-de-conseguir-obediencia-por-que-obedecemos\/\" rel=\"bookmark\"><time class=\"entry-date published\" datetime=\"2019-09-07T10:59:17+00:00\">07\/09\/2019<\/time><time class=\"updated\" datetime=\"2021-03-23T20:12:45+00:00\">23\/03\/2021<\/time><\/a>\t\t\t<\/span>\n\n\t\t\t<span class=\"tg-post-auther-name author vcard\">\n\t\t\t\t<a class=\"url fn n\" href=\"https:\/\/www.jesusprieto.es\/index.php\/author\/jesprie\/\">JPG<\/a>\t\t\t<\/span>\n\n\t\t\t\t\t<\/div>\n\n\t\t\n\t\t\t\t\n\t\t\t\t\t\t\t\t\t<div class=\"tg-excerpt entry-content\">\n\t\t\t\t\t\t<p>EL ESTADO, LA MAQUINA M\u00c1S PERFECTA DE CONSEGUIR OBEDIENCIA: \u00bfPOR QU\u00c9 OBEDECEMOS? Obediencia al Estado, \u00bfpor qu\u00e9 obedecemos? Podr\u00ediamos establecer<\/p>\n\t\t\t\t\t<\/div>\n\n\t\t\t\t\t\t\t\t\t<\/div>\n\t\t\t\t<\/div>\n\n\t\t\t\t\n\t\t\t<div class=\"tg_module_block tg-row tg-two-block\">\n\t\t\t\t\t\t\t\t\t\t<figure class=\"tg-module-thumb tg-col-control\">\n\t\t\t\t\t\t\t<a href=\"https:\/\/www.jesusprieto.es\/index.php\/2019\/03\/23\/la-politica-exterior-europea-de-espana-ante-la-crisis-del-proceso-de-integracion-brexit-nacionalismo-populismo-y-riesgos-de-desintegracion-una-vision-historica\/\" class=\"tg-thumb-link\">\n\t\t\t<img loading=\"lazy\" decoding=\"async\" width=\"318\" height=\"159\" src=\"https:\/\/www.jesusprieto.es\/wp-content\/uploads\/2021\/03\/29-A.jpg\" class=\"attachment-colormag-highlighted-post size-colormag-highlighted-post wp-post-image\" alt=\"\" srcset=\"https:\/\/www.jesusprieto.es\/wp-content\/uploads\/2021\/03\/29-A.jpg 318w, https:\/\/www.jesusprieto.es\/wp-content\/uploads\/2021\/03\/29-A-300x150.jpg 300w\" sizes=\"auto, (max-width: 318px) 100vw, 318px\" \/>\t\t<\/a>\n\t\t\t\t\t<\/figure>\n\t\t\t\t\t\n\t\t\t<div class=\"tg-module-info tg-col-control\">\n\t\t\t\t\t<h3 class=\"tg-module-title entry-title\">\n\t\t\t<a href=\"https:\/\/www.jesusprieto.es\/index.php\/2019\/03\/23\/la-politica-exterior-europea-de-espana-ante-la-crisis-del-proceso-de-integracion-brexit-nacionalismo-populismo-y-riesgos-de-desintegracion-una-vision-historica\/\">LA POL\u00cdTICA EXTERIOR EUROPEA DE ESPA\u00d1A ANTE LA CRISIS DEL PROCESO DE INTEGRACI\u00d3N: BREXIT, NACIONALISMO, POPULISMO Y RIESGOS DE DESINTEGRACI\u00d3N. UNA VISI\u00d3N HIST\u00d3RICA<\/a>\n\t\t<\/h3>\n\t\t\n\t\t\t\t\n\t\t<div class=\"tg-module-meta\">\n\t\t\t\n\t\t\t<span class=\"tg-post-date entry-date\">\n\t\t\t\t<a href=\"https:\/\/www.jesusprieto.es\/index.php\/2019\/03\/23\/la-politica-exterior-europea-de-espana-ante-la-crisis-del-proceso-de-integracion-brexit-nacionalismo-populismo-y-riesgos-de-desintegracion-una-vision-historica\/\" rel=\"bookmark\"><time class=\"entry-date published\" datetime=\"2019-03-23T10:39:55+00:00\">23\/03\/2019<\/time><time class=\"updated\" datetime=\"2021-03-23T20:14:54+00:00\">23\/03\/2021<\/time><\/a>\t\t\t<\/span>\n\n\t\t\t<span class=\"tg-post-auther-name author vcard\">\n\t\t\t\t<a class=\"url fn n\" href=\"https:\/\/www.jesusprieto.es\/index.php\/author\/jesprie\/\">JPG<\/a>\t\t\t<\/span>\n\n\t\t\t\t\t<\/div>\n\n\t\t\n\t\t\t\t\n\t\t\t\t\t\t\t\t\t<div class=\"tg-excerpt entry-content\">\n\t\t\t\t\t\t<p>LA POL\u00cdTICA EXTERIOR EUROPEA DE ESPA\u00d1A ANTE LA CRISIS DEL PROCESO DE INTEGRACI\u00d3N: BREXIT, NACIONALISMO, POPULISMO Y RIESGOS DE DESINTEGRACI\u00d3N.<\/p>\n\t\t\t\t\t<\/div>\n\n\t\t\t\t\t\t\t\t\t<\/div>\n\t\t\t\t<\/div>\n\n\t\t\t\t\n\t\t\t<div class=\"tg_module_block tg-row tg-two-block\">\n\t\t\t\t\t\t\t\t\t\t<figure class=\"tg-module-thumb tg-col-control\">\n\t\t\t\t\t\t\t<a href=\"https:\/\/www.jesusprieto.es\/index.php\/2019\/03\/23\/la-crisis-economica-y-social-y-la-cuestion-de-los-refugiados-en-la-ue\/\" class=\"tg-thumb-link\">\n\t\t\t<img loading=\"lazy\" decoding=\"async\" width=\"300\" height=\"168\" src=\"https:\/\/www.jesusprieto.es\/wp-content\/uploads\/2021\/03\/28-a.jpg\" class=\"attachment-colormag-highlighted-post size-colormag-highlighted-post wp-post-image\" alt=\"\" \/>\t\t<\/a>\n\t\t\t\t\t<\/figure>\n\t\t\t\t\t\n\t\t\t<div class=\"tg-module-info tg-col-control\">\n\t\t\t\t\t<h3 class=\"tg-module-title entry-title\">\n\t\t\t<a href=\"https:\/\/www.jesusprieto.es\/index.php\/2019\/03\/23\/la-crisis-economica-y-social-y-la-cuestion-de-los-refugiados-en-la-ue\/\">La crisis econ\u00f3mica y social y la cuesti\u00f3n de los refugiados en la UE<\/a>\n\t\t<\/h3>\n\t\t\n\t\t\t\t\n\t\t<div class=\"tg-module-meta\">\n\t\t\t\n\t\t\t<span class=\"tg-post-date entry-date\">\n\t\t\t\t<a href=\"https:\/\/www.jesusprieto.es\/index.php\/2019\/03\/23\/la-crisis-economica-y-social-y-la-cuestion-de-los-refugiados-en-la-ue\/\" rel=\"bookmark\"><time class=\"entry-date published\" datetime=\"2019-03-23T10:36:25+00:00\">23\/03\/2019<\/time><time class=\"updated\" datetime=\"2021-03-23T20:14:54+00:00\">23\/03\/2021<\/time><\/a>\t\t\t<\/span>\n\n\t\t\t<span class=\"tg-post-auther-name author vcard\">\n\t\t\t\t<a class=\"url fn n\" href=\"https:\/\/www.jesusprieto.es\/index.php\/author\/jesprie\/\">JPG<\/a>\t\t\t<\/span>\n\n\t\t\t\t\t<\/div>\n\n\t\t\n\t\t\t\t\n\t\t\t\t\t\t\t\t\t<div class=\"tg-excerpt entry-content\">\n\t\t\t\t\t\t<p>La crisis econ\u00f3mica y social y la cuesti\u00f3n de los refugiados en la UE Tan solo nueve d\u00edas despu\u00e9s de<\/p>\n\t\t\t\t\t<\/div>\n\n\t\t\t\t\t\t\t\t\t<\/div>\n\t\t\t\t<\/div>\n\n\t\t\t\t\n\t\t\t<div class=\"tg_module_block tg-row tg-two-block\">\n\t\t\t\t\t\t\t\t\t\t<figure class=\"tg-module-thumb tg-col-control\">\n\t\t\t\t\t\t\t<a href=\"https:\/\/www.jesusprieto.es\/index.php\/2019\/01\/05\/salvini-y-la-liga-norte-la-teoria-del-discurso-y-los-populismos\/\" class=\"tg-thumb-link\">\n\t\t\t<img loading=\"lazy\" decoding=\"async\" width=\"274\" height=\"188\" src=\"https:\/\/www.jesusprieto.es\/wp-content\/uploads\/2021\/03\/25-a.png\" class=\"attachment-colormag-highlighted-post size-colormag-highlighted-post wp-post-image\" alt=\"\" srcset=\"https:\/\/www.jesusprieto.es\/wp-content\/uploads\/2021\/03\/25-a.png 274w, https:\/\/www.jesusprieto.es\/wp-content\/uploads\/2021\/03\/25-a-130x90.png 130w\" sizes=\"auto, (max-width: 274px) 100vw, 274px\" \/>\t\t<\/a>\n\t\t\t\t\t<\/figure>\n\t\t\t\t\t\n\t\t\t<div class=\"tg-module-info tg-col-control\">\n\t\t\t\t\t<h3 class=\"tg-module-title entry-title\">\n\t\t\t<a href=\"https:\/\/www.jesusprieto.es\/index.php\/2019\/01\/05\/salvini-y-la-liga-norte-la-teoria-del-discurso-y-los-populismos\/\">Salvini y la Liga Norte: la Teor\u00eda del Discurso y los populismos<\/a>\n\t\t<\/h3>\n\t\t\n\t\t\t\t\n\t\t<div class=\"tg-module-meta\">\n\t\t\t\n\t\t\t<span class=\"tg-post-date entry-date\">\n\t\t\t\t<a href=\"https:\/\/www.jesusprieto.es\/index.php\/2019\/01\/05\/salvini-y-la-liga-norte-la-teoria-del-discurso-y-los-populismos\/\" rel=\"bookmark\"><time class=\"entry-date published\" datetime=\"2019-01-05T18:03:58+00:00\">05\/01\/2019<\/time><time class=\"updated\" datetime=\"2021-03-23T20:14:54+00:00\">23\/03\/2021<\/time><\/a>\t\t\t<\/span>\n\n\t\t\t<span class=\"tg-post-auther-name author vcard\">\n\t\t\t\t<a class=\"url fn n\" href=\"https:\/\/www.jesusprieto.es\/index.php\/author\/jesprie\/\">JPG<\/a>\t\t\t<\/span>\n\n\t\t\t\t\t<\/div>\n\n\t\t\n\t\t\t\t\n\t\t\t\t\t\t\t\t\t<div class=\"tg-excerpt entry-content\">\n\t\t\t\t\t\t<p>Salvini y la Liga Norte: la Teor\u00eda del Discurso y los populismos Las elecciones del 4 de marzo de 2018<\/p>\n\t\t\t\t\t<\/div>\n\n\t\t\t\t\t\t\t\t\t<\/div>\n\t\t\t\t<\/div>\n\n\t\t\t\t\n\t\t\t<div class=\"tg_module_block tg-row tg-two-block\">\n\t\t\t\t\t\t\t\t\t\t<figure class=\"tg-module-thumb tg-col-control\">\n\t\t\t\t\t\t\t<a href=\"https:\/\/www.jesusprieto.es\/index.php\/2019\/01\/03\/turquia-informe-de-riesgo-politico\/\" class=\"tg-thumb-link\">\n\t\t\t<img loading=\"lazy\" decoding=\"async\" width=\"299\" height=\"168\" src=\"https:\/\/www.jesusprieto.es\/wp-content\/uploads\/2021\/03\/23-a.jpg\" class=\"attachment-colormag-highlighted-post size-colormag-highlighted-post wp-post-image\" alt=\"\" \/>\t\t<\/a>\n\t\t\t\t\t<\/figure>\n\t\t\t\t\t\n\t\t\t<div class=\"tg-module-info tg-col-control\">\n\t\t\t\t\t<h3 class=\"tg-module-title entry-title\">\n\t\t\t<a href=\"https:\/\/www.jesusprieto.es\/index.php\/2019\/01\/03\/turquia-informe-de-riesgo-politico\/\">Turqu\u00eda: Informe de Riesgo Pol\u00edtico<\/a>\n\t\t<\/h3>\n\t\t\n\t\t\t\t\n\t\t<div class=\"tg-module-meta\">\n\t\t\t\n\t\t\t<span class=\"tg-post-date entry-date\">\n\t\t\t\t<a href=\"https:\/\/www.jesusprieto.es\/index.php\/2019\/01\/03\/turquia-informe-de-riesgo-politico\/\" rel=\"bookmark\"><time class=\"entry-date published\" datetime=\"2019-01-03T17:41:01+00:00\">03\/01\/2019<\/time><time class=\"updated\" datetime=\"2021-03-23T20:14:54+00:00\">23\/03\/2021<\/time><\/a>\t\t\t<\/span>\n\n\t\t\t<span class=\"tg-post-auther-name author vcard\">\n\t\t\t\t<a class=\"url fn n\" href=\"https:\/\/www.jesusprieto.es\/index.php\/author\/jesprie\/\">JPG<\/a>\t\t\t<\/span>\n\n\t\t\t\t\t<\/div>\n\n\t\t\n\t\t\t\t\n\t\t\t\t\t\t\t\t\t<div class=\"tg-excerpt entry-content\">\n\t\t\t\t\t\t<p>Turqu\u00eda: Informe de Riesgo Pol\u00edtico \u00bfQU\u00c9 PARTIDOS HAN OCUPADO EL GOBIERNO EN TURQU\u00cdA EN LOS \u00daLTIMOS 20 A\u00d1OS? CARACTER\u00cdZALOS DESDE<\/p>\n\t\t\t\t\t<\/div>\n\n\t\t\t\t\t\t\t\t\t<\/div>\n\t\t\t\t<\/div>\n\n\t\t\t\t\n\t\t\t<div class=\"tg_module_block tg-row tg-two-block\">\n\t\t\t\t\t\t\t\t\t\t<figure class=\"tg-module-thumb tg-col-control\">\n\t\t\t\t\t\t\t<a href=\"https:\/\/www.jesusprieto.es\/index.php\/2018\/11\/20\/sobre-la-violencia-hannah-arendt\/\" class=\"tg-thumb-link\">\n\t\t\t<img loading=\"lazy\" decoding=\"async\" width=\"392\" height=\"272\" src=\"https:\/\/www.jesusprieto.es\/wp-content\/uploads\/2021\/03\/26-a-392x272.jpg\" class=\"attachment-colormag-highlighted-post size-colormag-highlighted-post wp-post-image\" alt=\"\" srcset=\"https:\/\/www.jesusprieto.es\/wp-content\/uploads\/2021\/03\/26-a-392x272.jpg 392w, https:\/\/www.jesusprieto.es\/wp-content\/uploads\/2021\/03\/26-a-130x90.jpg 130w\" sizes=\"auto, (max-width: 392px) 100vw, 392px\" \/>\t\t<\/a>\n\t\t\t\t\t<\/figure>\n\t\t\t\t\t\n\t\t\t<div class=\"tg-module-info tg-col-control\">\n\t\t\t\t\t<h3 class=\"tg-module-title entry-title\">\n\t\t\t<a href=\"https:\/\/www.jesusprieto.es\/index.php\/2018\/11\/20\/sobre-la-violencia-hannah-arendt\/\">Sobre la Violencia- Hannah Arendt<\/a>\n\t\t<\/h3>\n\t\t\n\t\t\t\t\n\t\t<div class=\"tg-module-meta\">\n\t\t\t\n\t\t\t<span class=\"tg-post-date entry-date\">\n\t\t\t\t<a href=\"https:\/\/www.jesusprieto.es\/index.php\/2018\/11\/20\/sobre-la-violencia-hannah-arendt\/\" rel=\"bookmark\"><time class=\"entry-date published\" datetime=\"2018-11-20T18:15:43+00:00\">20\/11\/2018<\/time><time class=\"updated\" datetime=\"2021-03-23T20:14:54+00:00\">23\/03\/2021<\/time><\/a>\t\t\t<\/span>\n\n\t\t\t<span class=\"tg-post-auther-name author vcard\">\n\t\t\t\t<a class=\"url fn n\" href=\"https:\/\/www.jesusprieto.es\/index.php\/author\/jesprie\/\">JPG<\/a>\t\t\t<\/span>\n\n\t\t\t\t\t<\/div>\n\n\t\t\n\t\t\t\t\n\t\t\t\t\t\t\t\t\t<div class=\"tg-excerpt entry-content\">\n\t\t\t\t\t\t<p>Sobre la Violencia- Hannah Arendt Gran Hotel Abismo[1], biograf\u00eda coral de la Escuela de Frankfurt, ha sido uno de los<\/p>\n\t\t\t\t\t<\/div>\n\n\t\t\t\t\t\t\t\t\t<\/div>\n\t\t\t\t<\/div>\n\n\t\t\t\t\n\t\t\t<div class=\"tg_module_block tg-row tg-two-block\">\n\t\t\t\t\t\t\t\t\t\t<figure class=\"tg-module-thumb tg-col-control\">\n\t\t\t\t\t\t\t<a href=\"https:\/\/www.jesusprieto.es\/index.php\/2018\/11\/19\/the-special-relationship-2010\/\" class=\"tg-thumb-link\">\n\t\t\t<img loading=\"lazy\" decoding=\"async\" width=\"194\" height=\"259\" src=\"https:\/\/www.jesusprieto.es\/wp-content\/uploads\/2021\/03\/24-a.jpg\" class=\"attachment-colormag-highlighted-post size-colormag-highlighted-post wp-post-image\" alt=\"\" \/>\t\t<\/a>\n\t\t\t\t\t<\/figure>\n\t\t\t\t\t\n\t\t\t<div class=\"tg-module-info tg-col-control\">\n\t\t\t\t\t<h3 class=\"tg-module-title entry-title\">\n\t\t\t<a href=\"https:\/\/www.jesusprieto.es\/index.php\/2018\/11\/19\/the-special-relationship-2010\/\">The Special Relationship (2010)<\/a>\n\t\t<\/h3>\n\t\t\n\t\t\t\t\n\t\t<div class=\"tg-module-meta\">\n\t\t\t\n\t\t\t<span class=\"tg-post-date entry-date\">\n\t\t\t\t<a href=\"https:\/\/www.jesusprieto.es\/index.php\/2018\/11\/19\/the-special-relationship-2010\/\" rel=\"bookmark\"><time class=\"entry-date published\" datetime=\"2018-11-19T17:57:34+00:00\">19\/11\/2018<\/time><time class=\"updated\" datetime=\"2021-03-23T20:16:01+00:00\">23\/03\/2021<\/time><\/a>\t\t\t<\/span>\n\n\t\t\t<span class=\"tg-post-auther-name author vcard\">\n\t\t\t\t<a class=\"url fn n\" href=\"https:\/\/www.jesusprieto.es\/index.php\/author\/jesprie\/\">JPG<\/a>\t\t\t<\/span>\n\n\t\t\t\t\t<\/div>\n\n\t\t\n\t\t\t\t\n\t\t\t\t\t\t\t\t\t<div class=\"tg-excerpt entry-content\">\n\t\t\t\t\t\t<p>The Special Relationship (2010) Director: Richard Loncraine, Guion: Peter Morgan, Producci\u00f3n de BBC Two y HBO Antes de triunfar con<\/p>\n\t\t\t\t\t<\/div>\n\n\t\t\t\t\t\t\t\t\t<\/div>\n\t\t\t\t<\/div>\n\n\t\t\t\t\n\t\t\t<div class=\"tg_module_block tg-row tg-two-block\">\n\t\t\t\t\t\t\t\t\t\t<figure class=\"tg-module-thumb tg-col-control\">\n\t\t\t\t\t\t\t<a href=\"https:\/\/www.jesusprieto.es\/index.php\/2018\/05\/13\/la-cultura-politica-almond-verba-e-inglehart\/\" class=\"tg-thumb-link\">\n\t\t\t<img loading=\"lazy\" decoding=\"async\" width=\"270\" height=\"187\" src=\"https:\/\/www.jesusprieto.es\/wp-content\/uploads\/2018\/05\/18-c.jpg\" class=\"attachment-colormag-highlighted-post size-colormag-highlighted-post wp-post-image\" alt=\"\" srcset=\"https:\/\/www.jesusprieto.es\/wp-content\/uploads\/2018\/05\/18-c.jpg 270w, https:\/\/www.jesusprieto.es\/wp-content\/uploads\/2018\/05\/18-c-130x90.jpg 130w\" sizes=\"auto, (max-width: 270px) 100vw, 270px\" \/>\t\t<\/a>\n\t\t\t\t\t<\/figure>\n\t\t\t\t\t\n\t\t\t<div class=\"tg-module-info tg-col-control\">\n\t\t\t\t\t<h3 class=\"tg-module-title entry-title\">\n\t\t\t<a href=\"https:\/\/www.jesusprieto.es\/index.php\/2018\/05\/13\/la-cultura-politica-almond-verba-e-inglehart\/\">La cultura pol\u00edtica &#8211; Almond \/ Verba e Inglehart<\/a>\n\t\t<\/h3>\n\t\t\n\t\t\t\t\n\t\t<div class=\"tg-module-meta\">\n\t\t\t\n\t\t\t<span class=\"tg-post-date entry-date\">\n\t\t\t\t<a href=\"https:\/\/www.jesusprieto.es\/index.php\/2018\/05\/13\/la-cultura-politica-almond-verba-e-inglehart\/\" rel=\"bookmark\"><time class=\"entry-date published\" datetime=\"2018-05-13T16:52:44+00:00\">13\/05\/2018<\/time><time class=\"updated\" datetime=\"2021-03-23T20:14:54+00:00\">23\/03\/2021<\/time><\/a>\t\t\t<\/span>\n\n\t\t\t<span class=\"tg-post-auther-name author vcard\">\n\t\t\t\t<a class=\"url fn n\" href=\"https:\/\/www.jesusprieto.es\/index.php\/author\/jesprie\/\">JPG<\/a>\t\t\t<\/span>\n\n\t\t\t\t\t<\/div>\n\n\t\t\n\t\t\t\t\n\t\t\t\t\t\t\t\t\t<div class=\"tg-excerpt entry-content\">\n\t\t\t\t\t\t<p>La cultura pol\u00edtica &#8211; Almond \/ Verba e Inglehart En este art\u00edculo confrontar\u00e9 dos textos sobre cultura pol\u00edtica: \u201cCultura pol\u00edtica.<\/p>\n\t\t\t\t\t<\/div>\n\n\t\t\t\t\t\t\t\t\t<\/div>\n\t\t\t\t<\/div>\n\n\t\t\t\t\n\t\t\t<div class=\"tg_module_block tg-row tg-two-block\">\n\t\t\t\t\t\t\t\t\t\t<figure class=\"tg-module-thumb tg-col-control\">\n\t\t\t\t\t\t\t<a href=\"https:\/\/www.jesusprieto.es\/index.php\/2018\/05\/02\/el-contractualismo-como-base-de-la-teoria-de-la-justicia-de-rawls\/\" class=\"tg-thumb-link\">\n\t\t\t<img loading=\"lazy\" decoding=\"async\" width=\"259\" height=\"194\" src=\"https:\/\/www.jesusprieto.es\/wp-content\/uploads\/2021\/03\/22-a.jpg\" class=\"attachment-colormag-highlighted-post size-colormag-highlighted-post wp-post-image\" alt=\"\" \/>\t\t<\/a>\n\t\t\t\t\t<\/figure>\n\t\t\t\t\t\n\t\t\t<div class=\"tg-module-info tg-col-control\">\n\t\t\t\t\t<h3 class=\"tg-module-title entry-title\">\n\t\t\t<a href=\"https:\/\/www.jesusprieto.es\/index.php\/2018\/05\/02\/el-contractualismo-como-base-de-la-teoria-de-la-justicia-de-rawls\/\">El contractualismo como base de la teor\u00eda de la justicia de Rawls<\/a>\n\t\t<\/h3>\n\t\t\n\t\t\t\t\n\t\t<div class=\"tg-module-meta\">\n\t\t\t\n\t\t\t<span class=\"tg-post-date entry-date\">\n\t\t\t\t<a href=\"https:\/\/www.jesusprieto.es\/index.php\/2018\/05\/02\/el-contractualismo-como-base-de-la-teoria-de-la-justicia-de-rawls\/\" rel=\"bookmark\"><time class=\"entry-date published\" datetime=\"2018-05-02T17:34:10+00:00\">02\/05\/2018<\/time><time class=\"updated\" datetime=\"2021-03-23T20:14:54+00:00\">23\/03\/2021<\/time><\/a>\t\t\t<\/span>\n\n\t\t\t<span class=\"tg-post-auther-name author vcard\">\n\t\t\t\t<a class=\"url fn n\" href=\"https:\/\/www.jesusprieto.es\/index.php\/author\/jesprie\/\">JPG<\/a>\t\t\t<\/span>\n\n\t\t\t\t\t<\/div>\n\n\t\t\n\t\t\t\t\n\t\t\t\t\t\t\t\t\t<div class=\"tg-excerpt entry-content\">\n\t\t\t\t\t\t<p>El contractualismo como base de la teor\u00eda de la justicia de Rawls Rawls formula su Teor\u00eda de la Justicia en<\/p>\n\t\t\t\t\t<\/div>\n\n\t\t\t\t\t\t\t\t\t<\/div>\n\t\t\t\t<\/div>\n\n\t\t\t\t\n\t\t\t<div class=\"tg_module_block tg-row tg-two-block\">\n\t\t\t\t\t\t\t\t\t\t<figure class=\"tg-module-thumb tg-col-control\">\n\t\t\t\t\t\t\t<a href=\"https:\/\/www.jesusprieto.es\/index.php\/2018\/05\/02\/aparicion-subsistemas-de-partidos-en-escocia-y-gales\/\" class=\"tg-thumb-link\">\n\t\t\t<img loading=\"lazy\" decoding=\"async\" width=\"287\" height=\"175\" src=\"https:\/\/www.jesusprieto.es\/wp-content\/uploads\/2021\/03\/21-a.png\" class=\"attachment-colormag-highlighted-post size-colormag-highlighted-post wp-post-image\" alt=\"\" srcset=\"https:\/\/www.jesusprieto.es\/wp-content\/uploads\/2021\/03\/21-a.png 287w, https:\/\/www.jesusprieto.es\/wp-content\/uploads\/2021\/03\/21-a-285x175.png 285w\" sizes=\"auto, (max-width: 287px) 100vw, 287px\" \/>\t\t<\/a>\n\t\t\t\t\t<\/figure>\n\t\t\t\t\t\n\t\t\t<div class=\"tg-module-info tg-col-control\">\n\t\t\t\t\t<h3 class=\"tg-module-title entry-title\">\n\t\t\t<a href=\"https:\/\/www.jesusprieto.es\/index.php\/2018\/05\/02\/aparicion-subsistemas-de-partidos-en-escocia-y-gales\/\">Aparici\u00f3n subsistemas de partidos en Escocia y Gales<\/a>\n\t\t<\/h3>\n\t\t\n\t\t\t\t\n\t\t<div class=\"tg-module-meta\">\n\t\t\t\n\t\t\t<span class=\"tg-post-date entry-date\">\n\t\t\t\t<a href=\"https:\/\/www.jesusprieto.es\/index.php\/2018\/05\/02\/aparicion-subsistemas-de-partidos-en-escocia-y-gales\/\" rel=\"bookmark\"><time class=\"entry-date published\" datetime=\"2018-05-02T17:18:29+00:00\">02\/05\/2018<\/time><time class=\"updated\" datetime=\"2021-03-23T20:14:54+00:00\">23\/03\/2021<\/time><\/a>\t\t\t<\/span>\n\n\t\t\t<span class=\"tg-post-auther-name author vcard\">\n\t\t\t\t<a class=\"url fn n\" href=\"https:\/\/www.jesusprieto.es\/index.php\/author\/jesprie\/\">JPG<\/a>\t\t\t<\/span>\n\n\t\t\t\t\t<\/div>\n\n\t\t\n\t\t\t\t\n\t\t\t\t\t\t\t\t\t<div class=\"tg-excerpt entry-content\">\n\t\t\t\t\t\t<p>Aparici\u00f3n subsistemas de partidos en Escocia y Gales \u00bfQu\u00e9 partidos\u00a0 han\u00a0 gobernado en\u00a0 Gran\u00a0 Breta\u00f1a desde\u00a0 el\u00a0 inicio de\u00a0 la\u00a0<\/p>\n\t\t\t\t\t<\/div>\n\n\t\t\t\t\t\t\t\t\t<\/div>\n\t\t\t\t<\/div>\n\n\t\t\t\t\n\t\t\t<div class=\"tg_module_block tg-row tg-two-block\">\n\t\t\t\t\t\t\t\t\t\t<figure class=\"tg-module-thumb tg-col-control\">\n\t\t\t\t\t\t\t<a href=\"https:\/\/www.jesusprieto.es\/index.php\/2018\/04\/23\/regulacion-inteligente-en-espana\/\" class=\"tg-thumb-link\">\n\t\t\t<img loading=\"lazy\" decoding=\"async\" width=\"275\" height=\"183\" src=\"https:\/\/www.jesusprieto.es\/wp-content\/uploads\/2021\/03\/19-a.jpg\" class=\"attachment-colormag-highlighted-post size-colormag-highlighted-post wp-post-image\" alt=\"\" \/>\t\t<\/a>\n\t\t\t\t\t<\/figure>\n\t\t\t\t\t\n\t\t\t<div class=\"tg-module-info tg-col-control\">\n\t\t\t\t\t<h3 class=\"tg-module-title entry-title\">\n\t\t\t<a href=\"https:\/\/www.jesusprieto.es\/index.php\/2018\/04\/23\/regulacion-inteligente-en-espana\/\">Regulaci\u00f3n Inteligente en Espa\u00f1a<\/a>\n\t\t<\/h3>\n\t\t\n\t\t\t\t\n\t\t<div class=\"tg-module-meta\">\n\t\t\t\n\t\t\t<span class=\"tg-post-date entry-date\">\n\t\t\t\t<a href=\"https:\/\/www.jesusprieto.es\/index.php\/2018\/04\/23\/regulacion-inteligente-en-espana\/\" rel=\"bookmark\"><time class=\"entry-date published\" datetime=\"2018-04-23T17:03:25+00:00\">23\/04\/2018<\/time><time class=\"updated\" datetime=\"2021-03-23T20:14:54+00:00\">23\/03\/2021<\/time><\/a>\t\t\t<\/span>\n\n\t\t\t<span class=\"tg-post-auther-name author vcard\">\n\t\t\t\t<a class=\"url fn n\" href=\"https:\/\/www.jesusprieto.es\/index.php\/author\/jesprie\/\">JPG<\/a>\t\t\t<\/span>\n\n\t\t\t\t\t<\/div>\n\n\t\t\n\t\t\t\t\n\t\t\t\t\t\t\t\t\t<div class=\"tg-excerpt entry-content\">\n\t\t\t\t\t\t<p>Regulaci\u00f3n Inteligente en Espa\u00f1a Buscamos un ejemplo de regulaci\u00f3n inteligente en Espa\u00f1a, analizando como sus caracter\u00edsticas se amoldan al arquetipo.<\/p>\n\t\t\t\t\t<\/div>\n\n\t\t\t\t\t\t\t\t\t<\/div>\n\t\t\t\t<\/div>\n\n\t\t\t\t\n\t\t\t<div class=\"tg_module_block tg-row tg-two-block\">\n\t\t\t\t\t\t\t\t\t\t<figure class=\"tg-module-thumb tg-col-control\">\n\t\t\t\t\t\t\t<a href=\"https:\/\/www.jesusprieto.es\/index.php\/2018\/04\/12\/regulando-las-agencias-de-rating\/\" class=\"tg-thumb-link\">\n\t\t\t<img loading=\"lazy\" decoding=\"async\" width=\"290\" height=\"174\" src=\"https:\/\/www.jesusprieto.es\/wp-content\/uploads\/2021\/03\/20-a.jpg\" class=\"attachment-colormag-highlighted-post size-colormag-highlighted-post wp-post-image\" alt=\"\" \/>\t\t<\/a>\n\t\t\t\t\t<\/figure>\n\t\t\t\t\t\n\t\t\t<div class=\"tg-module-info tg-col-control\">\n\t\t\t\t\t<h3 class=\"tg-module-title entry-title\">\n\t\t\t<a href=\"https:\/\/www.jesusprieto.es\/index.php\/2018\/04\/12\/regulando-las-agencias-de-rating\/\">Regulando las Agencias de Rating<\/a>\n\t\t<\/h3>\n\t\t\n\t\t\t\t\n\t\t<div class=\"tg-module-meta\">\n\t\t\t\n\t\t\t<span class=\"tg-post-date entry-date\">\n\t\t\t\t<a href=\"https:\/\/www.jesusprieto.es\/index.php\/2018\/04\/12\/regulando-las-agencias-de-rating\/\" rel=\"bookmark\"><time class=\"entry-date published\" datetime=\"2018-04-12T17:11:18+00:00\">12\/04\/2018<\/time><time class=\"updated\" datetime=\"2021-03-23T20:16:21+00:00\">23\/03\/2021<\/time><\/a>\t\t\t<\/span>\n\n\t\t\t<span class=\"tg-post-auther-name author vcard\">\n\t\t\t\t<a class=\"url fn n\" href=\"https:\/\/www.jesusprieto.es\/index.php\/author\/jesprie\/\">JPG<\/a>\t\t\t<\/span>\n\n\t\t\t\t\t<\/div>\n\n\t\t\n\t\t\t\t\n\t\t\t\t\t\t\t\t\t<div class=\"tg-excerpt entry-content\">\n\t\t\t\t\t\t<p>Regulando las Agencias de Rating \u00a0El Reglamento (UE) n\u00ba 462\/2013[1] modific\u00f3 los anteriores Reglamentos (CE) n\u00ba 1060\/2009 [2] y (UE)<\/p>\n\t\t\t\t\t<\/div>\n\n\t\t\t\t\t\t\t\t\t<\/div>\n\t\t\t\t<\/div>\n\n\t\t\t\t\n\t\t\t<div class=\"tg_module_block tg-row tg-two-block\">\n\t\t\t\t\t\t\t\t\t\t<figure class=\"tg-module-thumb tg-col-control\">\n\t\t\t\t\t\t\t<a href=\"https:\/\/www.jesusprieto.es\/index.php\/2018\/01\/10\/desobediencia-civil-en-espana-desde-1978\/\" class=\"tg-thumb-link\">\n\t\t\t<img loading=\"lazy\" decoding=\"async\" width=\"311\" height=\"162\" src=\"https:\/\/www.jesusprieto.es\/wp-content\/uploads\/2021\/03\/17-b.jpg\" class=\"attachment-colormag-highlighted-post size-colormag-highlighted-post wp-post-image\" alt=\"\" srcset=\"https:\/\/www.jesusprieto.es\/wp-content\/uploads\/2021\/03\/17-b.jpg 311w, https:\/\/www.jesusprieto.es\/wp-content\/uploads\/2021\/03\/17-b-300x156.jpg 300w\" sizes=\"auto, (max-width: 311px) 100vw, 311px\" \/>\t\t<\/a>\n\t\t\t\t\t<\/figure>\n\t\t\t\t\t\n\t\t\t<div class=\"tg-module-info tg-col-control\">\n\t\t\t\t\t<h3 class=\"tg-module-title entry-title\">\n\t\t\t<a href=\"https:\/\/www.jesusprieto.es\/index.php\/2018\/01\/10\/desobediencia-civil-en-espana-desde-1978\/\">Desobediencia Civil en Espa\u00f1a desde 1978<\/a>\n\t\t<\/h3>\n\t\t\n\t\t\t\t\n\t\t<div class=\"tg-module-meta\">\n\t\t\t\n\t\t\t<span class=\"tg-post-date entry-date\">\n\t\t\t\t<a href=\"https:\/\/www.jesusprieto.es\/index.php\/2018\/01\/10\/desobediencia-civil-en-espana-desde-1978\/\" rel=\"bookmark\"><time class=\"entry-date published\" datetime=\"2018-01-10T16:44:41+00:00\">10\/01\/2018<\/time><time class=\"updated\" datetime=\"2021-03-23T20:16:31+00:00\">23\/03\/2021<\/time><\/a>\t\t\t<\/span>\n\n\t\t\t<span class=\"tg-post-auther-name author vcard\">\n\t\t\t\t<a class=\"url fn n\" href=\"https:\/\/www.jesusprieto.es\/index.php\/author\/jesprie\/\">JPG<\/a>\t\t\t<\/span>\n\n\t\t\t\t\t<\/div>\n\n\t\t\n\t\t\t\t\n\t\t\t\t\t\t\t\t\t<div class=\"tg-excerpt entry-content\">\n\t\t\t\t\t\t<p>Desobediencia civil en Espa\u00f1a desde 1978 Meditamos sobre la desobediencia civil, que nos ayudar\u00eda a reflexionar sobre si Estado de<\/p>\n\t\t\t\t\t<\/div>\n\n\t\t\t\t\t\t\t\t\t<\/div>\n\t\t\t\t<\/div>\n\n\t\t\t\t\n\t\t\t<div class=\"tg_module_block tg-row tg-two-block\">\n\t\t\t\t\t\t\t\t\t\t<figure class=\"tg-module-thumb tg-col-control\">\n\t\t\t\t\t\t\t<a href=\"https:\/\/www.jesusprieto.es\/index.php\/2017\/12\/31\/la-otan-en-la-administracion-trump\/\" class=\"tg-thumb-link\">\n\t\t\t<img loading=\"lazy\" decoding=\"async\" width=\"321\" height=\"157\" src=\"https:\/\/www.jesusprieto.es\/wp-content\/uploads\/2021\/03\/16-a.jpg\" class=\"attachment-colormag-highlighted-post size-colormag-highlighted-post wp-post-image\" alt=\"\" srcset=\"https:\/\/www.jesusprieto.es\/wp-content\/uploads\/2021\/03\/16-a.jpg 321w, https:\/\/www.jesusprieto.es\/wp-content\/uploads\/2021\/03\/16-a-300x147.jpg 300w\" sizes=\"auto, (max-width: 321px) 100vw, 321px\" \/>\t\t<\/a>\n\t\t\t\t\t<\/figure>\n\t\t\t\t\t\n\t\t\t<div class=\"tg-module-info tg-col-control\">\n\t\t\t\t\t<h3 class=\"tg-module-title entry-title\">\n\t\t\t<a href=\"https:\/\/www.jesusprieto.es\/index.php\/2017\/12\/31\/la-otan-en-la-administracion-trump\/\">La OTAN en la Administraci\u00f3n Trump<\/a>\n\t\t<\/h3>\n\t\t\n\t\t\t\t\n\t\t<div class=\"tg-module-meta\">\n\t\t\t\n\t\t\t<span class=\"tg-post-date entry-date\">\n\t\t\t\t<a href=\"https:\/\/www.jesusprieto.es\/index.php\/2017\/12\/31\/la-otan-en-la-administracion-trump\/\" rel=\"bookmark\"><time class=\"entry-date published\" datetime=\"2017-12-31T16:29:51+00:00\">31\/12\/2017<\/time><time class=\"updated\" datetime=\"2021-03-23T20:16:21+00:00\">23\/03\/2021<\/time><\/a>\t\t\t<\/span>\n\n\t\t\t<span class=\"tg-post-auther-name author vcard\">\n\t\t\t\t<a class=\"url fn n\" href=\"https:\/\/www.jesusprieto.es\/index.php\/author\/jesprie\/\">JPG<\/a>\t\t\t<\/span>\n\n\t\t\t\t\t<\/div>\n\n\t\t\n\t\t\t\t\n\t\t\t\t\t\t\t\t\t<div class=\"tg-excerpt entry-content\">\n\t\t\t\t\t\t<p>La OTAN en la Administraci\u00f3n Trump Este art\u00edculo se centrar\u00e1 enlos posibles cambios que la presidencia de Donald Trump pueda<\/p>\n\t\t\t\t\t<\/div>\n\n\t\t\t\t\t\t\t\t\t<\/div>\n\t\t\t\t<\/div>\n\n\t\t\t\t\n\t\t\t<div class=\"tg_module_block tg-row tg-two-block\">\n\t\t\t\t\t\t\t\t\t\t<figure class=\"tg-module-thumb tg-col-control\">\n\t\t\t\t\t\t\t<a href=\"https:\/\/www.jesusprieto.es\/index.php\/2017\/12\/13\/clasificando-las-libertades-politicas-y-civiles-la-base-de-datos-de-freedom-house\/\" class=\"tg-thumb-link\">\n\t\t\t<img loading=\"lazy\" decoding=\"async\" width=\"279\" height=\"180\" src=\"https:\/\/www.jesusprieto.es\/wp-content\/uploads\/2021\/03\/15-a.jpg\" class=\"attachment-colormag-highlighted-post size-colormag-highlighted-post wp-post-image\" alt=\"\" \/>\t\t<\/a>\n\t\t\t\t\t<\/figure>\n\t\t\t\t\t\n\t\t\t<div class=\"tg-module-info tg-col-control\">\n\t\t\t\t\t<h3 class=\"tg-module-title entry-title\">\n\t\t\t<a href=\"https:\/\/www.jesusprieto.es\/index.php\/2017\/12\/13\/clasificando-las-libertades-politicas-y-civiles-la-base-de-datos-de-freedom-house\/\">Clasificando las libertades pol\u00edticas y civiles. La base de datos de Freedom House<\/a>\n\t\t<\/h3>\n\t\t\n\t\t\t\t\n\t\t<div class=\"tg-module-meta\">\n\t\t\t\n\t\t\t<span class=\"tg-post-date entry-date\">\n\t\t\t\t<a href=\"https:\/\/www.jesusprieto.es\/index.php\/2017\/12\/13\/clasificando-las-libertades-politicas-y-civiles-la-base-de-datos-de-freedom-house\/\" rel=\"bookmark\"><time class=\"entry-date published\" datetime=\"2017-12-13T16:00:31+00:00\">13\/12\/2017<\/time><time class=\"updated\" datetime=\"2021-03-23T20:16:21+00:00\">23\/03\/2021<\/time><\/a>\t\t\t<\/span>\n\n\t\t\t<span class=\"tg-post-auther-name author vcard\">\n\t\t\t\t<a class=\"url fn n\" href=\"https:\/\/www.jesusprieto.es\/index.php\/author\/jesprie\/\">JPG<\/a>\t\t\t<\/span>\n\n\t\t\t\t\t<\/div>\n\n\t\t\n\t\t\t\t\n\t\t\t\t\t\t\t\t\t<div class=\"tg-excerpt entry-content\">\n\t\t\t\t\t\t<p>Clasificando las libertades pol\u00edticas y civiles. La base de datos de Freedom House. Analizamos la clasificaci\u00f3n de reg\u00edmenes pol\u00edticos que<\/p>\n\t\t\t\t\t<\/div>\n\n\t\t\t\t\t\t\t\t\t<\/div>\n\t\t\t\t<\/div>\n\n\t\t\t\t\n\t\t\t<div class=\"tg_module_block tg-row tg-two-block\">\n\t\t\t\t\t\t\t\t\t\t<figure class=\"tg-module-thumb tg-col-control\">\n\t\t\t\t\t\t\t<a href=\"https:\/\/www.jesusprieto.es\/index.php\/2017\/05\/11\/relaciones-entre-espana-y-guinea-ecuatorial\/\" class=\"tg-thumb-link\">\n\t\t\t<img loading=\"lazy\" decoding=\"async\" width=\"199\" height=\"254\" src=\"https:\/\/www.jesusprieto.es\/wp-content\/uploads\/2021\/03\/12-a.jpg\" class=\"attachment-colormag-highlighted-post size-colormag-highlighted-post wp-post-image\" alt=\"\" \/>\t\t<\/a>\n\t\t\t\t\t<\/figure>\n\t\t\t\t\t\n\t\t\t<div class=\"tg-module-info tg-col-control\">\n\t\t\t\t\t<h3 class=\"tg-module-title entry-title\">\n\t\t\t<a href=\"https:\/\/www.jesusprieto.es\/index.php\/2017\/05\/11\/relaciones-entre-espana-y-guinea-ecuatorial\/\">Relaciones entre Espa\u00f1a y Guinea Ecuatorial<\/a>\n\t\t<\/h3>\n\t\t\n\t\t\t\t\n\t\t<div class=\"tg-module-meta\">\n\t\t\t\n\t\t\t<span class=\"tg-post-date entry-date\">\n\t\t\t\t<a href=\"https:\/\/www.jesusprieto.es\/index.php\/2017\/05\/11\/relaciones-entre-espana-y-guinea-ecuatorial\/\" rel=\"bookmark\"><time class=\"entry-date published\" datetime=\"2017-05-11T13:41:09+00:00\">11\/05\/2017<\/time><time class=\"updated\" datetime=\"2021-03-23T20:16:21+00:00\">23\/03\/2021<\/time><\/a>\t\t\t<\/span>\n\n\t\t\t<span class=\"tg-post-auther-name author vcard\">\n\t\t\t\t<a class=\"url fn n\" href=\"https:\/\/www.jesusprieto.es\/index.php\/author\/jesprie\/\">JPG<\/a>\t\t\t<\/span>\n\n\t\t\t\t\t<\/div>\n\n\t\t\n\t\t\t\t\n\t\t\t\t\t\t\t\t\t<div class=\"tg-excerpt entry-content\">\n\t\t\t\t\t\t<p>Relaciones entre Espa\u00f1a y Guinea Ecuatorial En marzo de este a\u00f1o, los principales partidos pol\u00edticos espa\u00f1oles constituyeron un intergrupo parlamentario<\/p>\n\t\t\t\t\t<\/div>\n\n\t\t\t\t\t\t\t\t\t<\/div>\n\t\t\t\t<\/div>\n\n\t\t\t\t\n\t\t\t<div class=\"tg_module_block tg-row tg-two-block\">\n\t\t\t\t\t\t\t\t\t\t<figure class=\"tg-module-thumb tg-col-control\">\n\t\t\t\t\t\t\t<a href=\"https:\/\/www.jesusprieto.es\/index.php\/2017\/05\/11\/popper-reformismo-versus-revolucion\/\" class=\"tg-thumb-link\">\n\t\t\t<img loading=\"lazy\" decoding=\"async\" width=\"300\" height=\"168\" src=\"https:\/\/www.jesusprieto.es\/wp-content\/uploads\/2021\/03\/11-a.jpg\" class=\"attachment-colormag-highlighted-post size-colormag-highlighted-post wp-post-image\" alt=\"\" \/>\t\t<\/a>\n\t\t\t\t\t<\/figure>\n\t\t\t\t\t\n\t\t\t<div class=\"tg-module-info tg-col-control\">\n\t\t\t\t\t<h3 class=\"tg-module-title entry-title\">\n\t\t\t<a href=\"https:\/\/www.jesusprieto.es\/index.php\/2017\/05\/11\/popper-reformismo-versus-revolucion\/\">Popper &#8211; Reformismo versus Revoluci\u00f3n<\/a>\n\t\t<\/h3>\n\t\t\n\t\t\t\t\n\t\t<div class=\"tg-module-meta\">\n\t\t\t\n\t\t\t<span class=\"tg-post-date entry-date\">\n\t\t\t\t<a href=\"https:\/\/www.jesusprieto.es\/index.php\/2017\/05\/11\/popper-reformismo-versus-revolucion\/\" rel=\"bookmark\"><time class=\"entry-date published\" datetime=\"2017-05-11T13:32:48+00:00\">11\/05\/2017<\/time><time class=\"updated\" datetime=\"2021-03-23T20:16:21+00:00\">23\/03\/2021<\/time><\/a>\t\t\t<\/span>\n\n\t\t\t<span class=\"tg-post-auther-name author vcard\">\n\t\t\t\t<a class=\"url fn n\" href=\"https:\/\/www.jesusprieto.es\/index.php\/author\/jesprie\/\">JPG<\/a>\t\t\t<\/span>\n\n\t\t\t\t\t<\/div>\n\n\t\t\n\t\t\t\t\n\t\t\t\t\t\t\t\t\t<div class=\"tg-excerpt entry-content\">\n\t\t\t\t\t\t<p>Popper &#8211; Reformismo versus Revoluci\u00f3n \u00abEl ingeniero fragmentario sabe, como S\u00f3crates, cu\u00e1n poco sabe. Sabe que s\u00f3lo podemos aprender de<\/p>\n\t\t\t\t\t<\/div>\n\n\t\t\t\t\t\t\t\t\t<\/div>\n\t\t\t\t<\/div>\n\n\t\t\t\t\n\t\t\t<div class=\"tg_module_block tg-row tg-two-block\">\n\t\t\t\t\t\t\t\t\t\t<figure class=\"tg-module-thumb tg-col-control\">\n\t\t\t\t\t\t\t<a href=\"https:\/\/www.jesusprieto.es\/index.php\/2017\/05\/11\/marx-critica-de-la-declaracion-de-los-derechos-del-hombre\/\" class=\"tg-thumb-link\">\n\t\t\t<img loading=\"lazy\" decoding=\"async\" width=\"185\" height=\"272\" src=\"https:\/\/www.jesusprieto.es\/wp-content\/uploads\/2021\/03\/10-a.jpg\" class=\"attachment-colormag-highlighted-post size-colormag-highlighted-post wp-post-image\" alt=\"\" \/>\t\t<\/a>\n\t\t\t\t\t<\/figure>\n\t\t\t\t\t\n\t\t\t<div class=\"tg-module-info tg-col-control\">\n\t\t\t\t\t<h3 class=\"tg-module-title entry-title\">\n\t\t\t<a href=\"https:\/\/www.jesusprieto.es\/index.php\/2017\/05\/11\/marx-critica-de-la-declaracion-de-los-derechos-del-hombre\/\">Marx &#8211; Cr\u00edtica de la Declaraci\u00f3n de los Derechos del Hombre<\/a>\n\t\t<\/h3>\n\t\t\n\t\t\t\t\n\t\t<div class=\"tg-module-meta\">\n\t\t\t\n\t\t\t<span class=\"tg-post-date entry-date\">\n\t\t\t\t<a href=\"https:\/\/www.jesusprieto.es\/index.php\/2017\/05\/11\/marx-critica-de-la-declaracion-de-los-derechos-del-hombre\/\" rel=\"bookmark\"><time class=\"entry-date published\" datetime=\"2017-05-11T13:28:45+00:00\">11\/05\/2017<\/time><time class=\"updated\" datetime=\"2021-03-23T20:16:38+00:00\">23\/03\/2021<\/time><\/a>\t\t\t<\/span>\n\n\t\t\t<span class=\"tg-post-auther-name author vcard\">\n\t\t\t\t<a class=\"url fn n\" href=\"https:\/\/www.jesusprieto.es\/index.php\/author\/jesprie\/\">JPG<\/a>\t\t\t<\/span>\n\n\t\t\t\t\t<\/div>\n\n\t\t\n\t\t\t\t\n\t\t\t\t\t\t\t\t\t<div class=\"tg-excerpt entry-content\">\n\t\t\t\t\t\t<p>Marx &#8211; Cr\u00edtica de la Declaraci\u00f3n de Derechos del Hombre \u00abLes droits de l&#8217;homme, los derechos humanos, se distinguen en<\/p>\n\t\t\t\t\t<\/div>\n\n\t\t\t\t\t\t\t\t\t<\/div>\n\t\t\t\t<\/div>\n\n\t\t\t\t\n\t\t\t<div class=\"tg_module_block tg-row tg-two-block\">\n\t\t\t\t\t\t\t\t\t\t<figure class=\"tg-module-thumb tg-col-control\">\n\t\t\t\t\t\t\t<a href=\"https:\/\/www.jesusprieto.es\/index.php\/2017\/05\/11\/hegel-el-estado-y-la-libertad\/\" class=\"tg-thumb-link\">\n\t\t\t<img loading=\"lazy\" decoding=\"async\" width=\"268\" height=\"188\" src=\"https:\/\/www.jesusprieto.es\/wp-content\/uploads\/2021\/03\/9-a.jpg\" class=\"attachment-colormag-highlighted-post size-colormag-highlighted-post wp-post-image\" alt=\"\" srcset=\"https:\/\/www.jesusprieto.es\/wp-content\/uploads\/2021\/03\/9-a.jpg 268w, https:\/\/www.jesusprieto.es\/wp-content\/uploads\/2021\/03\/9-a-130x90.jpg 130w\" sizes=\"auto, (max-width: 268px) 100vw, 268px\" \/>\t\t<\/a>\n\t\t\t\t\t<\/figure>\n\t\t\t\t\t\n\t\t\t<div class=\"tg-module-info tg-col-control\">\n\t\t\t\t\t<h3 class=\"tg-module-title entry-title\">\n\t\t\t<a href=\"https:\/\/www.jesusprieto.es\/index.php\/2017\/05\/11\/hegel-el-estado-y-la-libertad\/\">Hegel- El Estado y la libertad<\/a>\n\t\t<\/h3>\n\t\t\n\t\t\t\t\n\t\t<div class=\"tg-module-meta\">\n\t\t\t\n\t\t\t<span class=\"tg-post-date entry-date\">\n\t\t\t\t<a href=\"https:\/\/www.jesusprieto.es\/index.php\/2017\/05\/11\/hegel-el-estado-y-la-libertad\/\" rel=\"bookmark\"><time class=\"entry-date published\" datetime=\"2017-05-11T13:24:41+00:00\">11\/05\/2017<\/time><time class=\"updated\" datetime=\"2021-03-23T20:16:21+00:00\">23\/03\/2021<\/time><\/a>\t\t\t<\/span>\n\n\t\t\t<span class=\"tg-post-auther-name author vcard\">\n\t\t\t\t<a class=\"url fn n\" href=\"https:\/\/www.jesusprieto.es\/index.php\/author\/jesprie\/\">JPG<\/a>\t\t\t<\/span>\n\n\t\t\t\t\t<\/div>\n\n\t\t\n\t\t\t\t\n\t\t\t\t\t\t\t\t\t<div class=\"tg-excerpt entry-content\">\n\t\t\t\t\t\t<p>Hegel &#8211; El Estado y la libertad \u00abEl Estado es Ia realidad efectiva de la libertad concreta. Por su parte<\/p>\n\t\t\t\t\t<\/div>\n\n\t\t\t\t\t\t\t\t\t<\/div>\n\t\t\t\t<\/div>\n\n\t\t\t\t\n\t\t\t<div class=\"tg_module_block tg-row tg-two-block\">\n\t\t\t\t\t\t\t\t\t\t<figure class=\"tg-module-thumb tg-col-control\">\n\t\t\t\t\t\t\t<a href=\"https:\/\/www.jesusprieto.es\/index.php\/2017\/05\/08\/dani-rodrik-la-paradoja-de-la-globalizacion\/\" class=\"tg-thumb-link\">\n\t\t\t<img loading=\"lazy\" decoding=\"async\" width=\"275\" height=\"183\" src=\"https:\/\/www.jesusprieto.es\/wp-content\/uploads\/2021\/03\/14-a.jpg\" class=\"attachment-colormag-highlighted-post size-colormag-highlighted-post wp-post-image\" alt=\"\" \/>\t\t<\/a>\n\t\t\t\t\t<\/figure>\n\t\t\t\t\t\n\t\t\t<div class=\"tg-module-info tg-col-control\">\n\t\t\t\t\t<h3 class=\"tg-module-title entry-title\">\n\t\t\t<a href=\"https:\/\/www.jesusprieto.es\/index.php\/2017\/05\/08\/dani-rodrik-la-paradoja-de-la-globalizacion\/\">Dani Rodrik &#8211; La paradoja de la Globalizaci\u00f3n<\/a>\n\t\t<\/h3>\n\t\t\n\t\t\t\t\n\t\t<div class=\"tg-module-meta\">\n\t\t\t\n\t\t\t<span class=\"tg-post-date entry-date\">\n\t\t\t\t<a href=\"https:\/\/www.jesusprieto.es\/index.php\/2017\/05\/08\/dani-rodrik-la-paradoja-de-la-globalizacion\/\" rel=\"bookmark\"><time class=\"entry-date published\" datetime=\"2017-05-08T15:50:36+00:00\">08\/05\/2017<\/time><time class=\"updated\" datetime=\"2021-03-23T20:16:21+00:00\">23\/03\/2021<\/time><\/a>\t\t\t<\/span>\n\n\t\t\t<span class=\"tg-post-auther-name author vcard\">\n\t\t\t\t<a class=\"url fn n\" href=\"https:\/\/www.jesusprieto.es\/index.php\/author\/jesprie\/\">JPG<\/a>\t\t\t<\/span>\n\n\t\t\t\t\t<\/div>\n\n\t\t\n\t\t\t\t\n\t\t\t\t\t\t\t\t\t<div class=\"tg-excerpt entry-content\">\n\t\t\t\t\t\t<p>Dani Rodrik &#8211; La paradoja de la Globalizaci\u00f3n Analizamos dos cap\u00edtulos de una de las \u00faltimas obras del economista turco<\/p>\n\t\t\t\t\t<\/div>\n\n\t\t\t\t\t\t\t\t\t<\/div>\n\t\t\t\t<\/div>\n\n\t\t\t\t\n\t\t\t<div class=\"tg_module_block tg-row tg-two-block\">\n\t\t\t\t\t\t\t\t\t\t<figure class=\"tg-module-thumb tg-col-control\">\n\t\t\t\t\t\t\t<a href=\"https:\/\/www.jesusprieto.es\/index.php\/2017\/04\/17\/grupos-de-presion-en-espana\/\" class=\"tg-thumb-link\">\n\t\t\t<img loading=\"lazy\" decoding=\"async\" width=\"392\" height=\"272\" src=\"https:\/\/www.jesusprieto.es\/wp-content\/uploads\/2021\/03\/13-f-392x272.jpg\" class=\"attachment-colormag-highlighted-post size-colormag-highlighted-post wp-post-image\" alt=\"\" srcset=\"https:\/\/www.jesusprieto.es\/wp-content\/uploads\/2021\/03\/13-f-392x272.jpg 392w, https:\/\/www.jesusprieto.es\/wp-content\/uploads\/2021\/03\/13-f-130x90.jpg 130w, https:\/\/www.jesusprieto.es\/wp-content\/uploads\/2021\/03\/13-f-600x417.jpg 600w\" sizes=\"auto, (max-width: 392px) 100vw, 392px\" \/>\t\t<\/a>\n\t\t\t\t\t<\/figure>\n\t\t\t\t\t\n\t\t\t<div class=\"tg-module-info tg-col-control\">\n\t\t\t\t\t<h3 class=\"tg-module-title entry-title\">\n\t\t\t<a href=\"https:\/\/www.jesusprieto.es\/index.php\/2017\/04\/17\/grupos-de-presion-en-espana\/\">Grupos de presi\u00f3n en Espa\u00f1a<\/a>\n\t\t<\/h3>\n\t\t\n\t\t\t\t\n\t\t<div class=\"tg-module-meta\">\n\t\t\t\n\t\t\t<span class=\"tg-post-date entry-date\">\n\t\t\t\t<a href=\"https:\/\/www.jesusprieto.es\/index.php\/2017\/04\/17\/grupos-de-presion-en-espana\/\" rel=\"bookmark\"><time class=\"entry-date published\" datetime=\"2017-04-17T15:31:00+00:00\">17\/04\/2017<\/time><time class=\"updated\" datetime=\"2021-03-23T20:16:21+00:00\">23\/03\/2021<\/time><\/a>\t\t\t<\/span>\n\n\t\t\t<span class=\"tg-post-auther-name author vcard\">\n\t\t\t\t<a class=\"url fn n\" href=\"https:\/\/www.jesusprieto.es\/index.php\/author\/jesprie\/\">JPG<\/a>\t\t\t<\/span>\n\n\t\t\t\t\t<\/div>\n\n\t\t\n\t\t\t\t\n\t\t\t\t\t\t\t\t\t<div class=\"tg-excerpt entry-content\">\n\t\t\t\t\t\t<p>Grupos de presi\u00f3n en Espa\u00f1a El objetivo principal de este art\u00edculo ser\u00e1 dilucidar la evoluci\u00f3n de los grupos de presi\u00f3n<\/p>\n\t\t\t\t\t<\/div>\n\n\t\t\t\t\t\t\t\t\t<\/div>\n\t\t\t\t<\/div>\n\n\t\t\t\t\n\t\t\t<div class=\"tg_module_block tg-row tg-two-block\">\n\t\t\t\t\t\t\t\t\t\t<figure class=\"tg-module-thumb tg-col-control\">\n\t\t\t\t\t\t\t<a href=\"https:\/\/www.jesusprieto.es\/index.php\/2016\/12\/28\/erasmo-la-escolastica-no-es-palabra-de-dios\/\" class=\"tg-thumb-link\">\n\t\t\t<img loading=\"lazy\" decoding=\"async\" width=\"284\" height=\"177\" src=\"https:\/\/www.jesusprieto.es\/wp-content\/uploads\/2021\/03\/7-a.jpg\" class=\"attachment-colormag-highlighted-post size-colormag-highlighted-post wp-post-image\" alt=\"\" \/>\t\t<\/a>\n\t\t\t\t\t<\/figure>\n\t\t\t\t\t\n\t\t\t<div class=\"tg-module-info tg-col-control\">\n\t\t\t\t\t<h3 class=\"tg-module-title entry-title\">\n\t\t\t<a href=\"https:\/\/www.jesusprieto.es\/index.php\/2016\/12\/28\/erasmo-la-escolastica-no-es-palabra-de-dios\/\">Erasmo &#8211; La escol\u00e1stica no es palabra de Dios<\/a>\n\t\t<\/h3>\n\t\t\n\t\t\t\t\n\t\t<div class=\"tg-module-meta\">\n\t\t\t\n\t\t\t<span class=\"tg-post-date entry-date\">\n\t\t\t\t<a href=\"https:\/\/www.jesusprieto.es\/index.php\/2016\/12\/28\/erasmo-la-escolastica-no-es-palabra-de-dios\/\" rel=\"bookmark\"><time class=\"entry-date published\" datetime=\"2016-12-28T13:15:12+00:00\">28\/12\/2016<\/time><time class=\"updated\" datetime=\"2021-03-23T20:16:45+00:00\">23\/03\/2021<\/time><\/a>\t\t\t<\/span>\n\n\t\t\t<span class=\"tg-post-auther-name author vcard\">\n\t\t\t\t<a class=\"url fn n\" href=\"https:\/\/www.jesusprieto.es\/index.php\/author\/jesprie\/\">JPG<\/a>\t\t\t<\/span>\n\n\t\t\t\t\t<\/div>\n\n\t\t\n\t\t\t\t\n\t\t\t\t\t\t\t\t\t<div class=\"tg-excerpt entry-content\">\n\t\t\t\t\t\t<p>Erasmo- La escol\u00e1stica no es la palabra de Dios \u00abEsta nueva teolog\u00eda est\u00e1 tan adulterada por Arist\u00f3teles, por insignificantes invenciones<\/p>\n\t\t\t\t\t<\/div>\n\n\t\t\t\t\t\t\t\t\t<\/div>\n\t\t\t\t<\/div>\n\n\t\t\t\t\n\t\t\t<div class=\"tg_module_block tg-row tg-two-block\">\n\t\t\t\t\t\t\t\t\t\t<figure class=\"tg-module-thumb tg-col-control\">\n\t\t\t\t\t\t\t<a href=\"https:\/\/www.jesusprieto.es\/index.php\/2016\/12\/28\/ciceron-el-primer-deber-servir-a-la-patria\/\" class=\"tg-thumb-link\">\n\t\t\t<img loading=\"lazy\" decoding=\"async\" width=\"264\" height=\"191\" src=\"https:\/\/www.jesusprieto.es\/wp-content\/uploads\/2021\/03\/6-a.jpg\" class=\"attachment-colormag-highlighted-post size-colormag-highlighted-post wp-post-image\" alt=\"\" \/>\t\t<\/a>\n\t\t\t\t\t<\/figure>\n\t\t\t\t\t\n\t\t\t<div class=\"tg-module-info tg-col-control\">\n\t\t\t\t\t<h3 class=\"tg-module-title entry-title\">\n\t\t\t<a href=\"https:\/\/www.jesusprieto.es\/index.php\/2016\/12\/28\/ciceron-el-primer-deber-servir-a-la-patria\/\">Cicer\u00f3n- El primer deber, servir a la Patria<\/a>\n\t\t<\/h3>\n\t\t\n\t\t\t\t\n\t\t<div class=\"tg-module-meta\">\n\t\t\t\n\t\t\t<span class=\"tg-post-date entry-date\">\n\t\t\t\t<a href=\"https:\/\/www.jesusprieto.es\/index.php\/2016\/12\/28\/ciceron-el-primer-deber-servir-a-la-patria\/\" rel=\"bookmark\"><time class=\"entry-date published\" datetime=\"2016-12-28T13:03:32+00:00\">28\/12\/2016<\/time><time class=\"updated\" datetime=\"2021-03-23T20:16:51+00:00\">23\/03\/2021<\/time><\/a>\t\t\t<\/span>\n\n\t\t\t<span class=\"tg-post-auther-name author vcard\">\n\t\t\t\t<a class=\"url fn n\" href=\"https:\/\/www.jesusprieto.es\/index.php\/author\/jesprie\/\">JPG<\/a>\t\t\t<\/span>\n\n\t\t\t\t\t<\/div>\n\n\t\t\n\t\t\t\t\n\t\t\t\t\t\t\t\t\t<div class=\"tg-excerpt entry-content\">\n\t\t\t\t\t\t<p>Cicer\u00f3n- El primer deber, servir a la Patria \u00abDada mi situaci\u00f3n, yo he podido disfrutar del ocio y obtener de<\/p>\n\t\t\t\t\t<\/div>\n\n\t\t\t\t\t\t\t\t\t<\/div>\n\t\t\t\t<\/div>\n\n\t\t\t\t\n\t\t\t<div class=\"tg_module_block tg-row tg-two-block\">\n\t\t\t\t\t\t\t\t\t\t<figure class=\"tg-module-thumb tg-col-control\">\n\t\t\t\t\t\t\t<a href=\"https:\/\/www.jesusprieto.es\/index.php\/2016\/12\/28\/tucidides-alabanza-de-atenas\/\" class=\"tg-thumb-link\">\n\t\t\t<img loading=\"lazy\" decoding=\"async\" width=\"184\" height=\"272\" src=\"https:\/\/www.jesusprieto.es\/wp-content\/uploads\/2021\/03\/5-a-184x272.jpg\" class=\"attachment-colormag-highlighted-post size-colormag-highlighted-post wp-post-image\" alt=\"\" \/>\t\t<\/a>\n\t\t\t\t\t<\/figure>\n\t\t\t\t\t\n\t\t\t<div class=\"tg-module-info tg-col-control\">\n\t\t\t\t\t<h3 class=\"tg-module-title entry-title\">\n\t\t\t<a href=\"https:\/\/www.jesusprieto.es\/index.php\/2016\/12\/28\/tucidides-alabanza-de-atenas\/\">Tucidides &#8211; Alabanza de Atenas<\/a>\n\t\t<\/h3>\n\t\t\n\t\t\t\t\n\t\t<div class=\"tg-module-meta\">\n\t\t\t\n\t\t\t<span class=\"tg-post-date entry-date\">\n\t\t\t\t<a href=\"https:\/\/www.jesusprieto.es\/index.php\/2016\/12\/28\/tucidides-alabanza-de-atenas\/\" rel=\"bookmark\"><time class=\"entry-date published\" datetime=\"2016-12-28T12:55:01+00:00\">28\/12\/2016<\/time><time class=\"updated\" datetime=\"2021-03-23T20:17:01+00:00\">23\/03\/2021<\/time><\/a>\t\t\t<\/span>\n\n\t\t\t<span class=\"tg-post-auther-name author vcard\">\n\t\t\t\t<a class=\"url fn n\" href=\"https:\/\/www.jesusprieto.es\/index.php\/author\/jesprie\/\">JPG<\/a>\t\t\t<\/span>\n\n\t\t\t\t\t<\/div>\n\n\t\t\n\t\t\t\t\n\t\t\t\t\t\t\t\t\t<div class=\"tg-excerpt entry-content\">\n\t\t\t\t\t\t<p>Tucidides &#8211; Alabanza de Atenas \u00abTenemos un r\u00e9gimen pol\u00edtico que no emula las leyes de otros pueblos, y m\u00e1s que<\/p>\n\t\t\t\t\t<\/div>\n\n\t\t\t\t\t\t\t\t\t<\/div>\n\t\t\t\t<\/div>\n\n\t\t\t\t\n\t\t\t<div class=\"tg_module_block tg-row tg-two-block\">\n\t\t\t\t\t\t\t\t\t\t<figure class=\"tg-module-thumb tg-col-control\">\n\t\t\t\t\t\t\t<a href=\"https:\/\/www.jesusprieto.es\/index.php\/2016\/12\/28\/listas-de-espera-quirurgica-en-la-sanidad-publica-madrilena\/\" class=\"tg-thumb-link\">\n\t\t\t<img loading=\"lazy\" decoding=\"async\" width=\"392\" height=\"272\" src=\"https:\/\/www.jesusprieto.es\/wp-content\/uploads\/2021\/03\/4-a-392x272.jpg\" class=\"attachment-colormag-highlighted-post size-colormag-highlighted-post wp-post-image\" alt=\"\" srcset=\"https:\/\/www.jesusprieto.es\/wp-content\/uploads\/2021\/03\/4-a-392x272.jpg 392w, https:\/\/www.jesusprieto.es\/wp-content\/uploads\/2021\/03\/4-a-130x90.jpg 130w, https:\/\/www.jesusprieto.es\/wp-content\/uploads\/2021\/03\/4-a-600x417.jpg 600w\" sizes=\"auto, (max-width: 392px) 100vw, 392px\" \/>\t\t<\/a>\n\t\t\t\t\t<\/figure>\n\t\t\t\t\t\n\t\t\t<div class=\"tg-module-info tg-col-control\">\n\t\t\t\t\t<h3 class=\"tg-module-title entry-title\">\n\t\t\t<a href=\"https:\/\/www.jesusprieto.es\/index.php\/2016\/12\/28\/listas-de-espera-quirurgica-en-la-sanidad-publica-madrilena\/\">Listas de Espera Quir\u00fargica en la Sanidad P\u00fablica Madrile\u00f1a<\/a>\n\t\t<\/h3>\n\t\t\n\t\t\t\t\n\t\t<div class=\"tg-module-meta\">\n\t\t\t\n\t\t\t<span class=\"tg-post-date entry-date\">\n\t\t\t\t<a href=\"https:\/\/www.jesusprieto.es\/index.php\/2016\/12\/28\/listas-de-espera-quirurgica-en-la-sanidad-publica-madrilena\/\" rel=\"bookmark\"><time class=\"entry-date published\" datetime=\"2016-12-28T12:29:56+00:00\">28\/12\/2016<\/time><time class=\"updated\" datetime=\"2021-03-23T20:16:22+00:00\">23\/03\/2021<\/time><\/a>\t\t\t<\/span>\n\n\t\t\t<span class=\"tg-post-auther-name author vcard\">\n\t\t\t\t<a class=\"url fn n\" href=\"https:\/\/www.jesusprieto.es\/index.php\/author\/jesprie\/\">JPG<\/a>\t\t\t<\/span>\n\n\t\t\t\t\t<\/div>\n\n\t\t\n\t\t\t\t\n\t\t\t\t\t\t\t\t\t<div class=\"tg-excerpt entry-content\">\n\t\t\t\t\t\t<p>Listas de Espera Quir\u00fargica en la Sanidad P\u00fablica Madrile\u00f1a DEFINICI\u00d3N DEL PROBLEMA &#8211; Definimos las listas de espera quir\u00fargicas como<\/p>\n\t\t\t\t\t<\/div>\n\n\t\t\t\t\t\t\t\t\t<\/div>\n\t\t\t\t<\/div>\n\n\t\t\t\t\n\t\t\t<div class=\"tg_module_block tg-row tg-two-block\">\n\t\t\t\t\t\t\t\t\t\t<figure class=\"tg-module-thumb tg-col-control\">\n\t\t\t\t\t\t\t<a href=\"https:\/\/www.jesusprieto.es\/index.php\/2016\/12\/27\/wilson-1944\/\" class=\"tg-thumb-link\">\n\t\t\t<img loading=\"lazy\" decoding=\"async\" width=\"181\" height=\"272\" src=\"https:\/\/www.jesusprieto.es\/wp-content\/uploads\/2021\/03\/8-a-181x272.jpg\" class=\"attachment-colormag-highlighted-post size-colormag-highlighted-post wp-post-image\" alt=\"\" \/>\t\t<\/a>\n\t\t\t\t\t<\/figure>\n\t\t\t\t\t\n\t\t\t<div class=\"tg-module-info tg-col-control\">\n\t\t\t\t\t<h3 class=\"tg-module-title entry-title\">\n\t\t\t<a href=\"https:\/\/www.jesusprieto.es\/index.php\/2016\/12\/27\/wilson-1944\/\">Wilson (1944)<\/a>\n\t\t<\/h3>\n\t\t\n\t\t\t\t\n\t\t<div class=\"tg-module-meta\">\n\t\t\t\n\t\t\t<span class=\"tg-post-date entry-date\">\n\t\t\t\t<a href=\"https:\/\/www.jesusprieto.es\/index.php\/2016\/12\/27\/wilson-1944\/\" rel=\"bookmark\"><time class=\"entry-date published\" datetime=\"2016-12-27T13:20:33+00:00\">27\/12\/2016<\/time><time class=\"updated\" datetime=\"2021-03-23T20:17:07+00:00\">23\/03\/2021<\/time><\/a>\t\t\t<\/span>\n\n\t\t\t<span class=\"tg-post-auther-name author vcard\">\n\t\t\t\t<a class=\"url fn n\" href=\"https:\/\/www.jesusprieto.es\/index.php\/author\/jesprie\/\">JPG<\/a>\t\t\t<\/span>\n\n\t\t\t\t\t<\/div>\n\n\t\t\n\t\t\t\t\n\t\t\t\t\t\t\t\t\t<div class=\"tg-excerpt entry-content\">\n\t\t\t\t\t\t<p>Wilson (1944) 1944, Director: Henry King, Guion: Lamar Trotti, Producci\u00f3n de D.F. Zanuck para Twentieth Century Fox. Se puede visionar<\/p>\n\t\t\t\t\t<\/div>\n\n\t\t\t\t\t\t\t\t\t<\/div>\n\t\t\t\t<\/div>\n\n\t\t\t\t\n\t\t\t<div class=\"tg_module_block tg-row tg-two-block\">\n\t\t\t\t\t\t\t\t\t\t<figure class=\"tg-module-thumb tg-col-control\">\n\t\t\t\t\t\t\t<a href=\"https:\/\/www.jesusprieto.es\/index.php\/2016\/05\/14\/la-politica-sectorial-de-empleo-en-espana\/\" class=\"tg-thumb-link\">\n\t\t\t<img loading=\"lazy\" decoding=\"async\" width=\"392\" height=\"272\" src=\"https:\/\/www.jesusprieto.es\/wp-content\/uploads\/2021\/03\/01-a-392x272.jpg\" class=\"attachment-colormag-highlighted-post size-colormag-highlighted-post wp-post-image\" alt=\"\" srcset=\"https:\/\/www.jesusprieto.es\/wp-content\/uploads\/2021\/03\/01-a-392x272.jpg 392w, https:\/\/www.jesusprieto.es\/wp-content\/uploads\/2021\/03\/01-a-130x90.jpg 130w, https:\/\/www.jesusprieto.es\/wp-content\/uploads\/2021\/03\/01-a-600x417.jpg 600w\" sizes=\"auto, (max-width: 392px) 100vw, 392px\" \/>\t\t<\/a>\n\t\t\t\t\t<\/figure>\n\t\t\t\t\t\n\t\t\t<div class=\"tg-module-info tg-col-control\">\n\t\t\t\t\t<h3 class=\"tg-module-title entry-title\">\n\t\t\t<a href=\"https:\/\/www.jesusprieto.es\/index.php\/2016\/05\/14\/la-politica-sectorial-de-empleo-en-espana\/\">La pol\u00edtica sectorial de empleo en Espa\u00f1a<\/a>\n\t\t<\/h3>\n\t\t\n\t\t\t\t\n\t\t<div class=\"tg-module-meta\">\n\t\t\t\n\t\t\t<span class=\"tg-post-date entry-date\">\n\t\t\t\t<a href=\"https:\/\/www.jesusprieto.es\/index.php\/2016\/05\/14\/la-politica-sectorial-de-empleo-en-espana\/\" rel=\"bookmark\"><time class=\"entry-date published\" datetime=\"2016-05-14T10:56:15+00:00\">14\/05\/2016<\/time><time class=\"updated\" datetime=\"2021-03-23T20:16:22+00:00\">23\/03\/2021<\/time><\/a>\t\t\t<\/span>\n\n\t\t\t<span class=\"tg-post-auther-name author vcard\">\n\t\t\t\t<a class=\"url fn n\" href=\"https:\/\/www.jesusprieto.es\/index.php\/author\/jesprie\/\">JPG<\/a>\t\t\t<\/span>\n\n\t\t\t\t\t<\/div>\n\n\t\t\n\t\t\t\t\n\t\t\t\t\t\t\t\t\t<div class=\"tg-excerpt entry-content\">\n\t\t\t\t\t\t<p>La pol\u00edtica sectorial de empleo en Espa\u00f1a POLITICAS SECTORIALES DE EMPLEO. &#8211; Desde 1997, las pol\u00edticas de empleo se convirtieron<\/p>\n\t\t\t\t\t<\/div>\n\n\t\t\t\t\t\t\t\t\t<\/div>\n\t\t\t\t<\/div>\n\n\t\t\t\t\n\t\t\t<div class=\"tg_module_block tg-row tg-two-block\">\n\t\t\t\t\t\t\t\t\t\t<figure class=\"tg-module-thumb tg-col-control\">\n\t\t\t\t\t\t\t<a href=\"https:\/\/www.jesusprieto.es\/index.php\/2016\/05\/07\/de-la-libertad-john-s\/\" class=\"tg-thumb-link\">\n\t\t\t<img loading=\"lazy\" decoding=\"async\" width=\"392\" height=\"272\" src=\"https:\/\/www.jesusprieto.es\/wp-content\/uploads\/2016\/05\/3-c-392x272.png\" class=\"attachment-colormag-highlighted-post size-colormag-highlighted-post wp-post-image\" alt=\"\" srcset=\"https:\/\/www.jesusprieto.es\/wp-content\/uploads\/2016\/05\/3-c-392x272.png 392w, https:\/\/www.jesusprieto.es\/wp-content\/uploads\/2016\/05\/3-c-300x207.png 300w, https:\/\/www.jesusprieto.es\/wp-content\/uploads\/2016\/05\/3-c-130x90.png 130w, https:\/\/www.jesusprieto.es\/wp-content\/uploads\/2016\/05\/3-c.png 593w\" sizes=\"auto, (max-width: 392px) 100vw, 392px\" \/>\t\t<\/a>\n\t\t\t\t\t<\/figure>\n\t\t\t\t\t\n\t\t\t<div class=\"tg-module-info tg-col-control\">\n\t\t\t\t\t<h3 class=\"tg-module-title entry-title\">\n\t\t\t<a href=\"https:\/\/www.jesusprieto.es\/index.php\/2016\/05\/07\/de-la-libertad-john-s\/\">De la libertad- John Stuart Mill<\/a>\n\t\t<\/h3>\n\t\t\n\t\t\t\t\n\t\t<div class=\"tg-module-meta\">\n\t\t\t\n\t\t\t<span class=\"tg-post-date entry-date\">\n\t\t\t\t<a href=\"https:\/\/www.jesusprieto.es\/index.php\/2016\/05\/07\/de-la-libertad-john-s\/\" rel=\"bookmark\"><time class=\"entry-date published\" datetime=\"2016-05-07T12:11:42+00:00\">07\/05\/2016<\/time><time class=\"updated\" datetime=\"2021-03-23T20:16:22+00:00\">23\/03\/2021<\/time><\/a>\t\t\t<\/span>\n\n\t\t\t<span class=\"tg-post-auther-name author vcard\">\n\t\t\t\t<a class=\"url fn n\" href=\"https:\/\/www.jesusprieto.es\/index.php\/author\/jesprie\/\">JPG<\/a>\t\t\t<\/span>\n\n\t\t\t\t\t<\/div>\n\n\t\t\n\t\t\t\t\n\t\t\t\t\t\t\t\t\t<div class=\"tg-excerpt entry-content\">\n\t\t\t\t\t\t<p>De la libertad- John Stuart Mill On liberty fue concebido como un peque\u00f1o ensayo, posteriormente ampliado y reelaborado hasta su<\/p>\n\t\t\t\t\t<\/div>\n\n\t\t\t\t\t\t\t\t\t<\/div>\n\t\t\t\t<\/div>\n\n\t\t\t\t\n\t\t\t<div class=\"tg_module_block tg-row tg-two-block\">\n\t\t\t\t\t\t\t\t\t\t<figure class=\"tg-module-thumb tg-col-control\">\n\t\t\t\t\t\t\t<a href=\"https:\/\/www.jesusprieto.es\/index.php\/2016\/04\/13\/informe-del-consejo-de-estado-sobre-modificaciones-de-la-constitucion-espanola-febrero-de-2006\/\" class=\"tg-thumb-link\">\n\t\t\t<img loading=\"lazy\" decoding=\"async\" width=\"392\" height=\"272\" src=\"https:\/\/www.jesusprieto.es\/wp-content\/uploads\/2016\/04\/2-m-392x272.jpg\" class=\"attachment-colormag-highlighted-post size-colormag-highlighted-post wp-post-image\" alt=\"\" srcset=\"https:\/\/www.jesusprieto.es\/wp-content\/uploads\/2016\/04\/2-m-392x272.jpg 392w, https:\/\/www.jesusprieto.es\/wp-content\/uploads\/2016\/04\/2-m-130x90.jpg 130w, https:\/\/www.jesusprieto.es\/wp-content\/uploads\/2016\/04\/2-m-600x417.jpg 600w\" sizes=\"auto, (max-width: 392px) 100vw, 392px\" \/>\t\t<\/a>\n\t\t\t\t\t<\/figure>\n\t\t\t\t\t\n\t\t\t<div class=\"tg-module-info tg-col-control\">\n\t\t\t\t\t<h3 class=\"tg-module-title entry-title\">\n\t\t\t<a href=\"https:\/\/www.jesusprieto.es\/index.php\/2016\/04\/13\/informe-del-consejo-de-estado-sobre-modificaciones-de-la-constitucion-espanola-febrero-de-2006\/\">La reforma del Senado para el Consejo de Estado (febrero de 2006)<\/a>\n\t\t<\/h3>\n\t\t\n\t\t\t\t\n\t\t<div class=\"tg-module-meta\">\n\t\t\t\n\t\t\t<span class=\"tg-post-date entry-date\">\n\t\t\t\t<a href=\"https:\/\/www.jesusprieto.es\/index.php\/2016\/04\/13\/informe-del-consejo-de-estado-sobre-modificaciones-de-la-constitucion-espanola-febrero-de-2006\/\" rel=\"bookmark\"><time class=\"entry-date published\" datetime=\"2016-04-13T11:31:44+00:00\">13\/04\/2016<\/time><time class=\"updated\" datetime=\"2021-03-23T20:16:22+00:00\">23\/03\/2021<\/time><\/a>\t\t\t<\/span>\n\n\t\t\t<span class=\"tg-post-auther-name author vcard\">\n\t\t\t\t<a class=\"url fn n\" href=\"https:\/\/www.jesusprieto.es\/index.php\/author\/jesprie\/\">JPG<\/a>\t\t\t<\/span>\n\n\t\t\t\t\t<\/div>\n\n\t\t\n\t\t\t\t\n\t\t\t\t\t\t\t\t\t<div class=\"tg-excerpt entry-content\">\n\t\t\t\t\t\t<p>La reforma del Senado para el Consejo de Estado (febrero de 2006) El Consejo de Estado elabor\u00f3 en febrero de<\/p>\n\t\t\t\t\t<\/div>\n\n\t\t\t\t\t\t\t\t\t<\/div>\n\t\t\t\t<\/div>\n\n\t\t\t\t\t\t\t\t<\/div>\n\n\t\t\t\t\t\t<\/div>\n\t\t\t\t<\/div>\n\t\t\t\t\t<\/div>\n\t\t<\/div>\n\t\t\t\t<div class=\"elementor-column elementor-col-50 elementor-top-column elementor-element elementor-element-f173515\" data-id=\"f173515\" data-element_type=\"column\">\n\t\t\t<div class=\"elementor-widget-wrap elementor-element-populated\">\n\t\t\t\t\t\t\t\t<div class=\"elementor-element elementor-element-c6db060 elementor-widget elementor-widget-ColorMag-Posts-Block-4\" data-id=\"c6db060\" data-element_type=\"widget\" data-widget_type=\"ColorMag-Posts-Block-4.default\">\n\t\t\t\t<div class=\"elementor-widget-container\">\n\t\t\t\n\t\t<div class=\"tg-module-block tg-module-block--style-4 tg-module-wrapper\">\n\t\t\n\t\t\t<div class=\"tg_module_block tg-row tg-two-block\">\n\t\t\t\t\t\t\t\t\t\t<figure class=\"tg-module-thumb tg-col-control\">\n\t\t\t\t\t\t\t<a href=\"https:\/\/www.jesusprieto.es\/index.php\/2020\/06\/27\/el-psoe-y-la-dictadura-de-primo-de-rivera\/\" class=\"tg-thumb-link\">\n\t\t\t<img loading=\"lazy\" decoding=\"async\" width=\"392\" height=\"272\" src=\"https:\/\/www.jesusprieto.es\/wp-content\/uploads\/2021\/03\/48-a-392x272.jpg\" class=\"attachment-colormag-highlighted-post size-colormag-highlighted-post wp-post-image\" alt=\"\" srcset=\"https:\/\/www.jesusprieto.es\/wp-content\/uploads\/2021\/03\/48-a-392x272.jpg 392w, https:\/\/www.jesusprieto.es\/wp-content\/uploads\/2021\/03\/48-a-130x90.jpg 130w\" sizes=\"auto, (max-width: 392px) 100vw, 392px\" \/>\t\t<\/a>\n\t\t\t\t\t<\/figure>\n\t\t\t\t\t\n\t\t\t<div class=\"tg-module-info tg-col-control\">\n\t\t\t\t\t<h3 class=\"tg-module-title entry-title\">\n\t\t\t<a href=\"https:\/\/www.jesusprieto.es\/index.php\/2020\/06\/27\/el-psoe-y-la-dictadura-de-primo-de-rivera\/\">El PSOE y la Dictadura de Primo de Rivera<\/a>\n\t\t<\/h3>\n\t\t\n\t\t\t\t\n\t\t<div class=\"tg-module-meta\">\n\t\t\t\n\t\t\t<span class=\"tg-post-date entry-date\">\n\t\t\t\t<a href=\"https:\/\/www.jesusprieto.es\/index.php\/2020\/06\/27\/el-psoe-y-la-dictadura-de-primo-de-rivera\/\" rel=\"bookmark\"><time class=\"entry-date published\" datetime=\"2020-06-27T19:35:55+00:00\">27\/06\/2020<\/time><time class=\"updated\" datetime=\"2021-03-23T20:11:19+00:00\">23\/03\/2021<\/time><\/a>\t\t\t<\/span>\n\n\t\t\t<span class=\"tg-post-auther-name author vcard\">\n\t\t\t\t<a class=\"url fn n\" href=\"https:\/\/www.jesusprieto.es\/index.php\/author\/jesprie\/\">JPG<\/a>\t\t\t<\/span>\n\n\t\t\t\t\t<\/div>\n\n\t\t\n\t\t\t\t\n\t\t\t\t\t\t\t\t\t<div class=\"tg-excerpt entry-content\">\n\t\t\t\t\t\t<p>El PSOE y la Dictadura de Primo de Rivera 1.\u00a0\u00a0\u00a0 Introducci\u00f3n El pasado octubre, durante una entrevista en El Pa\u00eds<\/p>\n\t\t\t\t\t<\/div>\n\n\t\t\t\t\t\t\t\t\t<\/div>\n\t\t\t\t<\/div>\n\n\t\t\t\t\n\t\t\t<div class=\"tg_module_block tg-row tg-two-block\">\n\t\t\t\t\t\t\t\t\t\t<figure class=\"tg-module-thumb tg-col-control\">\n\t\t\t\t\t\t\t<a href=\"https:\/\/www.jesusprieto.es\/index.php\/2020\/06\/27\/estado-de-la-cuestion-el-golpe-de-primo-de-rivera\/\" class=\"tg-thumb-link\">\n\t\t\t<img loading=\"lazy\" decoding=\"async\" width=\"392\" height=\"272\" src=\"https:\/\/www.jesusprieto.es\/wp-content\/uploads\/2021\/03\/41-a-392x272.jpg\" class=\"attachment-colormag-highlighted-post size-colormag-highlighted-post wp-post-image\" alt=\"\" srcset=\"https:\/\/www.jesusprieto.es\/wp-content\/uploads\/2021\/03\/41-a-392x272.jpg 392w, https:\/\/www.jesusprieto.es\/wp-content\/uploads\/2021\/03\/41-a-130x90.jpg 130w\" sizes=\"auto, (max-width: 392px) 100vw, 392px\" \/>\t\t<\/a>\n\t\t\t\t\t<\/figure>\n\t\t\t\t\t\n\t\t\t<div class=\"tg-module-info tg-col-control\">\n\t\t\t\t\t<h3 class=\"tg-module-title entry-title\">\n\t\t\t<a href=\"https:\/\/www.jesusprieto.es\/index.php\/2020\/06\/27\/estado-de-la-cuestion-el-golpe-de-primo-de-rivera\/\">Estado de la Cuesti\u00f3n: El Golpe de Primo de Rivera<\/a>\n\t\t<\/h3>\n\t\t\n\t\t\t\t\n\t\t<div class=\"tg-module-meta\">\n\t\t\t\n\t\t\t<span class=\"tg-post-date entry-date\">\n\t\t\t\t<a href=\"https:\/\/www.jesusprieto.es\/index.php\/2020\/06\/27\/estado-de-la-cuestion-el-golpe-de-primo-de-rivera\/\" rel=\"bookmark\"><time class=\"entry-date published\" datetime=\"2020-06-27T17:50:26+00:00\">27\/06\/2020<\/time><time class=\"updated\" datetime=\"2021-03-23T20:11:53+00:00\">23\/03\/2021<\/time><\/a>\t\t\t<\/span>\n\n\t\t\t<span class=\"tg-post-auther-name author vcard\">\n\t\t\t\t<a class=\"url fn n\" href=\"https:\/\/www.jesusprieto.es\/index.php\/author\/jesprie\/\">JPG<\/a>\t\t\t<\/span>\n\n\t\t\t\t\t<\/div>\n\n\t\t\n\t\t\t\t\n\t\t\t\t\t\t\t\t\t<div class=\"tg-excerpt entry-content\">\n\t\t\t\t\t\t<p>Estado de la Cuesti\u00f3n: El Golpe de Primo de Rivera 1.\u00a0\u00a0\u00a0 Introducci\u00f3n \u00a0\u00a0\u00a0\u00a0\u00a0\u00a0\u00a0 En 1931, Curzio Malaparte public\u00f3 un cl\u00e1sico<\/p>\n\t\t\t\t\t<\/div>\n\n\t\t\t\t\t\t\t\t\t<\/div>\n\t\t\t\t<\/div>\n\n\t\t\t\t\n\t\t\t<div class=\"tg_module_block tg-row tg-two-block\">\n\t\t\t\t\t\t\t\t\t\t<figure class=\"tg-module-thumb tg-col-control\">\n\t\t\t\t\t\t\t<a href=\"https:\/\/www.jesusprieto.es\/index.php\/2020\/06\/19\/mexico-espana-1910-1936-relaciones-bilaterales\/\" class=\"tg-thumb-link\">\n\t\t\t<img loading=\"lazy\" decoding=\"async\" width=\"360\" height=\"272\" src=\"https:\/\/www.jesusprieto.es\/wp-content\/uploads\/2021\/03\/46-a-360x272.jpg\" class=\"attachment-colormag-highlighted-post size-colormag-highlighted-post wp-post-image\" alt=\"\" \/>\t\t<\/a>\n\t\t\t\t\t<\/figure>\n\t\t\t\t\t\n\t\t\t<div class=\"tg-module-info tg-col-control\">\n\t\t\t\t\t<h3 class=\"tg-module-title entry-title\">\n\t\t\t<a href=\"https:\/\/www.jesusprieto.es\/index.php\/2020\/06\/19\/mexico-espana-1910-1936-relaciones-bilaterales\/\">M\u00e9xico \/ Espa\u00f1a (1910-1936). Relaciones Bilaterales<\/a>\n\t\t<\/h3>\n\t\t\n\t\t\t\t\n\t\t<div class=\"tg-module-meta\">\n\t\t\t\n\t\t\t<span class=\"tg-post-date entry-date\">\n\t\t\t\t<a href=\"https:\/\/www.jesusprieto.es\/index.php\/2020\/06\/19\/mexico-espana-1910-1936-relaciones-bilaterales\/\" rel=\"bookmark\"><time class=\"entry-date published\" datetime=\"2020-06-19T18:19:55+00:00\">19\/06\/2020<\/time><time class=\"updated\" datetime=\"2021-03-23T20:11:59+00:00\">23\/03\/2021<\/time><\/a>\t\t\t<\/span>\n\n\t\t\t<span class=\"tg-post-auther-name author vcard\">\n\t\t\t\t<a class=\"url fn n\" href=\"https:\/\/www.jesusprieto.es\/index.php\/author\/jesprie\/\">JPG<\/a>\t\t\t<\/span>\n\n\t\t\t\t\t<\/div>\n\n\t\t\n\t\t\t\t\n\t\t\t\t\t\t\t\t\t<div class=\"tg-excerpt entry-content\">\n\t\t\t\t\t\t<p>M\u00e9xico \/ Espa\u00f1a (1910-1936). Relaciones Bilaterales 1.\u00a0\u00a0\u00a0 Introducci\u00f3n En marzo de 2019 se hizo p\u00fablica una carta del reci\u00e9n nombrado<\/p>\n\t\t\t\t\t<\/div>\n\n\t\t\t\t\t\t\t\t\t<\/div>\n\t\t\t\t<\/div>\n\n\t\t\t\t\n\t\t\t<div class=\"tg_module_block tg-row tg-two-block\">\n\t\t\t\t\t\t\t\t\t\t<figure class=\"tg-module-thumb tg-col-control\">\n\t\t\t\t\t\t\t<a href=\"https:\/\/www.jesusprieto.es\/index.php\/2020\/06\/19\/alfonso-xiii-y-los-partidos-politicos-durante-la-ii-republica\/\" class=\"tg-thumb-link\">\n\t\t\t<img loading=\"lazy\" decoding=\"async\" width=\"367\" height=\"137\" src=\"https:\/\/www.jesusprieto.es\/wp-content\/uploads\/2021\/03\/34-t.jpg\" class=\"attachment-colormag-highlighted-post size-colormag-highlighted-post wp-post-image\" alt=\"\" srcset=\"https:\/\/www.jesusprieto.es\/wp-content\/uploads\/2021\/03\/34-t.jpg 367w, https:\/\/www.jesusprieto.es\/wp-content\/uploads\/2021\/03\/34-t-300x112.jpg 300w\" sizes=\"auto, (max-width: 367px) 100vw, 367px\" \/>\t\t<\/a>\n\t\t\t\t\t<\/figure>\n\t\t\t\t\t\n\t\t\t<div class=\"tg-module-info tg-col-control\">\n\t\t\t\t\t<h3 class=\"tg-module-title entry-title\">\n\t\t\t<a href=\"https:\/\/www.jesusprieto.es\/index.php\/2020\/06\/19\/alfonso-xiii-y-los-partidos-politicos-durante-la-ii-republica\/\">ALFONSO XIII Y LOS PARTIDOS POL\u00cdTICOS DURANTE LA II REP\u00daBLICA<\/a>\n\t\t<\/h3>\n\t\t\n\t\t\t\t\n\t\t<div class=\"tg-module-meta\">\n\t\t\t\n\t\t\t<span class=\"tg-post-date entry-date\">\n\t\t\t\t<a href=\"https:\/\/www.jesusprieto.es\/index.php\/2020\/06\/19\/alfonso-xiii-y-los-partidos-politicos-durante-la-ii-republica\/\" rel=\"bookmark\"><time class=\"entry-date published\" datetime=\"2020-06-19T17:28:03+00:00\">19\/06\/2020<\/time><time class=\"updated\" datetime=\"2021-03-23T20:12:10+00:00\">23\/03\/2021<\/time><\/a>\t\t\t<\/span>\n\n\t\t\t<span class=\"tg-post-auther-name author vcard\">\n\t\t\t\t<a class=\"url fn n\" href=\"https:\/\/www.jesusprieto.es\/index.php\/author\/jesprie\/\">JPG<\/a>\t\t\t<\/span>\n\n\t\t\t\t\t<\/div>\n\n\t\t\n\t\t\t\t\n\t\t\t\t\t\t\t\t\t<div class=\"tg-excerpt entry-content\">\n\t\t\t\t\t\t<p>ALFONSO XIII Y LOS PARTIDOS POL\u00cdTICOS DURANTE LA II REP\u00daBLICA 1.\u00a0\u00a0\u00a0 Introducci\u00f3n Durante los primeros meses de 1931, Alfonso XIII<\/p>\n\t\t\t\t\t<\/div>\n\n\t\t\t\t\t\t\t\t\t<\/div>\n\t\t\t\t<\/div>\n\n\t\t\t\t\n\t\t\t<div class=\"tg_module_block tg-row tg-two-block\">\n\t\t\t\t\t\t\t\t\t\t<figure class=\"tg-module-thumb tg-col-control\">\n\t\t\t\t\t\t\t<a href=\"https:\/\/www.jesusprieto.es\/index.php\/2020\/06\/02\/comparativa-joaquin-soler-serrano-inaki-gabilondo\/\" class=\"tg-thumb-link\">\n\t\t\t<img loading=\"lazy\" decoding=\"async\" width=\"392\" height=\"272\" src=\"https:\/\/www.jesusprieto.es\/wp-content\/uploads\/2021\/03\/51-a-392x272.png\" class=\"attachment-colormag-highlighted-post size-colormag-highlighted-post wp-post-image\" alt=\"\" srcset=\"https:\/\/www.jesusprieto.es\/wp-content\/uploads\/2021\/03\/51-a-392x272.png 392w, https:\/\/www.jesusprieto.es\/wp-content\/uploads\/2021\/03\/51-a-130x90.png 130w\" sizes=\"auto, (max-width: 392px) 100vw, 392px\" \/>\t\t<\/a>\n\t\t\t\t\t<\/figure>\n\t\t\t\t\t\n\t\t\t<div class=\"tg-module-info tg-col-control\">\n\t\t\t\t\t<h3 class=\"tg-module-title entry-title\">\n\t\t\t<a href=\"https:\/\/www.jesusprieto.es\/index.php\/2020\/06\/02\/comparativa-joaquin-soler-serrano-inaki-gabilondo\/\">COMPARATIVA: JOAQU\u00cdN SOLER SERRANO, I\u00d1AKI GABILONDO<\/a>\n\t\t<\/h3>\n\t\t\n\t\t\t\t\n\t\t<div class=\"tg-module-meta\">\n\t\t\t\n\t\t\t<span class=\"tg-post-date entry-date\">\n\t\t\t\t<a href=\"https:\/\/www.jesusprieto.es\/index.php\/2020\/06\/02\/comparativa-joaquin-soler-serrano-inaki-gabilondo\/\" rel=\"bookmark\"><time class=\"entry-date published\" datetime=\"2020-06-02T19:47:35+00:00\">02\/06\/2020<\/time><time class=\"updated\" datetime=\"2021-03-23T20:09:53+00:00\">23\/03\/2021<\/time><\/a>\t\t\t<\/span>\n\n\t\t\t<span class=\"tg-post-auther-name author vcard\">\n\t\t\t\t<a class=\"url fn n\" href=\"https:\/\/www.jesusprieto.es\/index.php\/author\/jesprie\/\">JPG<\/a>\t\t\t<\/span>\n\n\t\t\t\t\t<\/div>\n\n\t\t\n\t\t\t\t\n\t\t\t\t\t\t\t\t\t<div class=\"tg-excerpt entry-content\">\n\t\t\t\t\t\t<p>COMPARATIVA: JOAQU\u00cdN SOLER SERRANO, I\u00d1AKI GABILONDO En 1999 Radio Barcelona celebr\u00f3 su 75 aniversario y los Premios Ondas de aquel<\/p>\n\t\t\t\t\t<\/div>\n\n\t\t\t\t\t\t\t\t\t<\/div>\n\t\t\t\t<\/div>\n\n\t\t\t\t\n\t\t\t<div class=\"tg_module_block tg-row tg-two-block\">\n\t\t\t\t\t\t\t\t\t\t<figure class=\"tg-module-thumb tg-col-control\">\n\t\t\t\t\t\t\t<a href=\"https:\/\/www.jesusprieto.es\/index.php\/2020\/06\/02\/conxita-simarro-diario-de-una-nina-en-tiempos-de-guerra-y-exilio-1938-1944\/\" class=\"tg-thumb-link\">\n\t\t\t<img loading=\"lazy\" decoding=\"async\" width=\"392\" height=\"272\" src=\"https:\/\/www.jesusprieto.es\/wp-content\/uploads\/2021\/03\/50-a-392x272.jpg\" class=\"attachment-colormag-highlighted-post size-colormag-highlighted-post wp-post-image\" alt=\"\" srcset=\"https:\/\/www.jesusprieto.es\/wp-content\/uploads\/2021\/03\/50-a-392x272.jpg 392w, https:\/\/www.jesusprieto.es\/wp-content\/uploads\/2021\/03\/50-a-130x90.jpg 130w\" sizes=\"auto, (max-width: 392px) 100vw, 392px\" \/>\t\t<\/a>\n\t\t\t\t\t<\/figure>\n\t\t\t\t\t\n\t\t\t<div class=\"tg-module-info tg-col-control\">\n\t\t\t\t\t<h3 class=\"tg-module-title entry-title\">\n\t\t\t<a href=\"https:\/\/www.jesusprieto.es\/index.php\/2020\/06\/02\/conxita-simarro-diario-de-una-nina-en-tiempos-de-guerra-y-exilio-1938-1944\/\">CONXITA SIMARRO, DIARIO DE UNA NI\u00d1A EN TIEMPOS DE GUERRA Y EXILIO (1938-1944)<\/a>\n\t\t<\/h3>\n\t\t\n\t\t\t\t\n\t\t<div class=\"tg-module-meta\">\n\t\t\t\n\t\t\t<span class=\"tg-post-date entry-date\">\n\t\t\t\t<a href=\"https:\/\/www.jesusprieto.es\/index.php\/2020\/06\/02\/conxita-simarro-diario-de-una-nina-en-tiempos-de-guerra-y-exilio-1938-1944\/\" rel=\"bookmark\"><time class=\"entry-date published\" datetime=\"2020-06-02T19:44:50+00:00\">02\/06\/2020<\/time><time class=\"updated\" datetime=\"2021-03-23T20:09:53+00:00\">23\/03\/2021<\/time><\/a>\t\t\t<\/span>\n\n\t\t\t<span class=\"tg-post-auther-name author vcard\">\n\t\t\t\t<a class=\"url fn n\" href=\"https:\/\/www.jesusprieto.es\/index.php\/author\/jesprie\/\">JPG<\/a>\t\t\t<\/span>\n\n\t\t\t\t\t<\/div>\n\n\t\t\n\t\t\t\t\n\t\t\t\t\t\t\t\t\t<div class=\"tg-excerpt entry-content\">\n\t\t\t\t\t\t<p>CONXITA SIMARRO, DIARIO DE UNA NI\u00d1A EN TIEMPOS DE GUERRA Y EXILIO (1938-1944) Hay una escena en la pel\u00edcula Casablanca<\/p>\n\t\t\t\t\t<\/div>\n\n\t\t\t\t\t\t\t\t\t<\/div>\n\t\t\t\t<\/div>\n\n\t\t\t\t\n\t\t\t<div class=\"tg_module_block tg-row tg-two-block\">\n\t\t\t\t\t\t\t\t\t\t<figure class=\"tg-module-thumb tg-col-control\">\n\t\t\t\t\t\t\t<a href=\"https:\/\/www.jesusprieto.es\/index.php\/2020\/05\/24\/la-politica-exterior-espanola-en-europa-durante-la-dictadura-de-primo-de-rivera-1923-1930\/\" class=\"tg-thumb-link\">\n\t\t\t<img loading=\"lazy\" decoding=\"async\" width=\"392\" height=\"272\" src=\"https:\/\/www.jesusprieto.es\/wp-content\/uploads\/2021\/03\/43-a-392x272.jpg\" class=\"attachment-colormag-highlighted-post size-colormag-highlighted-post wp-post-image\" alt=\"\" srcset=\"https:\/\/www.jesusprieto.es\/wp-content\/uploads\/2021\/03\/43-a-392x272.jpg 392w, https:\/\/www.jesusprieto.es\/wp-content\/uploads\/2021\/03\/43-a-130x90.jpg 130w\" sizes=\"auto, (max-width: 392px) 100vw, 392px\" \/>\t\t<\/a>\n\t\t\t\t\t<\/figure>\n\t\t\t\t\t\n\t\t\t<div class=\"tg-module-info tg-col-control\">\n\t\t\t\t\t<h3 class=\"tg-module-title entry-title\">\n\t\t\t<a href=\"https:\/\/www.jesusprieto.es\/index.php\/2020\/05\/24\/la-politica-exterior-espanola-en-europa-durante-la-dictadura-de-primo-de-rivera-1923-1930\/\">La pol\u00edtica exterior espa\u00f1ola en Europa durante la Dictadura de Primo de Rivera (1923-1930)<\/a>\n\t\t<\/h3>\n\t\t\n\t\t\t\t\n\t\t<div class=\"tg-module-meta\">\n\t\t\t\n\t\t\t<span class=\"tg-post-date entry-date\">\n\t\t\t\t<a href=\"https:\/\/www.jesusprieto.es\/index.php\/2020\/05\/24\/la-politica-exterior-espanola-en-europa-durante-la-dictadura-de-primo-de-rivera-1923-1930\/\" rel=\"bookmark\"><time class=\"entry-date published\" datetime=\"2020-05-24T17:58:43+00:00\">24\/05\/2020<\/time><time class=\"updated\" datetime=\"2021-03-23T20:12:17+00:00\">23\/03\/2021<\/time><\/a>\t\t\t<\/span>\n\n\t\t\t<span class=\"tg-post-auther-name author vcard\">\n\t\t\t\t<a class=\"url fn n\" href=\"https:\/\/www.jesusprieto.es\/index.php\/author\/jesprie\/\">JPG<\/a>\t\t\t<\/span>\n\n\t\t\t\t\t<\/div>\n\n\t\t\n\t\t\t\t\n\t\t\t\t\t\t\t\t\t<div class=\"tg-excerpt entry-content\">\n\t\t\t\t\t\t<p>La pol\u00edtica exterior espa\u00f1ola en Europa durante la Dictadura de Primo de Rivera (1923-1930) 1.\u00a0\u00a0\u00a0 Introducci\u00f3n Reflexionamos sobre la pol\u00edtica<\/p>\n\t\t\t\t\t<\/div>\n\n\t\t\t\t\t\t\t\t\t<\/div>\n\t\t\t\t<\/div>\n\n\t\t\t\t\n\t\t\t<div class=\"tg_module_block tg-row tg-two-block\">\n\t\t\t\t\t\t\t\t\t\t<figure class=\"tg-module-thumb tg-col-control\">\n\t\t\t\t\t\t\t<a href=\"https:\/\/www.jesusprieto.es\/index.php\/2020\/05\/23\/castelar-en-la-restauracion\/\" class=\"tg-thumb-link\">\n\t\t\t<img loading=\"lazy\" decoding=\"async\" width=\"392\" height=\"272\" src=\"https:\/\/www.jesusprieto.es\/wp-content\/uploads\/2021\/03\/39-a-392x272.jpg\" class=\"attachment-colormag-highlighted-post size-colormag-highlighted-post wp-post-image\" alt=\"\" srcset=\"https:\/\/www.jesusprieto.es\/wp-content\/uploads\/2021\/03\/39-a-392x272.jpg 392w, https:\/\/www.jesusprieto.es\/wp-content\/uploads\/2021\/03\/39-a-130x90.jpg 130w, https:\/\/www.jesusprieto.es\/wp-content\/uploads\/2021\/03\/39-a-600x417.jpg 600w\" sizes=\"auto, (max-width: 392px) 100vw, 392px\" \/>\t\t<\/a>\n\t\t\t\t\t<\/figure>\n\t\t\t\t\t\n\t\t\t<div class=\"tg-module-info tg-col-control\">\n\t\t\t\t\t<h3 class=\"tg-module-title entry-title\">\n\t\t\t<a href=\"https:\/\/www.jesusprieto.es\/index.php\/2020\/05\/23\/castelar-en-la-restauracion\/\">Castelar en la Restauraci\u00f3n<\/a>\n\t\t<\/h3>\n\t\t\n\t\t\t\t\n\t\t<div class=\"tg-module-meta\">\n\t\t\t\n\t\t\t<span class=\"tg-post-date entry-date\">\n\t\t\t\t<a href=\"https:\/\/www.jesusprieto.es\/index.php\/2020\/05\/23\/castelar-en-la-restauracion\/\" rel=\"bookmark\"><time class=\"entry-date published\" datetime=\"2020-05-23T17:39:07+00:00\">23\/05\/2020<\/time><time class=\"updated\" datetime=\"2021-03-23T20:12:26+00:00\">23\/03\/2021<\/time><\/a>\t\t\t<\/span>\n\n\t\t\t<span class=\"tg-post-auther-name author vcard\">\n\t\t\t\t<a class=\"url fn n\" href=\"https:\/\/www.jesusprieto.es\/index.php\/author\/jesprie\/\">JPG<\/a>\t\t\t<\/span>\n\n\t\t\t\t\t<\/div>\n\n\t\t\n\t\t\t\t\n\t\t\t\t\t\t\t\t\t<div class=\"tg-excerpt entry-content\">\n\t\t\t\t\t\t<p>Castelar en la Restauraci\u00f3n Es evidente que Emilio Castelar fue uno de los personajes m\u00e1s populares y celebrados de la<\/p>\n\t\t\t\t\t<\/div>\n\n\t\t\t\t\t\t\t\t\t<\/div>\n\t\t\t\t<\/div>\n\n\t\t\t\t\n\t\t\t<div class=\"tg_module_block tg-row tg-two-block\">\n\t\t\t\t\t\t\t\t\t\t<figure class=\"tg-module-thumb tg-col-control\">\n\t\t\t\t\t\t\t<a href=\"https:\/\/www.jesusprieto.es\/index.php\/2020\/05\/19\/todorov-la-memoria-tiene-una-potencia-que-la-historia-nunca-alcanza\/\" class=\"tg-thumb-link\">\n\t\t\t<img loading=\"lazy\" decoding=\"async\" width=\"362\" height=\"236\" src=\"https:\/\/www.jesusprieto.es\/wp-content\/uploads\/2021\/03\/49-a.jpg\" class=\"attachment-colormag-highlighted-post size-colormag-highlighted-post wp-post-image\" alt=\"\" srcset=\"https:\/\/www.jesusprieto.es\/wp-content\/uploads\/2021\/03\/49-a.jpg 362w, https:\/\/www.jesusprieto.es\/wp-content\/uploads\/2021\/03\/49-a-300x196.jpg 300w\" sizes=\"auto, (max-width: 362px) 100vw, 362px\" \/>\t\t<\/a>\n\t\t\t\t\t<\/figure>\n\t\t\t\t\t\n\t\t\t<div class=\"tg-module-info tg-col-control\">\n\t\t\t\t\t<h3 class=\"tg-module-title entry-title\">\n\t\t\t<a href=\"https:\/\/www.jesusprieto.es\/index.php\/2020\/05\/19\/todorov-la-memoria-tiene-una-potencia-que-la-historia-nunca-alcanza\/\">Todorov. La memoria tiene una potencia que la Historia nunca alcanza<\/a>\n\t\t<\/h3>\n\t\t\n\t\t\t\t\n\t\t<div class=\"tg-module-meta\">\n\t\t\t\n\t\t\t<span class=\"tg-post-date entry-date\">\n\t\t\t\t<a href=\"https:\/\/www.jesusprieto.es\/index.php\/2020\/05\/19\/todorov-la-memoria-tiene-una-potencia-que-la-historia-nunca-alcanza\/\" rel=\"bookmark\"><time class=\"entry-date published\" datetime=\"2020-05-19T19:40:32+00:00\">19\/05\/2020<\/time><time class=\"updated\" datetime=\"2021-03-23T20:12:44+00:00\">23\/03\/2021<\/time><\/a>\t\t\t<\/span>\n\n\t\t\t<span class=\"tg-post-auther-name author vcard\">\n\t\t\t\t<a class=\"url fn n\" href=\"https:\/\/www.jesusprieto.es\/index.php\/author\/jesprie\/\">JPG<\/a>\t\t\t<\/span>\n\n\t\t\t\t\t<\/div>\n\n\t\t\n\t\t\t\t\n\t\t\t\t\t\t\t\t\t<div class=\"tg-excerpt entry-content\">\n\t\t\t\t\t\t<p>Todorov. La memoria tiene una potencia que la Historia nunca alcanza Procedo a realizar un comentario cr\u00edtico de la entrevista<\/p>\n\t\t\t\t\t<\/div>\n\n\t\t\t\t\t\t\t\t\t<\/div>\n\t\t\t\t<\/div>\n\n\t\t\t\t\n\t\t\t<div class=\"tg_module_block tg-row tg-two-block\">\n\t\t\t\t\t\t\t\t\t\t<figure class=\"tg-module-thumb tg-col-control\">\n\t\t\t\t\t\t\t<a href=\"https:\/\/www.jesusprieto.es\/index.php\/2020\/04\/19\/javier-moreno-luzon-coord-alfonso-xiii-un-politico-en-el-trono\/\" class=\"tg-thumb-link\">\n\t\t\t<img loading=\"lazy\" decoding=\"async\" width=\"375\" height=\"272\" src=\"https:\/\/www.jesusprieto.es\/wp-content\/uploads\/2021\/03\/40-a-375x272.png\" class=\"attachment-colormag-highlighted-post size-colormag-highlighted-post wp-post-image\" alt=\"\" \/>\t\t<\/a>\n\t\t\t\t\t<\/figure>\n\t\t\t\t\t\n\t\t\t<div class=\"tg-module-info tg-col-control\">\n\t\t\t\t\t<h3 class=\"tg-module-title entry-title\">\n\t\t\t<a href=\"https:\/\/www.jesusprieto.es\/index.php\/2020\/04\/19\/javier-moreno-luzon-coord-alfonso-xiii-un-politico-en-el-trono\/\">JAVIER MORENO LUZ\u00d3N (COORD.)  ALFONSO XIII. UN POL\u00cdTICO EN EL TRONO<\/a>\n\t\t<\/h3>\n\t\t\n\t\t\t\t\n\t\t<div class=\"tg-module-meta\">\n\t\t\t\n\t\t\t<span class=\"tg-post-date entry-date\">\n\t\t\t\t<a href=\"https:\/\/www.jesusprieto.es\/index.php\/2020\/04\/19\/javier-moreno-luzon-coord-alfonso-xiii-un-politico-en-el-trono\/\" rel=\"bookmark\"><time class=\"entry-date published\" datetime=\"2020-04-19T17:46:02+00:00\">19\/04\/2020<\/time><time class=\"updated\" datetime=\"2021-03-23T20:12:58+00:00\">23\/03\/2021<\/time><\/a>\t\t\t<\/span>\n\n\t\t\t<span class=\"tg-post-auther-name author vcard\">\n\t\t\t\t<a class=\"url fn n\" href=\"https:\/\/www.jesusprieto.es\/index.php\/author\/jesprie\/\">JPG<\/a>\t\t\t<\/span>\n\n\t\t\t\t\t<\/div>\n\n\t\t\n\t\t\t\t\n\t\t\t\t\t\t\t\t\t<div class=\"tg-excerpt entry-content\">\n\t\t\t\t\t\t<p>JAVIER MORENO LUZ\u00d3N (COORD.) ALFONSO XIII. UN POL\u00cdTICO EN EL TRONO Procedo a realizar la recensi\u00f3n de la obra colectiva<\/p>\n\t\t\t\t\t<\/div>\n\n\t\t\t\t\t\t\t\t\t<\/div>\n\t\t\t\t<\/div>\n\n\t\t\t\t\n\t\t\t<div class=\"tg_module_block tg-row tg-two-block\">\n\t\t\t\t\t\t\t\t\t\t<figure class=\"tg-module-thumb tg-col-control\">\n\t\t\t\t\t\t\t<a href=\"https:\/\/www.jesusprieto.es\/index.php\/2020\/04\/01\/monarquia-constitucional-monarquia-parlamentaria\/\" class=\"tg-thumb-link\">\n\t\t\t<img loading=\"lazy\" decoding=\"async\" width=\"392\" height=\"272\" src=\"https:\/\/www.jesusprieto.es\/wp-content\/uploads\/2021\/03\/38-a-392x272.jpg\" class=\"attachment-colormag-highlighted-post size-colormag-highlighted-post wp-post-image\" alt=\"\" srcset=\"https:\/\/www.jesusprieto.es\/wp-content\/uploads\/2021\/03\/38-a-392x272.jpg 392w, https:\/\/www.jesusprieto.es\/wp-content\/uploads\/2021\/03\/38-a-130x90.jpg 130w\" sizes=\"auto, (max-width: 392px) 100vw, 392px\" \/>\t\t<\/a>\n\t\t\t\t\t<\/figure>\n\t\t\t\t\t\n\t\t\t<div class=\"tg-module-info tg-col-control\">\n\t\t\t\t\t<h3 class=\"tg-module-title entry-title\">\n\t\t\t<a href=\"https:\/\/www.jesusprieto.es\/index.php\/2020\/04\/01\/monarquia-constitucional-monarquia-parlamentaria\/\">Monarqu\u00eda Constitucional \/ Monarqu\u00eda Parlamentaria<\/a>\n\t\t<\/h3>\n\t\t\n\t\t\t\t\n\t\t<div class=\"tg-module-meta\">\n\t\t\t\n\t\t\t<span class=\"tg-post-date entry-date\">\n\t\t\t\t<a href=\"https:\/\/www.jesusprieto.es\/index.php\/2020\/04\/01\/monarquia-constitucional-monarquia-parlamentaria\/\" rel=\"bookmark\"><time class=\"entry-date published\" datetime=\"2020-04-01T17:35:11+00:00\">01\/04\/2020<\/time><time class=\"updated\" datetime=\"2021-03-23T20:13:04+00:00\">23\/03\/2021<\/time><\/a>\t\t\t<\/span>\n\n\t\t\t<span class=\"tg-post-auther-name author vcard\">\n\t\t\t\t<a class=\"url fn n\" href=\"https:\/\/www.jesusprieto.es\/index.php\/author\/jesprie\/\">JPG<\/a>\t\t\t<\/span>\n\n\t\t\t\t\t<\/div>\n\n\t\t\n\t\t\t\t\n\t\t\t\t\t\t\t\t\t<div class=\"tg-excerpt entry-content\">\n\t\t\t\t\t\t<p>Monarqu\u00eda Constitucional \/ Monarqu\u00eda Parlamentaria Si busc\u00e1semos equivalencias entre las constituciones espa\u00f1olas de 1812, 1837, 1845, 1869 y 1876, la<\/p>\n\t\t\t\t\t<\/div>\n\n\t\t\t\t\t\t\t\t\t<\/div>\n\t\t\t\t<\/div>\n\n\t\t\t\t\n\t\t\t<div class=\"tg_module_block tg-row tg-two-block\">\n\t\t\t\t\t\t\t\t\t\t<figure class=\"tg-module-thumb tg-col-control\">\n\t\t\t\t\t\t\t<a href=\"https:\/\/www.jesusprieto.es\/index.php\/2020\/02\/23\/la-comision-de-responsabilidades-de-1931-y-la-memoria-historica\/\" class=\"tg-thumb-link\">\n\t\t\t<img loading=\"lazy\" decoding=\"async\" width=\"319\" height=\"272\" src=\"https:\/\/www.jesusprieto.es\/wp-content\/uploads\/2021\/03\/35-a-319x272.jpg\" class=\"attachment-colormag-highlighted-post size-colormag-highlighted-post wp-post-image\" alt=\"\" \/>\t\t<\/a>\n\t\t\t\t\t<\/figure>\n\t\t\t\t\t\n\t\t\t<div class=\"tg-module-info tg-col-control\">\n\t\t\t\t\t<h3 class=\"tg-module-title entry-title\">\n\t\t\t<a href=\"https:\/\/www.jesusprieto.es\/index.php\/2020\/02\/23\/la-comision-de-responsabilidades-de-1931-y-la-memoria-historica\/\">La Comisi\u00f3n de Responsabilidades de 1931 y la Memoria Hist\u00f3rica.<\/a>\n\t\t<\/h3>\n\t\t\n\t\t\t\t\n\t\t<div class=\"tg-module-meta\">\n\t\t\t\n\t\t\t<span class=\"tg-post-date entry-date\">\n\t\t\t\t<a href=\"https:\/\/www.jesusprieto.es\/index.php\/2020\/02\/23\/la-comision-de-responsabilidades-de-1931-y-la-memoria-historica\/\" rel=\"bookmark\"><time class=\"entry-date published\" datetime=\"2020-02-23T17:07:46+00:00\">23\/02\/2020<\/time><time class=\"updated\" datetime=\"2021-03-23T20:13:09+00:00\">23\/03\/2021<\/time><\/a>\t\t\t<\/span>\n\n\t\t\t<span class=\"tg-post-auther-name author vcard\">\n\t\t\t\t<a class=\"url fn n\" href=\"https:\/\/www.jesusprieto.es\/index.php\/author\/jesprie\/\">JPG<\/a>\t\t\t<\/span>\n\n\t\t\t\t\t<\/div>\n\n\t\t\n\t\t\t\t\n\t\t\t\t\t\t\t\t\t<div class=\"tg-excerpt entry-content\">\n\t\t\t\t\t\t<p>La Comisi\u00f3n de Responsabilidades de 1931 y la Memoria Hist\u00f3rica. 1.\u00a0\u00a0\u00a0 Introducci\u00f3n Tema de Investigaci\u00f3n y Justificaci\u00f3n de su Relevancia<\/p>\n\t\t\t\t\t<\/div>\n\n\t\t\t\t\t\t\t\t\t<\/div>\n\t\t\t\t<\/div>\n\n\t\t\t\t\n\t\t\t<div class=\"tg_module_block tg-row tg-two-block\">\n\t\t\t\t\t\t\t\t\t\t<figure class=\"tg-module-thumb tg-col-control\">\n\t\t\t\t\t\t\t<a href=\"https:\/\/www.jesusprieto.es\/index.php\/2020\/02\/15\/introduccion-a-la-politica-internacional-pierre-renouvin-jean-baptiste-duroselle\/\" class=\"tg-thumb-link\">\n\t\t\t<img loading=\"lazy\" decoding=\"async\" width=\"300\" height=\"272\" src=\"https:\/\/www.jesusprieto.es\/wp-content\/uploads\/2021\/03\/42-a-300x272.png\" class=\"attachment-colormag-highlighted-post size-colormag-highlighted-post wp-post-image\" alt=\"\" \/>\t\t<\/a>\n\t\t\t\t\t<\/figure>\n\t\t\t\t\t\n\t\t\t<div class=\"tg-module-info tg-col-control\">\n\t\t\t\t\t<h3 class=\"tg-module-title entry-title\">\n\t\t\t<a href=\"https:\/\/www.jesusprieto.es\/index.php\/2020\/02\/15\/introduccion-a-la-politica-internacional-pierre-renouvin-jean-baptiste-duroselle\/\">Introducci\u00f3n a la Pol\u00edtica Internacional- Pierre Renouvin \/ Jean-Baptiste Duroselle<\/a>\n\t\t<\/h3>\n\t\t\n\t\t\t\t\n\t\t<div class=\"tg-module-meta\">\n\t\t\t\n\t\t\t<span class=\"tg-post-date entry-date\">\n\t\t\t\t<a href=\"https:\/\/www.jesusprieto.es\/index.php\/2020\/02\/15\/introduccion-a-la-politica-internacional-pierre-renouvin-jean-baptiste-duroselle\/\" rel=\"bookmark\"><time class=\"entry-date published\" datetime=\"2020-02-15T17:54:48+00:00\">15\/02\/2020<\/time><time class=\"updated\" datetime=\"2021-03-23T20:12:45+00:00\">23\/03\/2021<\/time><\/a>\t\t\t<\/span>\n\n\t\t\t<span class=\"tg-post-auther-name author vcard\">\n\t\t\t\t<a class=\"url fn n\" href=\"https:\/\/www.jesusprieto.es\/index.php\/author\/jesprie\/\">JPG<\/a>\t\t\t<\/span>\n\n\t\t\t\t\t<\/div>\n\n\t\t\n\t\t\t\t\n\t\t\t\t\t\t\t\t\t<div class=\"tg-excerpt entry-content\">\n\t\t\t\t\t\t<p>Introducci\u00f3n a la Pol\u00edtica Internacional- Pierre Renouvin \/ Jean-Baptiste Duroselle Procedo a realizar la recensi\u00f3n de Introducci\u00f3n a la Pol\u00edtica<\/p>\n\t\t\t\t\t<\/div>\n\n\t\t\t\t\t\t\t\t\t<\/div>\n\t\t\t\t<\/div>\n\n\t\t\t\t\n\t\t\t<div class=\"tg_module_block tg-row tg-two-block\">\n\t\t\t\t\t\t\t\t\t\t<figure class=\"tg-module-thumb tg-col-control\">\n\t\t\t\t\t\t\t<a href=\"https:\/\/www.jesusprieto.es\/index.php\/2020\/02\/01\/un-mundo-que-ganar-historia-la-izquierda-en-europa-1850-2000-geoff-eley\/\" class=\"tg-thumb-link\">\n\t\t\t<img loading=\"lazy\" decoding=\"async\" width=\"333\" height=\"272\" src=\"https:\/\/www.jesusprieto.es\/wp-content\/uploads\/2021\/03\/47-a-333x272.jpg\" class=\"attachment-colormag-highlighted-post size-colormag-highlighted-post wp-post-image\" alt=\"\" \/>\t\t<\/a>\n\t\t\t\t\t<\/figure>\n\t\t\t\t\t\n\t\t\t<div class=\"tg-module-info tg-col-control\">\n\t\t\t\t\t<h3 class=\"tg-module-title entry-title\">\n\t\t\t<a href=\"https:\/\/www.jesusprieto.es\/index.php\/2020\/02\/01\/un-mundo-que-ganar-historia-la-izquierda-en-europa-1850-2000-geoff-eley\/\">UN MUNDO QUE GANAR. HISTORIA LA IZQUIERDA EN EUROPA, 1850-2000 \u2013 GEOFF ELEY<\/a>\n\t\t<\/h3>\n\t\t\n\t\t\t\t\n\t\t<div class=\"tg-module-meta\">\n\t\t\t\n\t\t\t<span class=\"tg-post-date entry-date\">\n\t\t\t\t<a href=\"https:\/\/www.jesusprieto.es\/index.php\/2020\/02\/01\/un-mundo-que-ganar-historia-la-izquierda-en-europa-1850-2000-geoff-eley\/\" rel=\"bookmark\"><time class=\"entry-date published\" datetime=\"2020-02-01T19:32:51+00:00\">01\/02\/2020<\/time><time class=\"updated\" datetime=\"2021-03-23T20:13:17+00:00\">23\/03\/2021<\/time><\/a>\t\t\t<\/span>\n\n\t\t\t<span class=\"tg-post-auther-name author vcard\">\n\t\t\t\t<a class=\"url fn n\" href=\"https:\/\/www.jesusprieto.es\/index.php\/author\/jesprie\/\">JPG<\/a>\t\t\t<\/span>\n\n\t\t\t\t\t<\/div>\n\n\t\t\n\t\t\t\t\n\t\t\t\t\t\t\t\t\t<div class=\"tg-excerpt entry-content\">\n\t\t\t\t\t\t<p>UN MUNDO QUE GANAR. HISTORIA LA IZQUIERDA EN EUROPA, 1850-2000 \u2013 GEOFF ELEY Procedo a realizar la recensi\u00f3n de Un<\/p>\n\t\t\t\t\t<\/div>\n\n\t\t\t\t\t\t\t\t\t<\/div>\n\t\t\t\t<\/div>\n\n\t\t\t\t\n\t\t\t<div class=\"tg_module_block tg-row tg-two-block\">\n\t\t\t\t\t\t\t\t\t\t<figure class=\"tg-module-thumb tg-col-control\">\n\t\t\t\t\t\t\t<a href=\"https:\/\/www.jesusprieto.es\/index.php\/2020\/01\/13\/el-pensamiento-politico-de-la-derecha-espanola-en-el-siglo-xx-de-la-crisis-de-la-restauracion-al-estado-de-partidos-1898-2000-pedro-gonzalez-cuevas\/\" class=\"tg-thumb-link\">\n\t\t\t<img loading=\"lazy\" decoding=\"async\" width=\"392\" height=\"272\" src=\"https:\/\/www.jesusprieto.es\/wp-content\/uploads\/2021\/03\/36-a-1-392x272.jpg\" class=\"attachment-colormag-highlighted-post size-colormag-highlighted-post wp-post-image\" alt=\"\" srcset=\"https:\/\/www.jesusprieto.es\/wp-content\/uploads\/2021\/03\/36-a-1-392x272.jpg 392w, https:\/\/www.jesusprieto.es\/wp-content\/uploads\/2021\/03\/36-a-1-130x90.jpg 130w, https:\/\/www.jesusprieto.es\/wp-content\/uploads\/2021\/03\/36-a-1-600x417.jpg 600w\" sizes=\"auto, (max-width: 392px) 100vw, 392px\" \/>\t\t<\/a>\n\t\t\t\t\t<\/figure>\n\t\t\t\t\t\n\t\t\t<div class=\"tg-module-info tg-col-control\">\n\t\t\t\t\t<h3 class=\"tg-module-title entry-title\">\n\t\t\t<a href=\"https:\/\/www.jesusprieto.es\/index.php\/2020\/01\/13\/el-pensamiento-politico-de-la-derecha-espanola-en-el-siglo-xx-de-la-crisis-de-la-restauracion-al-estado-de-partidos-1898-2000-pedro-gonzalez-cuevas\/\">EL PENSAMIENTO POL\u00cdTICO DE LA DERECHA ESPA\u00d1OLA EN EL SIGLO XX.  DE LA CRISIS DE LA RESTAURACI\u00d3N AL ESTADO DE PARTIDOS (1898-2000) &#8211; PEDRO GONZ\u00c1LEZ CUEVAS<\/a>\n\t\t<\/h3>\n\t\t\n\t\t\t\t\n\t\t<div class=\"tg-module-meta\">\n\t\t\t\n\t\t\t<span class=\"tg-post-date entry-date\">\n\t\t\t\t<a href=\"https:\/\/www.jesusprieto.es\/index.php\/2020\/01\/13\/el-pensamiento-politico-de-la-derecha-espanola-en-el-siglo-xx-de-la-crisis-de-la-restauracion-al-estado-de-partidos-1898-2000-pedro-gonzalez-cuevas\/\" rel=\"bookmark\"><time class=\"entry-date published\" datetime=\"2020-01-13T17:23:24+00:00\">13\/01\/2020<\/time><time class=\"updated\" datetime=\"2021-03-23T20:13:23+00:00\">23\/03\/2021<\/time><\/a>\t\t\t<\/span>\n\n\t\t\t<span class=\"tg-post-auther-name author vcard\">\n\t\t\t\t<a class=\"url fn n\" href=\"https:\/\/www.jesusprieto.es\/index.php\/author\/jesprie\/\">JPG<\/a>\t\t\t<\/span>\n\n\t\t\t\t\t<\/div>\n\n\t\t\n\t\t\t\t\n\t\t\t\t\t\t\t\t\t<div class=\"tg-excerpt entry-content\">\n\t\t\t\t\t\t<p>EL PENSAMIENTO POL\u00cdTICO DE LA DERECHA ESPA\u00d1OLA EN EL SIGLO XX. DE LA CRISIS DE LA RESTAURACI\u00d3N AL ESTADO DE<\/p>\n\t\t\t\t\t<\/div>\n\n\t\t\t\t\t\t\t\t\t<\/div>\n\t\t\t\t<\/div>\n\n\t\t\t\t\n\t\t\t<div class=\"tg_module_block tg-row tg-two-block\">\n\t\t\t\t\t\t\t\t\t\t<figure class=\"tg-module-thumb tg-col-control\">\n\t\t\t\t\t\t\t<a href=\"https:\/\/www.jesusprieto.es\/index.php\/2020\/01\/08\/carlos-malamud-coord-ruptura-y-reconciliacion-espana-y-el-reconocimiento-de-las-independencias-latinoamericanas\/\" class=\"tg-thumb-link\">\n\t\t\t<img loading=\"lazy\" decoding=\"async\" width=\"326\" height=\"272\" src=\"https:\/\/www.jesusprieto.es\/wp-content\/uploads\/2021\/03\/44-a-326x272.jpg\" class=\"attachment-colormag-highlighted-post size-colormag-highlighted-post wp-post-image\" alt=\"\" \/>\t\t<\/a>\n\t\t\t\t\t<\/figure>\n\t\t\t\t\t\n\t\t\t<div class=\"tg-module-info tg-col-control\">\n\t\t\t\t\t<h3 class=\"tg-module-title entry-title\">\n\t\t\t<a href=\"https:\/\/www.jesusprieto.es\/index.php\/2020\/01\/08\/carlos-malamud-coord-ruptura-y-reconciliacion-espana-y-el-reconocimiento-de-las-independencias-latinoamericanas\/\">CARLOS MALAMUD (COORD.)  RUPTURA Y RECONCILIACI\u00d3N.  ESPA\u00d1A Y EL RECONOCIMIENTO DE LAS INDEPENDENCIAS LATINOAMERICANAS<\/a>\n\t\t<\/h3>\n\t\t\n\t\t\t\t\n\t\t<div class=\"tg-module-meta\">\n\t\t\t\n\t\t\t<span class=\"tg-post-date entry-date\">\n\t\t\t\t<a href=\"https:\/\/www.jesusprieto.es\/index.php\/2020\/01\/08\/carlos-malamud-coord-ruptura-y-reconciliacion-espana-y-el-reconocimiento-de-las-independencias-latinoamericanas\/\" rel=\"bookmark\"><time class=\"entry-date published\" datetime=\"2020-01-08T18:10:18+00:00\">08\/01\/2020<\/time><time class=\"updated\" datetime=\"2021-03-23T20:13:28+00:00\">23\/03\/2021<\/time><\/a>\t\t\t<\/span>\n\n\t\t\t<span class=\"tg-post-auther-name author vcard\">\n\t\t\t\t<a class=\"url fn n\" href=\"https:\/\/www.jesusprieto.es\/index.php\/author\/jesprie\/\">JPG<\/a>\t\t\t<\/span>\n\n\t\t\t\t\t<\/div>\n\n\t\t\n\t\t\t\t\n\t\t\t\t\t\t\t\t\t<div class=\"tg-excerpt entry-content\">\n\t\t\t\t\t\t<p>CARLOS MALAMUD (COORD.) RUPTURA Y RECONCILIACI\u00d3N. ESPA\u00d1A Y EL RECONOCIMIENTO DE LAS INDEPENDENCIAS LATINOAMERICANAS Procedo a realizar la recensi\u00f3n de<\/p>\n\t\t\t\t\t<\/div>\n\n\t\t\t\t\t\t\t\t\t<\/div>\n\t\t\t\t<\/div>\n\n\t\t\t\t\t\t\t\t<\/div>\n\n\t\t\t\t\t\t<\/div>\n\t\t\t\t<\/div>\n\t\t\t\t\t<\/div>\n\t\t<\/div>\n\t\t\t\t\t\t\t<\/div>\n\t\t<\/section>\n\t\t\t\t\t\t\t<\/div>\n\t\t","protected":false},"excerpt":{"rendered":"<p>POL\u00cdTICA E IDEOLOG\u00cdA EN LA FAMILIA REAL ESPA\u00d1OLA (1931-1945) LA CORONA ESPA\u00d1OLA FRENTE AL RESTO DE MONARQU\u00cdAS EUROPEAS. Una perspectiva<\/p>\n","protected":false},"author":1,"featured_media":0,"parent":0,"menu_order":0,"comment_status":"closed","ping_status":"closed","template":"","meta":{"colormag_page_layout":"default_layout","footnotes":""},"class_list":["post-5","page","type-page","status-publish","hentry"],"_links":{"self":[{"href":"https:\/\/www.jesusprieto.es\/index.php\/wp-json\/wp\/v2\/pages\/5","targetHints":{"allow":["GET"]}}],"collection":[{"href":"https:\/\/www.jesusprieto.es\/index.php\/wp-json\/wp\/v2\/pages"}],"about":[{"href":"https:\/\/www.jesusprieto.es\/index.php\/wp-json\/wp\/v2\/types\/page"}],"author":[{"embeddable":true,"href":"https:\/\/www.jesusprieto.es\/index.php\/wp-json\/wp\/v2\/users\/1"}],"replies":[{"embeddable":true,"href":"https:\/\/www.jesusprieto.es\/index.php\/wp-json\/wp\/v2\/comments?post=5"}],"version-history":[{"count":56,"href":"https:\/\/www.jesusprieto.es\/index.php\/wp-json\/wp\/v2\/pages\/5\/revisions"}],"predecessor-version":[{"id":2658,"href":"https:\/\/www.jesusprieto.es\/index.php\/wp-json\/wp\/v2\/pages\/5\/revisions\/2658"}],"wp:attachment":[{"href":"https:\/\/www.jesusprieto.es\/index.php\/wp-json\/wp\/v2\/media?parent=5"}],"curies":[{"name":"wp","href":"https:\/\/api.w.org\/{rel}","templated":true}]}}