{"id":2601,"date":"2021-03-23T20:19:50","date_gmt":"2021-03-23T20:19:50","guid":{"rendered":"http:\/\/www.jesusprieto.es\/?page_id=2601"},"modified":"2021-03-23T20:21:43","modified_gmt":"2021-03-23T20:21:43","slug":"historia","status":"publish","type":"page","link":"https:\/\/www.jesusprieto.es\/index.php\/historia\/","title":{"rendered":"HISTORIA"},"content":{"rendered":"\t\t<div data-elementor-type=\"wp-page\" data-elementor-id=\"2601\" class=\"elementor elementor-2601\">\n\t\t\t\t\t\t\t\t\t<section class=\"elementor-section elementor-top-section elementor-element elementor-element-fd4352e elementor-section-boxed elementor-section-height-default elementor-section-height-default\" data-id=\"fd4352e\" data-element_type=\"section\">\n\t\t\t\t\t\t<div class=\"elementor-container elementor-column-gap-default\">\n\t\t\t\t\t<div class=\"elementor-column elementor-col-100 elementor-top-column elementor-element elementor-element-5732686\" data-id=\"5732686\" data-element_type=\"column\">\n\t\t\t<div class=\"elementor-widget-wrap elementor-element-populated\">\n\t\t\t\t\t\t\t\t<div class=\"elementor-element elementor-element-18e2f76 elementor-widget elementor-widget-heading\" data-id=\"18e2f76\" data-element_type=\"widget\" data-widget_type=\"heading.default\">\n\t\t\t\t<div class=\"elementor-widget-container\">\n\t\t\t<h2 class=\"elementor-heading-title elementor-size-default\">HISTORIA<\/h2>\t\t<\/div>\n\t\t\t\t<\/div>\n\t\t\t\t\t<\/div>\n\t\t<\/div>\n\t\t\t\t\t\t\t<\/div>\n\t\t<\/section>\n\t\t\t\t<section class=\"elementor-section elementor-top-section elementor-element elementor-element-87bbaa8 elementor-section-boxed elementor-section-height-default elementor-section-height-default\" data-id=\"87bbaa8\" data-element_type=\"section\">\n\t\t\t\t\t\t<div class=\"elementor-container elementor-column-gap-default\">\n\t\t\t\t\t<div class=\"elementor-column elementor-col-100 elementor-top-column elementor-element elementor-element-7daab4d\" data-id=\"7daab4d\" data-element_type=\"column\">\n\t\t\t<div class=\"elementor-widget-wrap elementor-element-populated\">\n\t\t\t\t\t\t\t\t<div class=\"elementor-element elementor-element-5fca3f4 elementor-widget elementor-widget-ColorMag-Posts-Grid-2\" data-id=\"5fca3f4\" data-element_type=\"widget\" data-widget_type=\"ColorMag-Posts-Grid-2.default\">\n\t\t\t\t<div class=\"elementor-widget-container\">\n\t\t\t\n        <div class=\"tg-module-grid tg-module-grid--style-2 tg-module-wrapper\">\n            \n            <div class=\"tg-row thinner\">\n                <div class=\"tg-col-control\">\n                    <div class=\"tg_module_grid tg_module_grid--full\">\n                                                    <figure class=\"tg-module-thumb\">\n                                \t\t<a href=\"https:\/\/www.jesusprieto.es\/index.php\/2020\/06\/27\/el-psoe-y-la-dictadura-de-primo-de-rivera\/\" class=\"tg-thumb-link\">\n\t\t\t<img loading=\"lazy\" decoding=\"async\" width=\"486\" height=\"308\" src=\"https:\/\/www.jesusprieto.es\/wp-content\/uploads\/2021\/03\/48-a.jpg\" class=\"attachment-colormag-elementor-grid-large-thumbnail size-colormag-elementor-grid-large-thumbnail wp-post-image\" alt=\"\" srcset=\"https:\/\/www.jesusprieto.es\/wp-content\/uploads\/2021\/03\/48-a.jpg 486w, https:\/\/www.jesusprieto.es\/wp-content\/uploads\/2021\/03\/48-a-300x190.jpg 300w\" sizes=\"auto, (max-width: 486px) 100vw, 486px\" \/>\t\t<\/a>\n\t\t                            <\/figure>\n                        \n                        <div class=\"tg-module-info\">\n                            <div class=\"tg-post-categories\"><a href=\"https:\/\/www.jesusprieto.es\/index.php\/category\/historia\/\" style=\"background:#de3737\" class=\"tg-post-category\" rel=\"category tag\">Historia<\/a>&nbsp;<\/div>\t\t<h3 class=\"tg-module-title entry-title\">\n\t\t\t<a href=\"https:\/\/www.jesusprieto.es\/index.php\/2020\/06\/27\/el-psoe-y-la-dictadura-de-primo-de-rivera\/\">El PSOE y la Dictadura de Primo de Rivera<\/a>\n\t\t<\/h3>\n\t\t                        <\/div>\n                    <\/div>\n\n                    <\/div><div class=\"tg-col-control\"><div class=\"tg-row thinner\">\n                    <div class=\"tg_module_grid tg_module_grid--small tg_module_grid--full tg-col-control\">\n                                                    <figure class=\"tg-module-thumb\">\n                                \t\t<a href=\"https:\/\/www.jesusprieto.es\/index.php\/2020\/06\/27\/estado-de-la-cuestion-el-golpe-de-primo-de-rivera\/\" class=\"tg-thumb-link\">\n\t\t\t<img loading=\"lazy\" decoding=\"async\" width=\"537\" height=\"198\" src=\"https:\/\/www.jesusprieto.es\/wp-content\/uploads\/2021\/03\/41-a-537x198.jpg\" class=\"attachment-colormag-elementor-grid-medium-large-thumbnail size-colormag-elementor-grid-medium-large-thumbnail wp-post-image\" alt=\"\" \/>\t\t<\/a>\n\t\t                            <\/figure>\n                        \n                        <div class=\"tg-module-info\">\n                            <div class=\"tg-post-categories\"><a href=\"https:\/\/www.jesusprieto.es\/index.php\/category\/historia\/\" style=\"background:#de3737\" class=\"tg-post-category\" rel=\"category tag\">Historia<\/a>&nbsp;<\/div>\t\t<h3 class=\"tg-module-title entry-title\">\n\t\t\t<a href=\"https:\/\/www.jesusprieto.es\/index.php\/2020\/06\/27\/estado-de-la-cuestion-el-golpe-de-primo-de-rivera\/\">Estado de la Cuesti\u00f3n: El Golpe de Primo de Rivera<\/a>\n\t\t<\/h3>\n\t\t                        <\/div>\n                    <\/div>\n\n                    \n                    <div class=\"tg_module_grid tg_module_grid--small tg_module_grid--half tg-col-control\">\n                                                    <figure class=\"tg-module-thumb\">\n                                \t\t<a href=\"https:\/\/www.jesusprieto.es\/index.php\/2020\/06\/19\/mexico-espana-1910-1936-relaciones-bilaterales\/\" class=\"tg-thumb-link\">\n\t\t\t<img loading=\"lazy\" decoding=\"async\" width=\"360\" height=\"272\" src=\"https:\/\/www.jesusprieto.es\/wp-content\/uploads\/2021\/03\/46-a-360x272.jpg\" class=\"attachment-colormag-highlighted-post size-colormag-highlighted-post wp-post-image\" alt=\"\" \/>\t\t<\/a>\n\t\t                            <\/figure>\n                        \n                        <div class=\"tg-module-info\">\n                            <div class=\"tg-post-categories\"><a href=\"https:\/\/www.jesusprieto.es\/index.php\/category\/historia\/\" style=\"background:#de3737\" class=\"tg-post-category\" rel=\"category tag\">Historia<\/a>&nbsp;<\/div>\t\t<h3 class=\"tg-module-title entry-title\">\n\t\t\t<a href=\"https:\/\/www.jesusprieto.es\/index.php\/2020\/06\/19\/mexico-espana-1910-1936-relaciones-bilaterales\/\">M\u00e9xico \/ Espa\u00f1a (1910-1936). Relaciones Bilaterales<\/a>\n\t\t<\/h3>\n\t\t                        <\/div>\n                    <\/div>\n\n                    \n                    <div class=\"tg_module_grid tg_module_grid--small tg_module_grid--half tg-col-control\">\n                                                    <figure class=\"tg-module-thumb\">\n                                \t\t<a href=\"https:\/\/www.jesusprieto.es\/index.php\/2020\/06\/19\/alfonso-xiii-y-los-partidos-politicos-durante-la-ii-republica\/\" class=\"tg-thumb-link\">\n\t\t\t<img loading=\"lazy\" decoding=\"async\" width=\"367\" height=\"137\" src=\"https:\/\/www.jesusprieto.es\/wp-content\/uploads\/2021\/03\/34-t.jpg\" class=\"attachment-colormag-highlighted-post size-colormag-highlighted-post wp-post-image\" alt=\"\" srcset=\"https:\/\/www.jesusprieto.es\/wp-content\/uploads\/2021\/03\/34-t.jpg 367w, https:\/\/www.jesusprieto.es\/wp-content\/uploads\/2021\/03\/34-t-300x112.jpg 300w\" sizes=\"auto, (max-width: 367px) 100vw, 367px\" \/>\t\t<\/a>\n\t\t                            <\/figure>\n                        \n                        <div class=\"tg-module-info\">\n                            <div class=\"tg-post-categories\"><a href=\"https:\/\/www.jesusprieto.es\/index.php\/category\/historia\/\" style=\"background:#de3737\" class=\"tg-post-category\" rel=\"category tag\">Historia<\/a>&nbsp;<\/div>\t\t<h3 class=\"tg-module-title entry-title\">\n\t\t\t<a href=\"https:\/\/www.jesusprieto.es\/index.php\/2020\/06\/19\/alfonso-xiii-y-los-partidos-politicos-durante-la-ii-republica\/\">ALFONSO XIII Y LOS PARTIDOS POL\u00cdTICOS DURANTE LA II REP\u00daBLICA<\/a>\n\t\t<\/h3>\n\t\t                        <\/div>\n                    <\/div>\n\n                    \n                    <div class=\"tg_module_grid tg_module_grid--small tg_module_grid--half tg-col-control\">\n                                                    <figure class=\"tg-module-thumb\">\n                                \t\t<a href=\"https:\/\/www.jesusprieto.es\/index.php\/2020\/06\/02\/comparativa-joaquin-soler-serrano-inaki-gabilondo\/\" class=\"tg-thumb-link\">\n\t\t\t<img loading=\"lazy\" decoding=\"async\" width=\"392\" height=\"272\" src=\"https:\/\/www.jesusprieto.es\/wp-content\/uploads\/2021\/03\/51-a-392x272.png\" class=\"attachment-colormag-highlighted-post size-colormag-highlighted-post wp-post-image\" alt=\"\" srcset=\"https:\/\/www.jesusprieto.es\/wp-content\/uploads\/2021\/03\/51-a-392x272.png 392w, https:\/\/www.jesusprieto.es\/wp-content\/uploads\/2021\/03\/51-a-130x90.png 130w\" sizes=\"auto, (max-width: 392px) 100vw, 392px\" \/>\t\t<\/a>\n\t\t                            <\/figure>\n                        \n                        <div class=\"tg-module-info\">\n                            <div class=\"tg-post-categories\"><a href=\"https:\/\/www.jesusprieto.es\/index.php\/category\/historia\/\" style=\"background:#de3737\" class=\"tg-post-category\" rel=\"category tag\">Historia<\/a>&nbsp;<\/div>\t\t<h3 class=\"tg-module-title entry-title\">\n\t\t\t<a href=\"https:\/\/www.jesusprieto.es\/index.php\/2020\/06\/02\/comparativa-joaquin-soler-serrano-inaki-gabilondo\/\">COMPARATIVA: JOAQU\u00cdN SOLER SERRANO, I\u00d1AKI GABILONDO<\/a>\n\t\t<\/h3>\n\t\t                        <\/div>\n                    <\/div>\n\n                    \n                    <div class=\"tg_module_grid tg_module_grid--small tg_module_grid--half tg-col-control\">\n                                                    <figure class=\"tg-module-thumb\">\n                                \t\t<a href=\"https:\/\/www.jesusprieto.es\/index.php\/2020\/06\/02\/conxita-simarro-diario-de-una-nina-en-tiempos-de-guerra-y-exilio-1938-1944\/\" class=\"tg-thumb-link\">\n\t\t\t<img loading=\"lazy\" decoding=\"async\" width=\"392\" height=\"272\" src=\"https:\/\/www.jesusprieto.es\/wp-content\/uploads\/2021\/03\/50-a-392x272.jpg\" class=\"attachment-colormag-highlighted-post size-colormag-highlighted-post wp-post-image\" alt=\"\" srcset=\"https:\/\/www.jesusprieto.es\/wp-content\/uploads\/2021\/03\/50-a-392x272.jpg 392w, https:\/\/www.jesusprieto.es\/wp-content\/uploads\/2021\/03\/50-a-130x90.jpg 130w\" sizes=\"auto, (max-width: 392px) 100vw, 392px\" \/>\t\t<\/a>\n\t\t                            <\/figure>\n                        \n                        <div class=\"tg-module-info\">\n                            <div class=\"tg-post-categories\"><a href=\"https:\/\/www.jesusprieto.es\/index.php\/category\/historia\/\" style=\"background:#de3737\" class=\"tg-post-category\" rel=\"category tag\">Historia<\/a>&nbsp;<\/div>\t\t<h3 class=\"tg-module-title entry-title\">\n\t\t\t<a href=\"https:\/\/www.jesusprieto.es\/index.php\/2020\/06\/02\/conxita-simarro-diario-de-una-nina-en-tiempos-de-guerra-y-exilio-1938-1944\/\">CONXITA SIMARRO, DIARIO DE UNA NI\u00d1A EN TIEMPOS DE GUERRA Y EXILIO (1938-1944)<\/a>\n\t\t<\/h3>\n\t\t                        <\/div>\n                    <\/div>\n\n                    \n                    <div class=\"tg_module_grid tg_module_grid--small tg_module_grid--half tg-col-control\">\n                                                    <figure class=\"tg-module-thumb\">\n                                \t\t<a href=\"https:\/\/www.jesusprieto.es\/index.php\/2020\/05\/24\/la-politica-exterior-espanola-en-europa-durante-la-dictadura-de-primo-de-rivera-1923-1930\/\" class=\"tg-thumb-link\">\n\t\t\t<img loading=\"lazy\" decoding=\"async\" width=\"392\" height=\"272\" src=\"https:\/\/www.jesusprieto.es\/wp-content\/uploads\/2021\/03\/43-a-392x272.jpg\" class=\"attachment-colormag-highlighted-post size-colormag-highlighted-post wp-post-image\" alt=\"\" srcset=\"https:\/\/www.jesusprieto.es\/wp-content\/uploads\/2021\/03\/43-a-392x272.jpg 392w, https:\/\/www.jesusprieto.es\/wp-content\/uploads\/2021\/03\/43-a-130x90.jpg 130w\" sizes=\"auto, (max-width: 392px) 100vw, 392px\" \/>\t\t<\/a>\n\t\t                            <\/figure>\n                        \n                        <div class=\"tg-module-info\">\n                            <div class=\"tg-post-categories\"><a href=\"https:\/\/www.jesusprieto.es\/index.php\/category\/historia\/\" style=\"background:#de3737\" class=\"tg-post-category\" rel=\"category tag\">Historia<\/a>&nbsp;<\/div>\t\t<h3 class=\"tg-module-title entry-title\">\n\t\t\t<a href=\"https:\/\/www.jesusprieto.es\/index.php\/2020\/05\/24\/la-politica-exterior-espanola-en-europa-durante-la-dictadura-de-primo-de-rivera-1923-1930\/\">La pol\u00edtica exterior espa\u00f1ola en Europa durante la Dictadura de Primo de Rivera (1923-1930)<\/a>\n\t\t<\/h3>\n\t\t                        <\/div>\n                    <\/div>\n\n                    \n                    <div class=\"tg_module_grid tg_module_grid--small tg_module_grid--half tg-col-control\">\n                                                    <figure class=\"tg-module-thumb\">\n                                \t\t<a href=\"https:\/\/www.jesusprieto.es\/index.php\/2020\/05\/23\/castelar-en-la-restauracion\/\" class=\"tg-thumb-link\">\n\t\t\t<img loading=\"lazy\" decoding=\"async\" width=\"392\" height=\"272\" src=\"https:\/\/www.jesusprieto.es\/wp-content\/uploads\/2021\/03\/39-a-392x272.jpg\" class=\"attachment-colormag-highlighted-post size-colormag-highlighted-post wp-post-image\" alt=\"\" srcset=\"https:\/\/www.jesusprieto.es\/wp-content\/uploads\/2021\/03\/39-a-392x272.jpg 392w, https:\/\/www.jesusprieto.es\/wp-content\/uploads\/2021\/03\/39-a-130x90.jpg 130w, https:\/\/www.jesusprieto.es\/wp-content\/uploads\/2021\/03\/39-a-600x417.jpg 600w\" sizes=\"auto, (max-width: 392px) 100vw, 392px\" \/>\t\t<\/a>\n\t\t                            <\/figure>\n                        \n                        <div class=\"tg-module-info\">\n                            <div class=\"tg-post-categories\"><a href=\"https:\/\/www.jesusprieto.es\/index.php\/category\/historia\/\" style=\"background:#de3737\" class=\"tg-post-category\" rel=\"category tag\">Historia<\/a>&nbsp;<\/div>\t\t<h3 class=\"tg-module-title entry-title\">\n\t\t\t<a href=\"https:\/\/www.jesusprieto.es\/index.php\/2020\/05\/23\/castelar-en-la-restauracion\/\">Castelar en la Restauraci\u00f3n<\/a>\n\t\t<\/h3>\n\t\t                        <\/div>\n                    <\/div>\n\n                    \n                    <div class=\"tg_module_grid tg_module_grid--small tg_module_grid--half tg-col-control\">\n                                                    <figure class=\"tg-module-thumb\">\n                                \t\t<a href=\"https:\/\/www.jesusprieto.es\/index.php\/2020\/05\/19\/todorov-la-memoria-tiene-una-potencia-que-la-historia-nunca-alcanza\/\" class=\"tg-thumb-link\">\n\t\t\t<img loading=\"lazy\" decoding=\"async\" width=\"362\" height=\"236\" src=\"https:\/\/www.jesusprieto.es\/wp-content\/uploads\/2021\/03\/49-a.jpg\" class=\"attachment-colormag-highlighted-post size-colormag-highlighted-post wp-post-image\" alt=\"\" srcset=\"https:\/\/www.jesusprieto.es\/wp-content\/uploads\/2021\/03\/49-a.jpg 362w, https:\/\/www.jesusprieto.es\/wp-content\/uploads\/2021\/03\/49-a-300x196.jpg 300w\" sizes=\"auto, (max-width: 362px) 100vw, 362px\" \/>\t\t<\/a>\n\t\t                            <\/figure>\n                        \n                        <div class=\"tg-module-info\">\n                            <div class=\"tg-post-categories\"><a href=\"https:\/\/www.jesusprieto.es\/index.php\/category\/historia\/\" style=\"background:#de3737\" class=\"tg-post-category\" rel=\"category tag\">Historia<\/a>&nbsp;<\/div>\t\t<h3 class=\"tg-module-title entry-title\">\n\t\t\t<a href=\"https:\/\/www.jesusprieto.es\/index.php\/2020\/05\/19\/todorov-la-memoria-tiene-una-potencia-que-la-historia-nunca-alcanza\/\">Todorov. La memoria tiene una potencia que la Historia nunca alcanza<\/a>\n\t\t<\/h3>\n\t\t                        <\/div>\n                    <\/div>\n\n                    \n                    <div class=\"tg_module_grid tg_module_grid--small tg_module_grid--half tg-col-control\">\n                                                    <figure class=\"tg-module-thumb\">\n                                \t\t<a href=\"https:\/\/www.jesusprieto.es\/index.php\/2020\/04\/19\/javier-moreno-luzon-coord-alfonso-xiii-un-politico-en-el-trono\/\" class=\"tg-thumb-link\">\n\t\t\t<img loading=\"lazy\" decoding=\"async\" width=\"375\" height=\"272\" src=\"https:\/\/www.jesusprieto.es\/wp-content\/uploads\/2021\/03\/40-a-375x272.png\" class=\"attachment-colormag-highlighted-post size-colormag-highlighted-post wp-post-image\" alt=\"\" \/>\t\t<\/a>\n\t\t                            <\/figure>\n                        \n                        <div class=\"tg-module-info\">\n                            <div class=\"tg-post-categories\"><a href=\"https:\/\/www.jesusprieto.es\/index.php\/category\/historia\/\" style=\"background:#de3737\" class=\"tg-post-category\" rel=\"category tag\">Historia<\/a>&nbsp;<\/div>\t\t<h3 class=\"tg-module-title entry-title\">\n\t\t\t<a href=\"https:\/\/www.jesusprieto.es\/index.php\/2020\/04\/19\/javier-moreno-luzon-coord-alfonso-xiii-un-politico-en-el-trono\/\">JAVIER MORENO LUZ\u00d3N (COORD.)  ALFONSO XIII. UN POL\u00cdTICO EN EL TRONO<\/a>\n\t\t<\/h3>\n\t\t                        <\/div>\n                    <\/div>\n\n                    \n                    <div class=\"tg_module_grid tg_module_grid--small tg_module_grid--half tg-col-control\">\n                                                    <figure class=\"tg-module-thumb\">\n                                \t\t<a href=\"https:\/\/www.jesusprieto.es\/index.php\/2020\/04\/01\/monarquia-constitucional-monarquia-parlamentaria\/\" class=\"tg-thumb-link\">\n\t\t\t<img loading=\"lazy\" decoding=\"async\" width=\"392\" height=\"272\" src=\"https:\/\/www.jesusprieto.es\/wp-content\/uploads\/2021\/03\/38-a-392x272.jpg\" class=\"attachment-colormag-highlighted-post size-colormag-highlighted-post wp-post-image\" alt=\"\" srcset=\"https:\/\/www.jesusprieto.es\/wp-content\/uploads\/2021\/03\/38-a-392x272.jpg 392w, https:\/\/www.jesusprieto.es\/wp-content\/uploads\/2021\/03\/38-a-130x90.jpg 130w\" sizes=\"auto, (max-width: 392px) 100vw, 392px\" \/>\t\t<\/a>\n\t\t                            <\/figure>\n                        \n                        <div class=\"tg-module-info\">\n                            <div class=\"tg-post-categories\"><a href=\"https:\/\/www.jesusprieto.es\/index.php\/category\/historia\/\" style=\"background:#de3737\" class=\"tg-post-category\" rel=\"category tag\">Historia<\/a>&nbsp;<\/div>\t\t<h3 class=\"tg-module-title entry-title\">\n\t\t\t<a href=\"https:\/\/www.jesusprieto.es\/index.php\/2020\/04\/01\/monarquia-constitucional-monarquia-parlamentaria\/\">Monarqu\u00eda Constitucional \/ Monarqu\u00eda Parlamentaria<\/a>\n\t\t<\/h3>\n\t\t                        <\/div>\n                    <\/div>\n\n                    \n                    <div class=\"tg_module_grid tg_module_grid--small tg_module_grid--half tg-col-control\">\n                                                    <figure class=\"tg-module-thumb\">\n                                \t\t<a href=\"https:\/\/www.jesusprieto.es\/index.php\/2020\/02\/23\/la-comision-de-responsabilidades-de-1931-y-la-memoria-historica\/\" class=\"tg-thumb-link\">\n\t\t\t<img loading=\"lazy\" decoding=\"async\" width=\"319\" height=\"272\" src=\"https:\/\/www.jesusprieto.es\/wp-content\/uploads\/2021\/03\/35-a-319x272.jpg\" class=\"attachment-colormag-highlighted-post size-colormag-highlighted-post wp-post-image\" alt=\"\" \/>\t\t<\/a>\n\t\t                            <\/figure>\n                        \n                        <div class=\"tg-module-info\">\n                            <div class=\"tg-post-categories\"><a href=\"https:\/\/www.jesusprieto.es\/index.php\/category\/historia\/\" style=\"background:#de3737\" class=\"tg-post-category\" rel=\"category tag\">Historia<\/a>&nbsp;<\/div>\t\t<h3 class=\"tg-module-title entry-title\">\n\t\t\t<a href=\"https:\/\/www.jesusprieto.es\/index.php\/2020\/02\/23\/la-comision-de-responsabilidades-de-1931-y-la-memoria-historica\/\">La Comisi\u00f3n de Responsabilidades de 1931 y la Memoria Hist\u00f3rica.<\/a>\n\t\t<\/h3>\n\t\t                        <\/div>\n                    <\/div>\n\n                    \n                    <div class=\"tg_module_grid tg_module_grid--small tg_module_grid--half tg-col-control\">\n                                                    <figure class=\"tg-module-thumb\">\n                                \t\t<a href=\"https:\/\/www.jesusprieto.es\/index.php\/2020\/02\/15\/introduccion-a-la-politica-internacional-pierre-renouvin-jean-baptiste-duroselle\/\" class=\"tg-thumb-link\">\n\t\t\t<img loading=\"lazy\" decoding=\"async\" width=\"300\" height=\"272\" src=\"https:\/\/www.jesusprieto.es\/wp-content\/uploads\/2021\/03\/42-a-300x272.png\" class=\"attachment-colormag-highlighted-post size-colormag-highlighted-post wp-post-image\" alt=\"\" \/>\t\t<\/a>\n\t\t                            <\/figure>\n                        \n                        <div class=\"tg-module-info\">\n                            <div class=\"tg-post-categories\"><a href=\"https:\/\/www.jesusprieto.es\/index.php\/category\/historia\/\" style=\"background:#de3737\" class=\"tg-post-category\" rel=\"category tag\">Historia<\/a>&nbsp;<\/div>\t\t<h3 class=\"tg-module-title entry-title\">\n\t\t\t<a href=\"https:\/\/www.jesusprieto.es\/index.php\/2020\/02\/15\/introduccion-a-la-politica-internacional-pierre-renouvin-jean-baptiste-duroselle\/\">Introducci\u00f3n a la Pol\u00edtica Internacional- Pierre Renouvin \/ Jean-Baptiste Duroselle<\/a>\n\t\t<\/h3>\n\t\t                        <\/div>\n                    <\/div>\n\n                    \n                    <div class=\"tg_module_grid tg_module_grid--small tg_module_grid--half tg-col-control\">\n                                                    <figure class=\"tg-module-thumb\">\n                                \t\t<a href=\"https:\/\/www.jesusprieto.es\/index.php\/2020\/02\/01\/un-mundo-que-ganar-historia-la-izquierda-en-europa-1850-2000-geoff-eley\/\" class=\"tg-thumb-link\">\n\t\t\t<img loading=\"lazy\" decoding=\"async\" width=\"333\" height=\"272\" src=\"https:\/\/www.jesusprieto.es\/wp-content\/uploads\/2021\/03\/47-a-333x272.jpg\" class=\"attachment-colormag-highlighted-post size-colormag-highlighted-post wp-post-image\" alt=\"\" \/>\t\t<\/a>\n\t\t                            <\/figure>\n                        \n                        <div class=\"tg-module-info\">\n                            <div class=\"tg-post-categories\"><a href=\"https:\/\/www.jesusprieto.es\/index.php\/category\/historia\/\" style=\"background:#de3737\" class=\"tg-post-category\" rel=\"category tag\">Historia<\/a>&nbsp;<\/div>\t\t<h3 class=\"tg-module-title entry-title\">\n\t\t\t<a href=\"https:\/\/www.jesusprieto.es\/index.php\/2020\/02\/01\/un-mundo-que-ganar-historia-la-izquierda-en-europa-1850-2000-geoff-eley\/\">UN MUNDO QUE GANAR. HISTORIA LA IZQUIERDA EN EUROPA, 1850-2000 \u2013 GEOFF ELEY<\/a>\n\t\t<\/h3>\n\t\t                        <\/div>\n                    <\/div>\n\n                    \n                    <div class=\"tg_module_grid tg_module_grid--small tg_module_grid--half tg-col-control\">\n                                                    <figure class=\"tg-module-thumb\">\n                                \t\t<a href=\"https:\/\/www.jesusprieto.es\/index.php\/2020\/01\/13\/el-pensamiento-politico-de-la-derecha-espanola-en-el-siglo-xx-de-la-crisis-de-la-restauracion-al-estado-de-partidos-1898-2000-pedro-gonzalez-cuevas\/\" class=\"tg-thumb-link\">\n\t\t\t<img loading=\"lazy\" decoding=\"async\" width=\"392\" height=\"272\" src=\"https:\/\/www.jesusprieto.es\/wp-content\/uploads\/2021\/03\/36-a-1-392x272.jpg\" class=\"attachment-colormag-highlighted-post size-colormag-highlighted-post wp-post-image\" alt=\"\" srcset=\"https:\/\/www.jesusprieto.es\/wp-content\/uploads\/2021\/03\/36-a-1-392x272.jpg 392w, https:\/\/www.jesusprieto.es\/wp-content\/uploads\/2021\/03\/36-a-1-130x90.jpg 130w, https:\/\/www.jesusprieto.es\/wp-content\/uploads\/2021\/03\/36-a-1-600x417.jpg 600w\" sizes=\"auto, (max-width: 392px) 100vw, 392px\" \/>\t\t<\/a>\n\t\t                            <\/figure>\n                        \n                        <div class=\"tg-module-info\">\n                            <div class=\"tg-post-categories\"><a href=\"https:\/\/www.jesusprieto.es\/index.php\/category\/historia\/\" style=\"background:#de3737\" class=\"tg-post-category\" rel=\"category tag\">Historia<\/a>&nbsp;<\/div>\t\t<h3 class=\"tg-module-title entry-title\">\n\t\t\t<a href=\"https:\/\/www.jesusprieto.es\/index.php\/2020\/01\/13\/el-pensamiento-politico-de-la-derecha-espanola-en-el-siglo-xx-de-la-crisis-de-la-restauracion-al-estado-de-partidos-1898-2000-pedro-gonzalez-cuevas\/\">EL PENSAMIENTO POL\u00cdTICO DE LA DERECHA ESPA\u00d1OLA EN EL SIGLO XX.  DE LA CRISIS DE LA RESTAURACI\u00d3N AL ESTADO DE PARTIDOS (1898-2000) &#8211; PEDRO GONZ\u00c1LEZ CUEVAS<\/a>\n\t\t<\/h3>\n\t\t                        <\/div>\n                    <\/div>\n\n                    \n                    <div class=\"tg_module_grid tg_module_grid--small tg_module_grid--half tg-col-control\">\n                                                    <figure class=\"tg-module-thumb\">\n                                \t\t<a href=\"https:\/\/www.jesusprieto.es\/index.php\/2020\/01\/08\/carlos-malamud-coord-ruptura-y-reconciliacion-espana-y-el-reconocimiento-de-las-independencias-latinoamericanas\/\" class=\"tg-thumb-link\">\n\t\t\t<img loading=\"lazy\" decoding=\"async\" width=\"326\" height=\"272\" src=\"https:\/\/www.jesusprieto.es\/wp-content\/uploads\/2021\/03\/44-a-326x272.jpg\" class=\"attachment-colormag-highlighted-post size-colormag-highlighted-post wp-post-image\" alt=\"\" \/>\t\t<\/a>\n\t\t                            <\/figure>\n                        \n                        <div class=\"tg-module-info\">\n                            <div class=\"tg-post-categories\"><a href=\"https:\/\/www.jesusprieto.es\/index.php\/category\/historia\/\" style=\"background:#de3737\" class=\"tg-post-category\" rel=\"category tag\">Historia<\/a>&nbsp;<\/div>\t\t<h3 class=\"tg-module-title entry-title\">\n\t\t\t<a href=\"https:\/\/www.jesusprieto.es\/index.php\/2020\/01\/08\/carlos-malamud-coord-ruptura-y-reconciliacion-espana-y-el-reconocimiento-de-las-independencias-latinoamericanas\/\">CARLOS MALAMUD (COORD.)  RUPTURA Y RECONCILIACI\u00d3N.  ESPA\u00d1A Y EL RECONOCIMIENTO DE LAS INDEPENDENCIAS LATINOAMERICANAS<\/a>\n\t\t<\/h3>\n\t\t                        <\/div>\n                    <\/div>\n\n                    <\/div><\/div>            <\/div>\n        <\/div>\n\n        \t\t<\/div>\n\t\t\t\t<\/div>\n\t\t\t\t\t<\/div>\n\t\t<\/div>\n\t\t\t\t\t\t\t<\/div>\n\t\t<\/section>\n\t\t\t\t\t\t\t<\/div>\n\t\t","protected":false},"excerpt":{"rendered":"<p>HISTORIA Historia&nbsp; El PSOE y la Dictadura de Primo de Rivera Historia&nbsp; Estado de la Cuesti\u00f3n: El Golpe de Primo<\/p>\n","protected":false},"author":1,"featured_media":0,"parent":0,"menu_order":0,"comment_status":"closed","ping_status":"closed","template":"","meta":{"colormag_page_layout":"default_layout","footnotes":""},"class_list":["post-2601","page","type-page","status-publish","hentry"],"_links":{"self":[{"href":"https:\/\/www.jesusprieto.es\/index.php\/wp-json\/wp\/v2\/pages\/2601","targetHints":{"allow":["GET"]}}],"collection":[{"href":"https:\/\/www.jesusprieto.es\/index.php\/wp-json\/wp\/v2\/pages"}],"about":[{"href":"https:\/\/www.jesusprieto.es\/index.php\/wp-json\/wp\/v2\/types\/page"}],"author":[{"embeddable":true,"href":"https:\/\/www.jesusprieto.es\/index.php\/wp-json\/wp\/v2\/users\/1"}],"replies":[{"embeddable":true,"href":"https:\/\/www.jesusprieto.es\/index.php\/wp-json\/wp\/v2\/comments?post=2601"}],"version-history":[{"count":6,"href":"https:\/\/www.jesusprieto.es\/index.php\/wp-json\/wp\/v2\/pages\/2601\/revisions"}],"predecessor-version":[{"id":2607,"href":"https:\/\/www.jesusprieto.es\/index.php\/wp-json\/wp\/v2\/pages\/2601\/revisions\/2607"}],"wp:attachment":[{"href":"https:\/\/www.jesusprieto.es\/index.php\/wp-json\/wp\/v2\/media?parent=2601"}],"curies":[{"name":"wp","href":"https:\/\/api.w.org\/{rel}","templated":true}]}}