{"id":2596,"date":"2021-03-23T20:05:04","date_gmt":"2021-03-23T20:05:04","guid":{"rendered":"http:\/\/www.jesusprieto.es\/?page_id=2596"},"modified":"2021-03-23T20:23:00","modified_gmt":"2021-03-23T20:23:00","slug":"politica","status":"publish","type":"page","link":"https:\/\/www.jesusprieto.es\/index.php\/politica\/","title":{"rendered":"POL\u00cdTICA"},"content":{"rendered":"\t\t<div data-elementor-type=\"wp-page\" data-elementor-id=\"2596\" class=\"elementor elementor-2596\">\n\t\t\t\t\t\t\t\t\t<section class=\"elementor-section elementor-top-section elementor-element elementor-element-e25d25c elementor-section-boxed elementor-section-height-default elementor-section-height-default\" data-id=\"e25d25c\" data-element_type=\"section\">\n\t\t\t\t\t\t<div class=\"elementor-container elementor-column-gap-default\">\n\t\t\t\t\t<div class=\"elementor-column elementor-col-100 elementor-top-column elementor-element elementor-element-0282374\" data-id=\"0282374\" data-element_type=\"column\">\n\t\t\t<div class=\"elementor-widget-wrap elementor-element-populated\">\n\t\t\t\t\t\t\t\t<div class=\"elementor-element elementor-element-8d00c8d elementor-widget elementor-widget-heading\" data-id=\"8d00c8d\" data-element_type=\"widget\" data-widget_type=\"heading.default\">\n\t\t\t\t<div class=\"elementor-widget-container\">\n\t\t\t<h2 class=\"elementor-heading-title elementor-size-default\">POL\u00cdTICA<\/h2>\t\t<\/div>\n\t\t\t\t<\/div>\n\t\t\t\t\t<\/div>\n\t\t<\/div>\n\t\t\t\t\t\t\t<\/div>\n\t\t<\/section>\n\t\t\t\t<section class=\"elementor-section elementor-top-section elementor-element elementor-element-1d59742 elementor-section-boxed elementor-section-height-default elementor-section-height-default\" data-id=\"1d59742\" data-element_type=\"section\">\n\t\t\t\t\t\t<div class=\"elementor-container elementor-column-gap-default\">\n\t\t\t\t\t<div class=\"elementor-column elementor-col-100 elementor-top-column elementor-element elementor-element-f6d68c2\" data-id=\"f6d68c2\" data-element_type=\"column\">\n\t\t\t<div class=\"elementor-widget-wrap elementor-element-populated\">\n\t\t\t\t\t\t\t\t<div class=\"elementor-element elementor-element-d939ea6 elementor-widget elementor-widget-ColorMag-Posts-Grid-2\" data-id=\"d939ea6\" data-element_type=\"widget\" data-widget_type=\"ColorMag-Posts-Grid-2.default\">\n\t\t\t\t<div class=\"elementor-widget-container\">\n\t\t\t\n        <div class=\"tg-module-grid tg-module-grid--style-2 tg-module-wrapper\">\n            \n            <div class=\"tg-row thinner\">\n                <div class=\"tg-col-control\">\n                    <div class=\"tg_module_grid tg_module_grid--full\">\n                                                    <figure class=\"tg-module-thumb\">\n                                \t\t<a href=\"https:\/\/www.jesusprieto.es\/index.php\/2020\/06\/06\/bernie-sanders\/\" class=\"tg-thumb-link\">\n\t\t\t<img loading=\"lazy\" decoding=\"async\" width=\"600\" height=\"417\" src=\"https:\/\/www.jesusprieto.es\/wp-content\/uploads\/2021\/03\/33-e-600x417.jpg\" class=\"attachment-colormag-elementor-grid-large-thumbnail size-colormag-elementor-grid-large-thumbnail wp-post-image\" alt=\"\" srcset=\"https:\/\/www.jesusprieto.es\/wp-content\/uploads\/2021\/03\/33-e-600x417.jpg 600w, https:\/\/www.jesusprieto.es\/wp-content\/uploads\/2021\/03\/33-e-392x272.jpg 392w, https:\/\/www.jesusprieto.es\/wp-content\/uploads\/2021\/03\/33-e-130x90.jpg 130w\" sizes=\"auto, (max-width: 600px) 100vw, 600px\" \/>\t\t<\/a>\n\t\t                            <\/figure>\n                        \n                        <div class=\"tg-module-info\">\n                            <div class=\"tg-post-categories\"><a href=\"https:\/\/www.jesusprieto.es\/index.php\/category\/politica\/\" style=\"background:#5c77a7\" class=\"tg-post-category\" rel=\"category tag\">Pol\u00edtica<\/a>&nbsp;<\/div>\t\t<h3 class=\"tg-module-title entry-title\">\n\t\t\t<a href=\"https:\/\/www.jesusprieto.es\/index.php\/2020\/06\/06\/bernie-sanders\/\">Bernie Sanders<\/a>\n\t\t<\/h3>\n\t\t                        <\/div>\n                    <\/div>\n\n                    <\/div><div class=\"tg-col-control\"><div class=\"tg-row thinner\">\n                    <div class=\"tg_module_grid tg_module_grid--small tg_module_grid--full tg-col-control\">\n                                                    <figure class=\"tg-module-thumb\">\n                                \t\t<a href=\"https:\/\/www.jesusprieto.es\/index.php\/2020\/04\/24\/neoliberales-en-urgencias-hospitalarias\/\" class=\"tg-thumb-link\">\n\t\t\t<img loading=\"lazy\" decoding=\"async\" width=\"299\" height=\"168\" src=\"https:\/\/www.jesusprieto.es\/wp-content\/uploads\/2021\/03\/30-b.jpg\" class=\"attachment-colormag-elementor-grid-medium-large-thumbnail size-colormag-elementor-grid-medium-large-thumbnail wp-post-image\" alt=\"\" \/>\t\t<\/a>\n\t\t                            <\/figure>\n                        \n                        <div class=\"tg-module-info\">\n                            <div class=\"tg-post-categories\"><a href=\"https:\/\/www.jesusprieto.es\/index.php\/category\/politica\/\" style=\"background:#5c77a7\" class=\"tg-post-category\" rel=\"category tag\">Pol\u00edtica<\/a>&nbsp;<\/div>\t\t<h3 class=\"tg-module-title entry-title\">\n\t\t\t<a href=\"https:\/\/www.jesusprieto.es\/index.php\/2020\/04\/24\/neoliberales-en-urgencias-hospitalarias\/\">NEOLIBERALES, \u00bfEN URGENCIAS HOSPITALARIAS?<\/a>\n\t\t<\/h3>\n\t\t                        <\/div>\n                    <\/div>\n\n                    \n                    <div class=\"tg_module_grid tg_module_grid--small tg_module_grid--half tg-col-control\">\n                                                    <figure class=\"tg-module-thumb\">\n                                \t\t<a href=\"https:\/\/www.jesusprieto.es\/index.php\/2020\/04\/13\/celestino-del-arenal-politica-exterior-de-espana-y-relaciones-con-america-latina\/\" class=\"tg-thumb-link\">\n\t\t\t<img loading=\"lazy\" decoding=\"async\" width=\"392\" height=\"272\" src=\"https:\/\/www.jesusprieto.es\/wp-content\/uploads\/2021\/03\/45-a-392x272.jpg\" class=\"attachment-colormag-highlighted-post size-colormag-highlighted-post wp-post-image\" alt=\"\" srcset=\"https:\/\/www.jesusprieto.es\/wp-content\/uploads\/2021\/03\/45-a-392x272.jpg 392w, https:\/\/www.jesusprieto.es\/wp-content\/uploads\/2021\/03\/45-a-130x90.jpg 130w, https:\/\/www.jesusprieto.es\/wp-content\/uploads\/2021\/03\/45-a-600x417.jpg 600w\" sizes=\"auto, (max-width: 392px) 100vw, 392px\" \/>\t\t<\/a>\n\t\t                            <\/figure>\n                        \n                        <div class=\"tg-module-info\">\n                            <div class=\"tg-post-categories\"><a href=\"https:\/\/www.jesusprieto.es\/index.php\/category\/politica\/\" style=\"background:#5c77a7\" class=\"tg-post-category\" rel=\"category tag\">Pol\u00edtica<\/a>&nbsp;<\/div>\t\t<h3 class=\"tg-module-title entry-title\">\n\t\t\t<a href=\"https:\/\/www.jesusprieto.es\/index.php\/2020\/04\/13\/celestino-del-arenal-politica-exterior-de-espana-y-relaciones-con-america-latina\/\">Celestino del Arenal. Pol\u00edtica exterior de Espa\u00f1a y relaciones con Am\u00e9rica Latina.<\/a>\n\t\t<\/h3>\n\t\t                        <\/div>\n                    <\/div>\n\n                    \n                    <div class=\"tg_module_grid tg_module_grid--small tg_module_grid--half tg-col-control\">\n                                                    <figure class=\"tg-module-thumb\">\n                                \t\t<a href=\"https:\/\/www.jesusprieto.es\/index.php\/2019\/12\/16\/razones-para-el-fin-de-unasur-desde-fuera-y-muy-lejos\/\" class=\"tg-thumb-link\">\n\t\t\t<img loading=\"lazy\" decoding=\"async\" width=\"300\" height=\"168\" src=\"https:\/\/www.jesusprieto.es\/wp-content\/uploads\/2021\/03\/32-a.jpg\" class=\"attachment-colormag-highlighted-post size-colormag-highlighted-post wp-post-image\" alt=\"\" \/>\t\t<\/a>\n\t\t                            <\/figure>\n                        \n                        <div class=\"tg-module-info\">\n                            <div class=\"tg-post-categories\"><a href=\"https:\/\/www.jesusprieto.es\/index.php\/category\/politica\/\" style=\"background:#5c77a7\" class=\"tg-post-category\" rel=\"category tag\">Pol\u00edtica<\/a>&nbsp;<\/div>\t\t<h3 class=\"tg-module-title entry-title\">\n\t\t\t<a href=\"https:\/\/www.jesusprieto.es\/index.php\/2019\/12\/16\/razones-para-el-fin-de-unasur-desde-fuera-y-muy-lejos\/\">RAZONES PARA EL FIN DE UNASUR  (DESDE FUERA Y MUY LEJOS)<\/a>\n\t\t<\/h3>\n\t\t                        <\/div>\n                    <\/div>\n\n                    \n                    <div class=\"tg_module_grid tg_module_grid--small tg_module_grid--half tg-col-control\">\n                                                    <figure class=\"tg-module-thumb\">\n                                \t\t<a href=\"https:\/\/www.jesusprieto.es\/index.php\/2019\/09\/07\/el-estado-la-maquina-mas-perfecta-de-conseguir-obediencia-por-que-obedecemos\/\" class=\"tg-thumb-link\">\n\t\t\t<img loading=\"lazy\" decoding=\"async\" width=\"260\" height=\"194\" src=\"https:\/\/www.jesusprieto.es\/wp-content\/uploads\/2021\/03\/31-a.jpg\" class=\"attachment-colormag-highlighted-post size-colormag-highlighted-post wp-post-image\" alt=\"\" \/>\t\t<\/a>\n\t\t                            <\/figure>\n                        \n                        <div class=\"tg-module-info\">\n                            <div class=\"tg-post-categories\"><a href=\"https:\/\/www.jesusprieto.es\/index.php\/category\/politica\/\" style=\"background:#5c77a7\" class=\"tg-post-category\" rel=\"category tag\">Pol\u00edtica<\/a>&nbsp;<\/div>\t\t<h3 class=\"tg-module-title entry-title\">\n\t\t\t<a href=\"https:\/\/www.jesusprieto.es\/index.php\/2019\/09\/07\/el-estado-la-maquina-mas-perfecta-de-conseguir-obediencia-por-que-obedecemos\/\">EL ESTADO, LA MAQUINA M\u00c1S PERFECTA DE  CONSEGUIR OBEDIENCIA: \u00bfPOR QU\u00c9 OBEDECEMOS?<\/a>\n\t\t<\/h3>\n\t\t                        <\/div>\n                    <\/div>\n\n                    \n                    <div class=\"tg_module_grid tg_module_grid--small tg_module_grid--half tg-col-control\">\n                                                    <figure class=\"tg-module-thumb\">\n                                \t\t<a href=\"https:\/\/www.jesusprieto.es\/index.php\/2019\/03\/23\/la-politica-exterior-europea-de-espana-ante-la-crisis-del-proceso-de-integracion-brexit-nacionalismo-populismo-y-riesgos-de-desintegracion-una-vision-historica\/\" class=\"tg-thumb-link\">\n\t\t\t<img loading=\"lazy\" decoding=\"async\" width=\"318\" height=\"159\" src=\"https:\/\/www.jesusprieto.es\/wp-content\/uploads\/2021\/03\/29-A.jpg\" class=\"attachment-colormag-highlighted-post size-colormag-highlighted-post wp-post-image\" alt=\"\" srcset=\"https:\/\/www.jesusprieto.es\/wp-content\/uploads\/2021\/03\/29-A.jpg 318w, https:\/\/www.jesusprieto.es\/wp-content\/uploads\/2021\/03\/29-A-300x150.jpg 300w\" sizes=\"auto, (max-width: 318px) 100vw, 318px\" \/>\t\t<\/a>\n\t\t                            <\/figure>\n                        \n                        <div class=\"tg-module-info\">\n                            <div class=\"tg-post-categories\"><a href=\"https:\/\/www.jesusprieto.es\/index.php\/category\/politica\/\" style=\"background:#5c77a7\" class=\"tg-post-category\" rel=\"category tag\">Pol\u00edtica<\/a>&nbsp;<\/div>\t\t<h3 class=\"tg-module-title entry-title\">\n\t\t\t<a href=\"https:\/\/www.jesusprieto.es\/index.php\/2019\/03\/23\/la-politica-exterior-europea-de-espana-ante-la-crisis-del-proceso-de-integracion-brexit-nacionalismo-populismo-y-riesgos-de-desintegracion-una-vision-historica\/\">LA POL\u00cdTICA EXTERIOR EUROPEA DE ESPA\u00d1A ANTE LA CRISIS DEL PROCESO DE INTEGRACI\u00d3N: BREXIT, NACIONALISMO, POPULISMO Y RIESGOS DE DESINTEGRACI\u00d3N. UNA VISI\u00d3N HIST\u00d3RICA<\/a>\n\t\t<\/h3>\n\t\t                        <\/div>\n                    <\/div>\n\n                    \n                    <div class=\"tg_module_grid tg_module_grid--small tg_module_grid--half tg-col-control\">\n                                                    <figure class=\"tg-module-thumb\">\n                                \t\t<a href=\"https:\/\/www.jesusprieto.es\/index.php\/2019\/03\/23\/la-crisis-economica-y-social-y-la-cuestion-de-los-refugiados-en-la-ue\/\" class=\"tg-thumb-link\">\n\t\t\t<img loading=\"lazy\" decoding=\"async\" width=\"300\" height=\"168\" src=\"https:\/\/www.jesusprieto.es\/wp-content\/uploads\/2021\/03\/28-a.jpg\" class=\"attachment-colormag-highlighted-post size-colormag-highlighted-post wp-post-image\" alt=\"\" \/>\t\t<\/a>\n\t\t                            <\/figure>\n                        \n                        <div class=\"tg-module-info\">\n                            <div class=\"tg-post-categories\"><a href=\"https:\/\/www.jesusprieto.es\/index.php\/category\/politica\/\" style=\"background:#5c77a7\" class=\"tg-post-category\" rel=\"category tag\">Pol\u00edtica<\/a>&nbsp;<\/div>\t\t<h3 class=\"tg-module-title entry-title\">\n\t\t\t<a href=\"https:\/\/www.jesusprieto.es\/index.php\/2019\/03\/23\/la-crisis-economica-y-social-y-la-cuestion-de-los-refugiados-en-la-ue\/\">La crisis econ\u00f3mica y social y la cuesti\u00f3n de los refugiados en la UE<\/a>\n\t\t<\/h3>\n\t\t                        <\/div>\n                    <\/div>\n\n                    \n                    <div class=\"tg_module_grid tg_module_grid--small tg_module_grid--half tg-col-control\">\n                                                    <figure class=\"tg-module-thumb\">\n                                \t\t<a href=\"https:\/\/www.jesusprieto.es\/index.php\/2019\/01\/05\/salvini-y-la-liga-norte-la-teoria-del-discurso-y-los-populismos\/\" class=\"tg-thumb-link\">\n\t\t\t<img loading=\"lazy\" decoding=\"async\" width=\"274\" height=\"188\" src=\"https:\/\/www.jesusprieto.es\/wp-content\/uploads\/2021\/03\/25-a.png\" class=\"attachment-colormag-highlighted-post size-colormag-highlighted-post wp-post-image\" alt=\"\" srcset=\"https:\/\/www.jesusprieto.es\/wp-content\/uploads\/2021\/03\/25-a.png 274w, https:\/\/www.jesusprieto.es\/wp-content\/uploads\/2021\/03\/25-a-130x90.png 130w\" sizes=\"auto, (max-width: 274px) 100vw, 274px\" \/>\t\t<\/a>\n\t\t                            <\/figure>\n                        \n                        <div class=\"tg-module-info\">\n                            <div class=\"tg-post-categories\"><a href=\"https:\/\/www.jesusprieto.es\/index.php\/category\/politica\/\" style=\"background:#5c77a7\" class=\"tg-post-category\" rel=\"category tag\">Pol\u00edtica<\/a>&nbsp;<\/div>\t\t<h3 class=\"tg-module-title entry-title\">\n\t\t\t<a href=\"https:\/\/www.jesusprieto.es\/index.php\/2019\/01\/05\/salvini-y-la-liga-norte-la-teoria-del-discurso-y-los-populismos\/\">Salvini y la Liga Norte: la Teor\u00eda del Discurso y los populismos<\/a>\n\t\t<\/h3>\n\t\t                        <\/div>\n                    <\/div>\n\n                    \n                    <div class=\"tg_module_grid tg_module_grid--small tg_module_grid--half tg-col-control\">\n                                                    <figure class=\"tg-module-thumb\">\n                                \t\t<a href=\"https:\/\/www.jesusprieto.es\/index.php\/2019\/01\/03\/turquia-informe-de-riesgo-politico\/\" class=\"tg-thumb-link\">\n\t\t\t<img loading=\"lazy\" decoding=\"async\" width=\"299\" height=\"168\" src=\"https:\/\/www.jesusprieto.es\/wp-content\/uploads\/2021\/03\/23-a.jpg\" class=\"attachment-colormag-highlighted-post size-colormag-highlighted-post wp-post-image\" alt=\"\" \/>\t\t<\/a>\n\t\t                            <\/figure>\n                        \n                        <div class=\"tg-module-info\">\n                            <div class=\"tg-post-categories\"><a href=\"https:\/\/www.jesusprieto.es\/index.php\/category\/politica\/\" style=\"background:#5c77a7\" class=\"tg-post-category\" rel=\"category tag\">Pol\u00edtica<\/a>&nbsp;<\/div>\t\t<h3 class=\"tg-module-title entry-title\">\n\t\t\t<a href=\"https:\/\/www.jesusprieto.es\/index.php\/2019\/01\/03\/turquia-informe-de-riesgo-politico\/\">Turqu\u00eda: Informe de Riesgo Pol\u00edtico<\/a>\n\t\t<\/h3>\n\t\t                        <\/div>\n                    <\/div>\n\n                    \n                    <div class=\"tg_module_grid tg_module_grid--small tg_module_grid--half tg-col-control\">\n                                                    <figure class=\"tg-module-thumb\">\n                                \t\t<a href=\"https:\/\/www.jesusprieto.es\/index.php\/2018\/11\/20\/sobre-la-violencia-hannah-arendt\/\" class=\"tg-thumb-link\">\n\t\t\t<img loading=\"lazy\" decoding=\"async\" width=\"392\" height=\"272\" src=\"https:\/\/www.jesusprieto.es\/wp-content\/uploads\/2021\/03\/26-a-392x272.jpg\" class=\"attachment-colormag-highlighted-post size-colormag-highlighted-post wp-post-image\" alt=\"\" srcset=\"https:\/\/www.jesusprieto.es\/wp-content\/uploads\/2021\/03\/26-a-392x272.jpg 392w, https:\/\/www.jesusprieto.es\/wp-content\/uploads\/2021\/03\/26-a-130x90.jpg 130w\" sizes=\"auto, (max-width: 392px) 100vw, 392px\" \/>\t\t<\/a>\n\t\t                            <\/figure>\n                        \n                        <div class=\"tg-module-info\">\n                            <div class=\"tg-post-categories\"><a href=\"https:\/\/www.jesusprieto.es\/index.php\/category\/politica\/\" style=\"background:#5c77a7\" class=\"tg-post-category\" rel=\"category tag\">Pol\u00edtica<\/a>&nbsp;<\/div>\t\t<h3 class=\"tg-module-title entry-title\">\n\t\t\t<a href=\"https:\/\/www.jesusprieto.es\/index.php\/2018\/11\/20\/sobre-la-violencia-hannah-arendt\/\">Sobre la Violencia- Hannah Arendt<\/a>\n\t\t<\/h3>\n\t\t                        <\/div>\n                    <\/div>\n\n                    \n                    <div class=\"tg_module_grid tg_module_grid--small tg_module_grid--half tg-col-control\">\n                                                    <figure class=\"tg-module-thumb\">\n                                \t\t<a href=\"https:\/\/www.jesusprieto.es\/index.php\/2018\/11\/19\/the-special-relationship-2010\/\" class=\"tg-thumb-link\">\n\t\t\t<img loading=\"lazy\" decoding=\"async\" width=\"194\" height=\"259\" src=\"https:\/\/www.jesusprieto.es\/wp-content\/uploads\/2021\/03\/24-a.jpg\" class=\"attachment-colormag-highlighted-post size-colormag-highlighted-post wp-post-image\" alt=\"\" \/>\t\t<\/a>\n\t\t                            <\/figure>\n                        \n                        <div class=\"tg-module-info\">\n                            <div class=\"tg-post-categories\"><a href=\"https:\/\/www.jesusprieto.es\/index.php\/category\/politica\/\" style=\"background:#5c77a7\" class=\"tg-post-category\" rel=\"category tag\">Pol\u00edtica<\/a>&nbsp;<\/div>\t\t<h3 class=\"tg-module-title entry-title\">\n\t\t\t<a href=\"https:\/\/www.jesusprieto.es\/index.php\/2018\/11\/19\/the-special-relationship-2010\/\">The Special Relationship (2010)<\/a>\n\t\t<\/h3>\n\t\t                        <\/div>\n                    <\/div>\n\n                    \n                    <div class=\"tg_module_grid tg_module_grid--small tg_module_grid--half tg-col-control\">\n                                                    <figure class=\"tg-module-thumb\">\n                                \t\t<a href=\"https:\/\/www.jesusprieto.es\/index.php\/2018\/05\/13\/la-cultura-politica-almond-verba-e-inglehart\/\" class=\"tg-thumb-link\">\n\t\t\t<img loading=\"lazy\" decoding=\"async\" width=\"270\" height=\"187\" src=\"https:\/\/www.jesusprieto.es\/wp-content\/uploads\/2018\/05\/18-c.jpg\" class=\"attachment-colormag-highlighted-post size-colormag-highlighted-post wp-post-image\" alt=\"\" srcset=\"https:\/\/www.jesusprieto.es\/wp-content\/uploads\/2018\/05\/18-c.jpg 270w, https:\/\/www.jesusprieto.es\/wp-content\/uploads\/2018\/05\/18-c-130x90.jpg 130w\" sizes=\"auto, (max-width: 270px) 100vw, 270px\" \/>\t\t<\/a>\n\t\t                            <\/figure>\n                        \n                        <div class=\"tg-module-info\">\n                            <div class=\"tg-post-categories\"><a href=\"https:\/\/www.jesusprieto.es\/index.php\/category\/politica\/\" style=\"background:#5c77a7\" class=\"tg-post-category\" rel=\"category tag\">Pol\u00edtica<\/a>&nbsp;<\/div>\t\t<h3 class=\"tg-module-title entry-title\">\n\t\t\t<a href=\"https:\/\/www.jesusprieto.es\/index.php\/2018\/05\/13\/la-cultura-politica-almond-verba-e-inglehart\/\">La cultura pol\u00edtica &#8211; Almond \/ Verba e Inglehart<\/a>\n\t\t<\/h3>\n\t\t                        <\/div>\n                    <\/div>\n\n                    \n                    <div class=\"tg_module_grid tg_module_grid--small tg_module_grid--half tg-col-control\">\n                                                    <figure class=\"tg-module-thumb\">\n                                \t\t<a href=\"https:\/\/www.jesusprieto.es\/index.php\/2018\/05\/02\/el-contractualismo-como-base-de-la-teoria-de-la-justicia-de-rawls\/\" class=\"tg-thumb-link\">\n\t\t\t<img loading=\"lazy\" decoding=\"async\" width=\"259\" height=\"194\" src=\"https:\/\/www.jesusprieto.es\/wp-content\/uploads\/2021\/03\/22-a.jpg\" class=\"attachment-colormag-highlighted-post size-colormag-highlighted-post wp-post-image\" alt=\"\" \/>\t\t<\/a>\n\t\t                            <\/figure>\n                        \n                        <div class=\"tg-module-info\">\n                            <div class=\"tg-post-categories\"><a href=\"https:\/\/www.jesusprieto.es\/index.php\/category\/politica\/\" style=\"background:#5c77a7\" class=\"tg-post-category\" rel=\"category tag\">Pol\u00edtica<\/a>&nbsp;<\/div>\t\t<h3 class=\"tg-module-title entry-title\">\n\t\t\t<a href=\"https:\/\/www.jesusprieto.es\/index.php\/2018\/05\/02\/el-contractualismo-como-base-de-la-teoria-de-la-justicia-de-rawls\/\">El contractualismo como base de la teor\u00eda de la justicia de Rawls<\/a>\n\t\t<\/h3>\n\t\t                        <\/div>\n                    <\/div>\n\n                    \n                    <div class=\"tg_module_grid tg_module_grid--small tg_module_grid--half tg-col-control\">\n                                                    <figure class=\"tg-module-thumb\">\n                                \t\t<a href=\"https:\/\/www.jesusprieto.es\/index.php\/2018\/05\/02\/aparicion-subsistemas-de-partidos-en-escocia-y-gales\/\" class=\"tg-thumb-link\">\n\t\t\t<img loading=\"lazy\" decoding=\"async\" width=\"287\" height=\"175\" src=\"https:\/\/www.jesusprieto.es\/wp-content\/uploads\/2021\/03\/21-a.png\" class=\"attachment-colormag-highlighted-post size-colormag-highlighted-post wp-post-image\" alt=\"\" srcset=\"https:\/\/www.jesusprieto.es\/wp-content\/uploads\/2021\/03\/21-a.png 287w, https:\/\/www.jesusprieto.es\/wp-content\/uploads\/2021\/03\/21-a-285x175.png 285w\" sizes=\"auto, (max-width: 287px) 100vw, 287px\" \/>\t\t<\/a>\n\t\t                            <\/figure>\n                        \n                        <div class=\"tg-module-info\">\n                            <div class=\"tg-post-categories\"><a href=\"https:\/\/www.jesusprieto.es\/index.php\/category\/politica\/\" style=\"background:#5c77a7\" class=\"tg-post-category\" rel=\"category tag\">Pol\u00edtica<\/a>&nbsp;<\/div>\t\t<h3 class=\"tg-module-title entry-title\">\n\t\t\t<a href=\"https:\/\/www.jesusprieto.es\/index.php\/2018\/05\/02\/aparicion-subsistemas-de-partidos-en-escocia-y-gales\/\">Aparici\u00f3n subsistemas de partidos en Escocia y Gales<\/a>\n\t\t<\/h3>\n\t\t                        <\/div>\n                    <\/div>\n\n                    \n                    <div class=\"tg_module_grid tg_module_grid--small tg_module_grid--half tg-col-control\">\n                                                    <figure class=\"tg-module-thumb\">\n                                \t\t<a href=\"https:\/\/www.jesusprieto.es\/index.php\/2018\/04\/23\/regulacion-inteligente-en-espana\/\" class=\"tg-thumb-link\">\n\t\t\t<img loading=\"lazy\" decoding=\"async\" width=\"275\" height=\"183\" src=\"https:\/\/www.jesusprieto.es\/wp-content\/uploads\/2021\/03\/19-a.jpg\" class=\"attachment-colormag-highlighted-post size-colormag-highlighted-post wp-post-image\" alt=\"\" \/>\t\t<\/a>\n\t\t                            <\/figure>\n                        \n                        <div class=\"tg-module-info\">\n                            <div class=\"tg-post-categories\"><a href=\"https:\/\/www.jesusprieto.es\/index.php\/category\/politica\/\" style=\"background:#5c77a7\" class=\"tg-post-category\" rel=\"category tag\">Pol\u00edtica<\/a>&nbsp;<\/div>\t\t<h3 class=\"tg-module-title entry-title\">\n\t\t\t<a href=\"https:\/\/www.jesusprieto.es\/index.php\/2018\/04\/23\/regulacion-inteligente-en-espana\/\">Regulaci\u00f3n Inteligente en Espa\u00f1a<\/a>\n\t\t<\/h3>\n\t\t                        <\/div>\n                    <\/div>\n\n                    \n                    <div class=\"tg_module_grid tg_module_grid--small tg_module_grid--half tg-col-control\">\n                                                    <figure class=\"tg-module-thumb\">\n                                \t\t<a href=\"https:\/\/www.jesusprieto.es\/index.php\/2018\/04\/12\/regulando-las-agencias-de-rating\/\" class=\"tg-thumb-link\">\n\t\t\t<img loading=\"lazy\" decoding=\"async\" width=\"290\" height=\"174\" src=\"https:\/\/www.jesusprieto.es\/wp-content\/uploads\/2021\/03\/20-a.jpg\" class=\"attachment-colormag-highlighted-post size-colormag-highlighted-post wp-post-image\" alt=\"\" \/>\t\t<\/a>\n\t\t                            <\/figure>\n                        \n                        <div class=\"tg-module-info\">\n                            <div class=\"tg-post-categories\"><a href=\"https:\/\/www.jesusprieto.es\/index.php\/category\/politica\/\" style=\"background:#5c77a7\" class=\"tg-post-category\" rel=\"category tag\">Pol\u00edtica<\/a>&nbsp;<\/div>\t\t<h3 class=\"tg-module-title entry-title\">\n\t\t\t<a href=\"https:\/\/www.jesusprieto.es\/index.php\/2018\/04\/12\/regulando-las-agencias-de-rating\/\">Regulando las Agencias de Rating<\/a>\n\t\t<\/h3>\n\t\t                        <\/div>\n                    <\/div>\n\n                    \n                    <div class=\"tg_module_grid tg_module_grid--small tg_module_grid--half tg-col-control\">\n                                                    <figure class=\"tg-module-thumb\">\n                                \t\t<a href=\"https:\/\/www.jesusprieto.es\/index.php\/2018\/01\/10\/desobediencia-civil-en-espana-desde-1978\/\" class=\"tg-thumb-link\">\n\t\t\t<img loading=\"lazy\" decoding=\"async\" width=\"311\" height=\"162\" src=\"https:\/\/www.jesusprieto.es\/wp-content\/uploads\/2021\/03\/17-b.jpg\" class=\"attachment-colormag-highlighted-post size-colormag-highlighted-post wp-post-image\" alt=\"\" srcset=\"https:\/\/www.jesusprieto.es\/wp-content\/uploads\/2021\/03\/17-b.jpg 311w, https:\/\/www.jesusprieto.es\/wp-content\/uploads\/2021\/03\/17-b-300x156.jpg 300w\" sizes=\"auto, (max-width: 311px) 100vw, 311px\" \/>\t\t<\/a>\n\t\t                            <\/figure>\n                        \n                        <div class=\"tg-module-info\">\n                            <div class=\"tg-post-categories\"><a href=\"https:\/\/www.jesusprieto.es\/index.php\/category\/politica\/\" style=\"background:#5c77a7\" class=\"tg-post-category\" rel=\"category tag\">Pol\u00edtica<\/a>&nbsp;<\/div>\t\t<h3 class=\"tg-module-title entry-title\">\n\t\t\t<a href=\"https:\/\/www.jesusprieto.es\/index.php\/2018\/01\/10\/desobediencia-civil-en-espana-desde-1978\/\">Desobediencia Civil en Espa\u00f1a desde 1978<\/a>\n\t\t<\/h3>\n\t\t                        <\/div>\n                    <\/div>\n\n                    \n                    <div class=\"tg_module_grid tg_module_grid--small tg_module_grid--half tg-col-control\">\n                                                    <figure class=\"tg-module-thumb\">\n                                \t\t<a href=\"https:\/\/www.jesusprieto.es\/index.php\/2017\/12\/31\/la-otan-en-la-administracion-trump\/\" class=\"tg-thumb-link\">\n\t\t\t<img loading=\"lazy\" decoding=\"async\" width=\"321\" height=\"157\" src=\"https:\/\/www.jesusprieto.es\/wp-content\/uploads\/2021\/03\/16-a.jpg\" class=\"attachment-colormag-highlighted-post size-colormag-highlighted-post wp-post-image\" alt=\"\" srcset=\"https:\/\/www.jesusprieto.es\/wp-content\/uploads\/2021\/03\/16-a.jpg 321w, https:\/\/www.jesusprieto.es\/wp-content\/uploads\/2021\/03\/16-a-300x147.jpg 300w\" sizes=\"auto, (max-width: 321px) 100vw, 321px\" \/>\t\t<\/a>\n\t\t                            <\/figure>\n                        \n                        <div class=\"tg-module-info\">\n                            <div class=\"tg-post-categories\"><a href=\"https:\/\/www.jesusprieto.es\/index.php\/category\/politica\/\" style=\"background:#5c77a7\" class=\"tg-post-category\" rel=\"category tag\">Pol\u00edtica<\/a>&nbsp;<\/div>\t\t<h3 class=\"tg-module-title entry-title\">\n\t\t\t<a href=\"https:\/\/www.jesusprieto.es\/index.php\/2017\/12\/31\/la-otan-en-la-administracion-trump\/\">La OTAN en la Administraci\u00f3n Trump<\/a>\n\t\t<\/h3>\n\t\t                        <\/div>\n                    <\/div>\n\n                    \n                    <div class=\"tg_module_grid tg_module_grid--small tg_module_grid--half tg-col-control\">\n                                                    <figure class=\"tg-module-thumb\">\n                                \t\t<a href=\"https:\/\/www.jesusprieto.es\/index.php\/2017\/12\/13\/clasificando-las-libertades-politicas-y-civiles-la-base-de-datos-de-freedom-house\/\" class=\"tg-thumb-link\">\n\t\t\t<img loading=\"lazy\" decoding=\"async\" width=\"279\" height=\"180\" src=\"https:\/\/www.jesusprieto.es\/wp-content\/uploads\/2021\/03\/15-a.jpg\" class=\"attachment-colormag-highlighted-post size-colormag-highlighted-post wp-post-image\" alt=\"\" \/>\t\t<\/a>\n\t\t                            <\/figure>\n                        \n                        <div class=\"tg-module-info\">\n                            <div class=\"tg-post-categories\"><a href=\"https:\/\/www.jesusprieto.es\/index.php\/category\/politica\/\" style=\"background:#5c77a7\" class=\"tg-post-category\" rel=\"category tag\">Pol\u00edtica<\/a>&nbsp;<\/div>\t\t<h3 class=\"tg-module-title entry-title\">\n\t\t\t<a href=\"https:\/\/www.jesusprieto.es\/index.php\/2017\/12\/13\/clasificando-las-libertades-politicas-y-civiles-la-base-de-datos-de-freedom-house\/\">Clasificando las libertades pol\u00edticas y civiles. La base de datos de Freedom House<\/a>\n\t\t<\/h3>\n\t\t                        <\/div>\n                    <\/div>\n\n                    \n                    <div class=\"tg_module_grid tg_module_grid--small tg_module_grid--half tg-col-control\">\n                                                    <figure class=\"tg-module-thumb\">\n                                \t\t<a href=\"https:\/\/www.jesusprieto.es\/index.php\/2017\/05\/11\/relaciones-entre-espana-y-guinea-ecuatorial\/\" class=\"tg-thumb-link\">\n\t\t\t<img loading=\"lazy\" decoding=\"async\" width=\"199\" height=\"254\" src=\"https:\/\/www.jesusprieto.es\/wp-content\/uploads\/2021\/03\/12-a.jpg\" class=\"attachment-colormag-highlighted-post size-colormag-highlighted-post wp-post-image\" alt=\"\" \/>\t\t<\/a>\n\t\t                            <\/figure>\n                        \n                        <div class=\"tg-module-info\">\n                            <div class=\"tg-post-categories\"><a href=\"https:\/\/www.jesusprieto.es\/index.php\/category\/politica\/\" style=\"background:#5c77a7\" class=\"tg-post-category\" rel=\"category tag\">Pol\u00edtica<\/a>&nbsp;<\/div>\t\t<h3 class=\"tg-module-title entry-title\">\n\t\t\t<a href=\"https:\/\/www.jesusprieto.es\/index.php\/2017\/05\/11\/relaciones-entre-espana-y-guinea-ecuatorial\/\">Relaciones entre Espa\u00f1a y Guinea Ecuatorial<\/a>\n\t\t<\/h3>\n\t\t                        <\/div>\n                    <\/div>\n\n                    \n                    <div class=\"tg_module_grid tg_module_grid--small tg_module_grid--half tg-col-control\">\n                                                    <figure class=\"tg-module-thumb\">\n                                \t\t<a href=\"https:\/\/www.jesusprieto.es\/index.php\/2017\/05\/11\/popper-reformismo-versus-revolucion\/\" class=\"tg-thumb-link\">\n\t\t\t<img loading=\"lazy\" decoding=\"async\" width=\"300\" height=\"168\" src=\"https:\/\/www.jesusprieto.es\/wp-content\/uploads\/2021\/03\/11-a.jpg\" class=\"attachment-colormag-highlighted-post size-colormag-highlighted-post wp-post-image\" alt=\"\" \/>\t\t<\/a>\n\t\t                            <\/figure>\n                        \n                        <div class=\"tg-module-info\">\n                            <div class=\"tg-post-categories\"><a href=\"https:\/\/www.jesusprieto.es\/index.php\/category\/politica\/\" style=\"background:#5c77a7\" class=\"tg-post-category\" rel=\"category tag\">Pol\u00edtica<\/a>&nbsp;<\/div>\t\t<h3 class=\"tg-module-title entry-title\">\n\t\t\t<a href=\"https:\/\/www.jesusprieto.es\/index.php\/2017\/05\/11\/popper-reformismo-versus-revolucion\/\">Popper &#8211; Reformismo versus Revoluci\u00f3n<\/a>\n\t\t<\/h3>\n\t\t                        <\/div>\n                    <\/div>\n\n                    \n                    <div class=\"tg_module_grid tg_module_grid--small tg_module_grid--half tg-col-control\">\n                                                    <figure class=\"tg-module-thumb\">\n                                \t\t<a href=\"https:\/\/www.jesusprieto.es\/index.php\/2017\/05\/11\/marx-critica-de-la-declaracion-de-los-derechos-del-hombre\/\" class=\"tg-thumb-link\">\n\t\t\t<img loading=\"lazy\" decoding=\"async\" width=\"185\" height=\"272\" src=\"https:\/\/www.jesusprieto.es\/wp-content\/uploads\/2021\/03\/10-a.jpg\" class=\"attachment-colormag-highlighted-post size-colormag-highlighted-post wp-post-image\" alt=\"\" \/>\t\t<\/a>\n\t\t                            <\/figure>\n                        \n                        <div class=\"tg-module-info\">\n                            <div class=\"tg-post-categories\"><a href=\"https:\/\/www.jesusprieto.es\/index.php\/category\/politica\/\" style=\"background:#5c77a7\" class=\"tg-post-category\" rel=\"category tag\">Pol\u00edtica<\/a>&nbsp;<\/div>\t\t<h3 class=\"tg-module-title entry-title\">\n\t\t\t<a href=\"https:\/\/www.jesusprieto.es\/index.php\/2017\/05\/11\/marx-critica-de-la-declaracion-de-los-derechos-del-hombre\/\">Marx &#8211; Cr\u00edtica de la Declaraci\u00f3n de los Derechos del Hombre<\/a>\n\t\t<\/h3>\n\t\t                        <\/div>\n                    <\/div>\n\n                    \n                    <div class=\"tg_module_grid tg_module_grid--small tg_module_grid--half tg-col-control\">\n                                                    <figure class=\"tg-module-thumb\">\n                                \t\t<a href=\"https:\/\/www.jesusprieto.es\/index.php\/2017\/05\/11\/hegel-el-estado-y-la-libertad\/\" class=\"tg-thumb-link\">\n\t\t\t<img loading=\"lazy\" decoding=\"async\" width=\"268\" height=\"188\" src=\"https:\/\/www.jesusprieto.es\/wp-content\/uploads\/2021\/03\/9-a.jpg\" class=\"attachment-colormag-highlighted-post size-colormag-highlighted-post wp-post-image\" alt=\"\" srcset=\"https:\/\/www.jesusprieto.es\/wp-content\/uploads\/2021\/03\/9-a.jpg 268w, https:\/\/www.jesusprieto.es\/wp-content\/uploads\/2021\/03\/9-a-130x90.jpg 130w\" sizes=\"auto, (max-width: 268px) 100vw, 268px\" \/>\t\t<\/a>\n\t\t                            <\/figure>\n                        \n                        <div class=\"tg-module-info\">\n                            <div class=\"tg-post-categories\"><a href=\"https:\/\/www.jesusprieto.es\/index.php\/category\/politica\/\" style=\"background:#5c77a7\" class=\"tg-post-category\" rel=\"category tag\">Pol\u00edtica<\/a>&nbsp;<\/div>\t\t<h3 class=\"tg-module-title entry-title\">\n\t\t\t<a href=\"https:\/\/www.jesusprieto.es\/index.php\/2017\/05\/11\/hegel-el-estado-y-la-libertad\/\">Hegel- El Estado y la libertad<\/a>\n\t\t<\/h3>\n\t\t                        <\/div>\n                    <\/div>\n\n                    \n                    <div class=\"tg_module_grid tg_module_grid--small tg_module_grid--half tg-col-control\">\n                                                    <figure class=\"tg-module-thumb\">\n                                \t\t<a href=\"https:\/\/www.jesusprieto.es\/index.php\/2017\/05\/08\/dani-rodrik-la-paradoja-de-la-globalizacion\/\" class=\"tg-thumb-link\">\n\t\t\t<img loading=\"lazy\" decoding=\"async\" width=\"275\" height=\"183\" src=\"https:\/\/www.jesusprieto.es\/wp-content\/uploads\/2021\/03\/14-a.jpg\" class=\"attachment-colormag-highlighted-post size-colormag-highlighted-post wp-post-image\" alt=\"\" \/>\t\t<\/a>\n\t\t                            <\/figure>\n                        \n                        <div class=\"tg-module-info\">\n                            <div class=\"tg-post-categories\"><a href=\"https:\/\/www.jesusprieto.es\/index.php\/category\/politica\/\" style=\"background:#5c77a7\" class=\"tg-post-category\" rel=\"category tag\">Pol\u00edtica<\/a>&nbsp;<\/div>\t\t<h3 class=\"tg-module-title entry-title\">\n\t\t\t<a href=\"https:\/\/www.jesusprieto.es\/index.php\/2017\/05\/08\/dani-rodrik-la-paradoja-de-la-globalizacion\/\">Dani Rodrik &#8211; La paradoja de la Globalizaci\u00f3n<\/a>\n\t\t<\/h3>\n\t\t                        <\/div>\n                    <\/div>\n\n                    \n                    <div class=\"tg_module_grid tg_module_grid--small tg_module_grid--half tg-col-control\">\n                                                    <figure class=\"tg-module-thumb\">\n                                \t\t<a href=\"https:\/\/www.jesusprieto.es\/index.php\/2017\/04\/17\/grupos-de-presion-en-espana\/\" class=\"tg-thumb-link\">\n\t\t\t<img loading=\"lazy\" decoding=\"async\" width=\"392\" height=\"272\" src=\"https:\/\/www.jesusprieto.es\/wp-content\/uploads\/2021\/03\/13-f-392x272.jpg\" class=\"attachment-colormag-highlighted-post size-colormag-highlighted-post wp-post-image\" alt=\"\" srcset=\"https:\/\/www.jesusprieto.es\/wp-content\/uploads\/2021\/03\/13-f-392x272.jpg 392w, https:\/\/www.jesusprieto.es\/wp-content\/uploads\/2021\/03\/13-f-130x90.jpg 130w, https:\/\/www.jesusprieto.es\/wp-content\/uploads\/2021\/03\/13-f-600x417.jpg 600w\" sizes=\"auto, (max-width: 392px) 100vw, 392px\" \/>\t\t<\/a>\n\t\t                            <\/figure>\n                        \n                        <div class=\"tg-module-info\">\n                            <div class=\"tg-post-categories\"><a href=\"https:\/\/www.jesusprieto.es\/index.php\/category\/politica\/\" style=\"background:#5c77a7\" class=\"tg-post-category\" rel=\"category tag\">Pol\u00edtica<\/a>&nbsp;<\/div>\t\t<h3 class=\"tg-module-title entry-title\">\n\t\t\t<a href=\"https:\/\/www.jesusprieto.es\/index.php\/2017\/04\/17\/grupos-de-presion-en-espana\/\">Grupos de presi\u00f3n en Espa\u00f1a<\/a>\n\t\t<\/h3>\n\t\t                        <\/div>\n                    <\/div>\n\n                    \n                    <div class=\"tg_module_grid tg_module_grid--small tg_module_grid--half tg-col-control\">\n                                                    <figure class=\"tg-module-thumb\">\n                                \t\t<a href=\"https:\/\/www.jesusprieto.es\/index.php\/2016\/12\/28\/erasmo-la-escolastica-no-es-palabra-de-dios\/\" class=\"tg-thumb-link\">\n\t\t\t<img loading=\"lazy\" decoding=\"async\" width=\"284\" height=\"177\" src=\"https:\/\/www.jesusprieto.es\/wp-content\/uploads\/2021\/03\/7-a.jpg\" class=\"attachment-colormag-highlighted-post size-colormag-highlighted-post wp-post-image\" alt=\"\" \/>\t\t<\/a>\n\t\t                            <\/figure>\n                        \n                        <div class=\"tg-module-info\">\n                            <div class=\"tg-post-categories\"><a href=\"https:\/\/www.jesusprieto.es\/index.php\/category\/politica\/\" style=\"background:#5c77a7\" class=\"tg-post-category\" rel=\"category tag\">Pol\u00edtica<\/a>&nbsp;<\/div>\t\t<h3 class=\"tg-module-title entry-title\">\n\t\t\t<a href=\"https:\/\/www.jesusprieto.es\/index.php\/2016\/12\/28\/erasmo-la-escolastica-no-es-palabra-de-dios\/\">Erasmo &#8211; La escol\u00e1stica no es palabra de Dios<\/a>\n\t\t<\/h3>\n\t\t                        <\/div>\n                    <\/div>\n\n                    \n                    <div class=\"tg_module_grid tg_module_grid--small tg_module_grid--half tg-col-control\">\n                                                    <figure class=\"tg-module-thumb\">\n                                \t\t<a href=\"https:\/\/www.jesusprieto.es\/index.php\/2016\/12\/28\/ciceron-el-primer-deber-servir-a-la-patria\/\" class=\"tg-thumb-link\">\n\t\t\t<img loading=\"lazy\" decoding=\"async\" width=\"264\" height=\"191\" src=\"https:\/\/www.jesusprieto.es\/wp-content\/uploads\/2021\/03\/6-a.jpg\" class=\"attachment-colormag-highlighted-post size-colormag-highlighted-post wp-post-image\" alt=\"\" \/>\t\t<\/a>\n\t\t                            <\/figure>\n                        \n                        <div class=\"tg-module-info\">\n                            <div class=\"tg-post-categories\"><a href=\"https:\/\/www.jesusprieto.es\/index.php\/category\/politica\/\" style=\"background:#5c77a7\" class=\"tg-post-category\" rel=\"category tag\">Pol\u00edtica<\/a>&nbsp;<\/div>\t\t<h3 class=\"tg-module-title entry-title\">\n\t\t\t<a href=\"https:\/\/www.jesusprieto.es\/index.php\/2016\/12\/28\/ciceron-el-primer-deber-servir-a-la-patria\/\">Cicer\u00f3n- El primer deber, servir a la Patria<\/a>\n\t\t<\/h3>\n\t\t                        <\/div>\n                    <\/div>\n\n                    \n                    <div class=\"tg_module_grid tg_module_grid--small tg_module_grid--half tg-col-control\">\n                                                    <figure class=\"tg-module-thumb\">\n                                \t\t<a href=\"https:\/\/www.jesusprieto.es\/index.php\/2016\/12\/28\/tucidides-alabanza-de-atenas\/\" class=\"tg-thumb-link\">\n\t\t\t<img loading=\"lazy\" decoding=\"async\" width=\"184\" height=\"272\" src=\"https:\/\/www.jesusprieto.es\/wp-content\/uploads\/2021\/03\/5-a-184x272.jpg\" class=\"attachment-colormag-highlighted-post size-colormag-highlighted-post wp-post-image\" alt=\"\" \/>\t\t<\/a>\n\t\t                            <\/figure>\n                        \n                        <div class=\"tg-module-info\">\n                            <div class=\"tg-post-categories\"><a href=\"https:\/\/www.jesusprieto.es\/index.php\/category\/politica\/\" style=\"background:#5c77a7\" class=\"tg-post-category\" rel=\"category tag\">Pol\u00edtica<\/a>&nbsp;<\/div>\t\t<h3 class=\"tg-module-title entry-title\">\n\t\t\t<a href=\"https:\/\/www.jesusprieto.es\/index.php\/2016\/12\/28\/tucidides-alabanza-de-atenas\/\">Tucidides &#8211; Alabanza de Atenas<\/a>\n\t\t<\/h3>\n\t\t                        <\/div>\n                    <\/div>\n\n                    \n                    <div class=\"tg_module_grid tg_module_grid--small tg_module_grid--half tg-col-control\">\n                                                    <figure class=\"tg-module-thumb\">\n                                \t\t<a href=\"https:\/\/www.jesusprieto.es\/index.php\/2016\/12\/28\/listas-de-espera-quirurgica-en-la-sanidad-publica-madrilena\/\" class=\"tg-thumb-link\">\n\t\t\t<img loading=\"lazy\" decoding=\"async\" width=\"392\" height=\"272\" src=\"https:\/\/www.jesusprieto.es\/wp-content\/uploads\/2021\/03\/4-a-392x272.jpg\" class=\"attachment-colormag-highlighted-post size-colormag-highlighted-post wp-post-image\" alt=\"\" srcset=\"https:\/\/www.jesusprieto.es\/wp-content\/uploads\/2021\/03\/4-a-392x272.jpg 392w, https:\/\/www.jesusprieto.es\/wp-content\/uploads\/2021\/03\/4-a-130x90.jpg 130w, https:\/\/www.jesusprieto.es\/wp-content\/uploads\/2021\/03\/4-a-600x417.jpg 600w\" sizes=\"auto, (max-width: 392px) 100vw, 392px\" \/>\t\t<\/a>\n\t\t                            <\/figure>\n                        \n                        <div class=\"tg-module-info\">\n                            <div class=\"tg-post-categories\"><a href=\"https:\/\/www.jesusprieto.es\/index.php\/category\/politica\/\" style=\"background:#5c77a7\" class=\"tg-post-category\" rel=\"category tag\">Pol\u00edtica<\/a>&nbsp;<\/div>\t\t<h3 class=\"tg-module-title entry-title\">\n\t\t\t<a href=\"https:\/\/www.jesusprieto.es\/index.php\/2016\/12\/28\/listas-de-espera-quirurgica-en-la-sanidad-publica-madrilena\/\">Listas de Espera Quir\u00fargica en la Sanidad P\u00fablica Madrile\u00f1a<\/a>\n\t\t<\/h3>\n\t\t                        <\/div>\n                    <\/div>\n\n                    \n                    <div class=\"tg_module_grid tg_module_grid--small tg_module_grid--half tg-col-control\">\n                                                    <figure class=\"tg-module-thumb\">\n                                \t\t<a href=\"https:\/\/www.jesusprieto.es\/index.php\/2016\/12\/27\/wilson-1944\/\" class=\"tg-thumb-link\">\n\t\t\t<img loading=\"lazy\" decoding=\"async\" width=\"181\" height=\"272\" src=\"https:\/\/www.jesusprieto.es\/wp-content\/uploads\/2021\/03\/8-a-181x272.jpg\" class=\"attachment-colormag-highlighted-post size-colormag-highlighted-post wp-post-image\" alt=\"\" \/>\t\t<\/a>\n\t\t                            <\/figure>\n                        \n                        <div class=\"tg-module-info\">\n                            <div class=\"tg-post-categories\"><a href=\"https:\/\/www.jesusprieto.es\/index.php\/category\/politica\/\" style=\"background:#5c77a7\" class=\"tg-post-category\" rel=\"category tag\">Pol\u00edtica<\/a>&nbsp;<\/div>\t\t<h3 class=\"tg-module-title entry-title\">\n\t\t\t<a href=\"https:\/\/www.jesusprieto.es\/index.php\/2016\/12\/27\/wilson-1944\/\">Wilson (1944)<\/a>\n\t\t<\/h3>\n\t\t                        <\/div>\n                    <\/div>\n\n                    \n                    <div class=\"tg_module_grid tg_module_grid--small tg_module_grid--half tg-col-control\">\n                                                    <figure class=\"tg-module-thumb\">\n                                \t\t<a href=\"https:\/\/www.jesusprieto.es\/index.php\/2016\/05\/14\/la-politica-sectorial-de-empleo-en-espana\/\" class=\"tg-thumb-link\">\n\t\t\t<img loading=\"lazy\" decoding=\"async\" width=\"392\" height=\"272\" src=\"https:\/\/www.jesusprieto.es\/wp-content\/uploads\/2021\/03\/01-a-392x272.jpg\" class=\"attachment-colormag-highlighted-post size-colormag-highlighted-post wp-post-image\" alt=\"\" srcset=\"https:\/\/www.jesusprieto.es\/wp-content\/uploads\/2021\/03\/01-a-392x272.jpg 392w, https:\/\/www.jesusprieto.es\/wp-content\/uploads\/2021\/03\/01-a-130x90.jpg 130w, https:\/\/www.jesusprieto.es\/wp-content\/uploads\/2021\/03\/01-a-600x417.jpg 600w\" sizes=\"auto, (max-width: 392px) 100vw, 392px\" \/>\t\t<\/a>\n\t\t                            <\/figure>\n                        \n                        <div class=\"tg-module-info\">\n                            <div class=\"tg-post-categories\"><a href=\"https:\/\/www.jesusprieto.es\/index.php\/category\/politica\/\" style=\"background:#5c77a7\" class=\"tg-post-category\" rel=\"category tag\">Pol\u00edtica<\/a>&nbsp;<\/div>\t\t<h3 class=\"tg-module-title entry-title\">\n\t\t\t<a href=\"https:\/\/www.jesusprieto.es\/index.php\/2016\/05\/14\/la-politica-sectorial-de-empleo-en-espana\/\">La pol\u00edtica sectorial de empleo en Espa\u00f1a<\/a>\n\t\t<\/h3>\n\t\t                        <\/div>\n                    <\/div>\n\n                    \n                    <div class=\"tg_module_grid tg_module_grid--small tg_module_grid--half tg-col-control\">\n                                                    <figure class=\"tg-module-thumb\">\n                                \t\t<a href=\"https:\/\/www.jesusprieto.es\/index.php\/2016\/05\/07\/de-la-libertad-john-s\/\" class=\"tg-thumb-link\">\n\t\t\t<img loading=\"lazy\" decoding=\"async\" width=\"392\" height=\"272\" src=\"https:\/\/www.jesusprieto.es\/wp-content\/uploads\/2016\/05\/3-c-392x272.png\" class=\"attachment-colormag-highlighted-post size-colormag-highlighted-post wp-post-image\" alt=\"\" srcset=\"https:\/\/www.jesusprieto.es\/wp-content\/uploads\/2016\/05\/3-c-392x272.png 392w, https:\/\/www.jesusprieto.es\/wp-content\/uploads\/2016\/05\/3-c-300x207.png 300w, https:\/\/www.jesusprieto.es\/wp-content\/uploads\/2016\/05\/3-c-130x90.png 130w, https:\/\/www.jesusprieto.es\/wp-content\/uploads\/2016\/05\/3-c.png 593w\" sizes=\"auto, (max-width: 392px) 100vw, 392px\" \/>\t\t<\/a>\n\t\t                            <\/figure>\n                        \n                        <div class=\"tg-module-info\">\n                            <div class=\"tg-post-categories\"><a href=\"https:\/\/www.jesusprieto.es\/index.php\/category\/politica\/\" style=\"background:#5c77a7\" class=\"tg-post-category\" rel=\"category tag\">Pol\u00edtica<\/a>&nbsp;<\/div>\t\t<h3 class=\"tg-module-title entry-title\">\n\t\t\t<a href=\"https:\/\/www.jesusprieto.es\/index.php\/2016\/05\/07\/de-la-libertad-john-s\/\">De la libertad- John Stuart Mill<\/a>\n\t\t<\/h3>\n\t\t                        <\/div>\n                    <\/div>\n\n                    \n                    <div class=\"tg_module_grid tg_module_grid--small tg_module_grid--half tg-col-control\">\n                                                    <figure class=\"tg-module-thumb\">\n                                \t\t<a href=\"https:\/\/www.jesusprieto.es\/index.php\/2016\/04\/13\/informe-del-consejo-de-estado-sobre-modificaciones-de-la-constitucion-espanola-febrero-de-2006\/\" class=\"tg-thumb-link\">\n\t\t\t<img loading=\"lazy\" decoding=\"async\" width=\"392\" height=\"272\" src=\"https:\/\/www.jesusprieto.es\/wp-content\/uploads\/2016\/04\/2-m-392x272.jpg\" class=\"attachment-colormag-highlighted-post size-colormag-highlighted-post wp-post-image\" alt=\"\" srcset=\"https:\/\/www.jesusprieto.es\/wp-content\/uploads\/2016\/04\/2-m-392x272.jpg 392w, https:\/\/www.jesusprieto.es\/wp-content\/uploads\/2016\/04\/2-m-130x90.jpg 130w, https:\/\/www.jesusprieto.es\/wp-content\/uploads\/2016\/04\/2-m-600x417.jpg 600w\" sizes=\"auto, (max-width: 392px) 100vw, 392px\" \/>\t\t<\/a>\n\t\t                            <\/figure>\n                        \n                        <div class=\"tg-module-info\">\n                            <div class=\"tg-post-categories\"><a href=\"https:\/\/www.jesusprieto.es\/index.php\/category\/politica\/\" style=\"background:#5c77a7\" class=\"tg-post-category\" rel=\"category tag\">Pol\u00edtica<\/a>&nbsp;<\/div>\t\t<h3 class=\"tg-module-title entry-title\">\n\t\t\t<a href=\"https:\/\/www.jesusprieto.es\/index.php\/2016\/04\/13\/informe-del-consejo-de-estado-sobre-modificaciones-de-la-constitucion-espanola-febrero-de-2006\/\">La reforma del Senado para el Consejo de Estado (febrero de 2006)<\/a>\n\t\t<\/h3>\n\t\t                        <\/div>\n                    <\/div>\n\n                    <\/div><\/div>            <\/div>\n        <\/div>\n\n        \t\t<\/div>\n\t\t\t\t<\/div>\n\t\t\t\t\t<\/div>\n\t\t<\/div>\n\t\t\t\t\t\t\t<\/div>\n\t\t<\/section>\n\t\t\t\t\t\t\t<\/div>\n\t\t","protected":false},"excerpt":{"rendered":"<p>POL\u00cdTICA Pol\u00edtica&nbsp; Bernie Sanders Pol\u00edtica&nbsp; NEOLIBERALES, \u00bfEN URGENCIAS HOSPITALARIAS? Pol\u00edtica&nbsp; Celestino del Arenal. Pol\u00edtica exterior de Espa\u00f1a y relaciones con<\/p>\n","protected":false},"author":1,"featured_media":0,"parent":0,"menu_order":0,"comment_status":"closed","ping_status":"closed","template":"","meta":{"colormag_page_layout":"default_layout","footnotes":""},"class_list":["post-2596","page","type-page","status-publish","hentry"],"_links":{"self":[{"href":"https:\/\/www.jesusprieto.es\/index.php\/wp-json\/wp\/v2\/pages\/2596","targetHints":{"allow":["GET"]}}],"collection":[{"href":"https:\/\/www.jesusprieto.es\/index.php\/wp-json\/wp\/v2\/pages"}],"about":[{"href":"https:\/\/www.jesusprieto.es\/index.php\/wp-json\/wp\/v2\/types\/page"}],"author":[{"embeddable":true,"href":"https:\/\/www.jesusprieto.es\/index.php\/wp-json\/wp\/v2\/users\/1"}],"replies":[{"embeddable":true,"href":"https:\/\/www.jesusprieto.es\/index.php\/wp-json\/wp\/v2\/comments?post=2596"}],"version-history":[{"count":6,"href":"https:\/\/www.jesusprieto.es\/index.php\/wp-json\/wp\/v2\/pages\/2596\/revisions"}],"predecessor-version":[{"id":2610,"href":"https:\/\/www.jesusprieto.es\/index.php\/wp-json\/wp\/v2\/pages\/2596\/revisions\/2610"}],"wp:attachment":[{"href":"https:\/\/www.jesusprieto.es\/index.php\/wp-json\/wp\/v2\/media?parent=2596"}],"curies":[{"name":"wp","href":"https:\/\/api.w.org\/{rel}","templated":true}]}}