{"id":2452,"date":"2021-03-23T16:43:08","date_gmt":"2021-03-23T16:43:08","guid":{"rendered":"http:\/\/www.jesusprieto.es\/?page_id=2452"},"modified":"2025-04-19T19:48:21","modified_gmt":"2025-04-19T19:48:21","slug":"politica-e-ideologia-en-la-familia-real-espanola-1931-1945","status":"publish","type":"page","link":"https:\/\/www.jesusprieto.es\/index.php\/politica-e-ideologia-en-la-familia-real-espanola-1931-1945\/","title":{"rendered":"FAMILIA REAL ESPA\u00d1OLA  (1931-1945)"},"content":{"rendered":"\t\t<div data-elementor-type=\"wp-page\" data-elementor-id=\"2452\" class=\"elementor elementor-2452\">\n\t\t\t\t\t\t\t\t\t<section class=\"elementor-section elementor-top-section elementor-element elementor-element-e9576ee elementor-section-boxed elementor-section-height-default elementor-section-height-default\" data-id=\"e9576ee\" data-element_type=\"section\">\n\t\t\t\t\t\t<div class=\"elementor-container elementor-column-gap-default\">\n\t\t\t\t\t<div class=\"elementor-column elementor-col-100 elementor-top-column elementor-element elementor-element-1f07a94\" data-id=\"1f07a94\" data-element_type=\"column\">\n\t\t\t<div class=\"elementor-widget-wrap elementor-element-populated\">\n\t\t\t\t\t\t\t\t<div class=\"elementor-element elementor-element-b64d528 elementor-widget elementor-widget-heading\" data-id=\"b64d528\" data-element_type=\"widget\" data-widget_type=\"heading.default\">\n\t\t\t\t<div class=\"elementor-widget-container\">\n\t\t\t<h2 class=\"elementor-heading-title elementor-size-default\">POL\u00cdTICA E IDEOLOG\u00cdA EN LA FAMILIA REAL ESPA\u00d1OLA \n(1931-1945)<\/h2>\t\t<\/div>\n\t\t\t\t<\/div>\n\t\t\t\t\t<\/div>\n\t\t<\/div>\n\t\t\t\t\t\t\t<\/div>\n\t\t<\/section>\n\t\t\t\t<section class=\"elementor-section elementor-top-section elementor-element elementor-element-18cc9b6 elementor-section-boxed elementor-section-height-default elementor-section-height-default\" data-id=\"18cc9b6\" data-element_type=\"section\">\n\t\t\t\t\t\t<div class=\"elementor-container elementor-column-gap-default\">\n\t\t\t\t\t<div class=\"elementor-column elementor-col-100 elementor-top-column elementor-element elementor-element-e0c07e9\" data-id=\"e0c07e9\" data-element_type=\"column\">\n\t\t\t<div class=\"elementor-widget-wrap elementor-element-populated\">\n\t\t\t\t\t\t\t\t<div class=\"elementor-element elementor-element-c368327 elementor-widget elementor-widget-text-editor\" data-id=\"c368327\" data-element_type=\"widget\" data-widget_type=\"text-editor.default\">\n\t\t\t\t<div class=\"elementor-widget-container\">\n\t\t\t\t\t\t\t<p>El objetivo de esta monograf\u00eda fue analizar los posicionamientos pol\u00edticos y los apoyos de la familia real espa\u00f1ola durante el periodo que discurre entre su salida al exilio en abril de 1931 hasta el Manifiesto de Lausanne en marzo de 1945. Se centra en la figura de Alfonso XIII y su heredero Juan de Borb\u00f3n, protagonistas ambos de una extensa discusi\u00f3n historiogr\u00e1fica. Su principal conclusi\u00f3n es la supeditaci\u00f3n de cualquier estrategia o posicionamiento al inter\u00e9s din\u00e1stico o incluso personal de los protagonistas, que durante este periodo tendr\u00e1n escasos apoyos y en muchas ocasiones con intereses contrapuestos a la propia familia real.<\/p><p>Presentado como TFM para el Master de Historia de Espa\u00f1a Contempor\u00e1nea en el Contexto Internacional. El trabajo fue dirigido por A. Lario.<\/p><p>Contenido<\/p><p><a href=\"http:\/\/www.jesusprieto.es\/index.php\/2020\/09\/08\/1-introduccion\/\">1.\u00a0 \u00a0 \u00a0Introducci\u00f3n<\/a><\/p><p>2.\u00a0 \u00a0 Estado de la Cuesti\u00f3n<\/p><p style=\"padding-left: 40px;\">2.1.\u00a0\u00a0\u00a0\u00a0\u00a0\u00a0\u00a0<a href=\"http:\/\/www.jesusprieto.es\/index.php\/2020\/09\/08\/2-estado-de-la-cuestion-las-historias-de-alfonso-xiii\/\"> Las Historias de Alfonso XIII\u00a0\u00a0\u00a0\u00a0<\/a>\u00a0\u00a0\u00a0<\/p><p style=\"padding-left: 40px;\">2.2.\u00a0\u00a0\u00a0\u00a0\u00a0\u00a0\u00a0<a href=\"http:\/\/www.jesusprieto.es\/index.php\/2020\/09\/08\/2-2-estado-de-la-cuestion-las-historias-de-juan-de-borbon\/\"> Las Historias de Juan de Borb\u00f3n\u00a0\u00a0\u00a0\u00a0\u00a0\u00a0\u00a0\u00a0\u00a0\u00a0\u00a0\u00a0\u00a0\u00a0<\/a><\/p><p style=\"padding-left: 40px;\">2.3.\u00a0\u00a0\u00a0\u00a0\u00a0<a href=\"http:\/\/www.jesusprieto.es\/index.php\/2020\/09\/08\/2-3-estado-de-la-cuestion-los-analisis-politicos\/\">\u00a0\u00a0 Los An\u00e1lisis pol\u00edticos\u00a0\u00a0\u00a0\u00a0\u00a0\u00a0<\/a><\/p><p>3.\u00a0 \u00a0 \u00a0El Inicio del Exilio<\/p><p style=\"padding-left: 40px;\">3.1.\u00a0\u00a0\u00a0\u00a0\u00a0\u00a0\u00a0 <a href=\"http:\/\/www.jesusprieto.es\/index.php\/2020\/09\/08\/3-1-el-inicio-del-exilio-el-manifiesto-al-pais\/\">El Manifiesto al Pa\u00eds\u00a0\u00a0\u00a0\u00a0\u00a0\u00a0\u00a0<\/a><\/p><p style=\"padding-left: 40px;\">3.2.\u00a0\u00a0\u00a0\u00a0\u00a0\u00a0\u00a0<a href=\"http:\/\/www.jesusprieto.es\/index.php\/2020\/09\/08\/3-2-el-inicio-del-exilio-los-primeros-pasos\/\"> Los Primeros Pasos\u00a0\u00a0\u00a0\u00a0\u00a0\u00a0<\/a>\u00a0\u00a0<\/p><p style=\"padding-left: 40px;\">3.3.\u00a0\u00a0\u00a0\u00a0\u00a0\u00a0\u00a0 <a href=\"http:\/\/www.jesusprieto.es\/index.php\/2020\/09\/08\/3-3-el-inicio-del-exilio-las-elecciones-de-junio-de-1931\/\">Las Elecciones de Junio de 1931\u00a0\u00a0\u00a0\u00a0\u00a0\u00a0\u00a0\u00a0\u00a0\u00a0\u00a0\u00a0\u00a0\u00a0\u00a0<\/a><\/p><p style=\"padding-left: 40px;\">3.4.\u00a0\u00a0\u00a0\u00a0\u00a0\u00a0<a href=\"http:\/\/www.jesusprieto.es\/index.php\/2020\/09\/08\/3-4-el-inicio-del-exilio-la-comision-de-responsabilidades-y-el-acta-de-acusacion\/\">\u00a0 La Comisi\u00f3n de Responsabilidades y el Acta de Acusaci\u00f3n\u00a0\u00a0\u00a0\u00a0<\/a>\u00a0\u00a0\u00a0\u00a0\u00a0\u00a0\u00a0<\/p><p style=\"padding-left: 40px;\">3.5.\u00a0\u00a0\u00a0\u00a0\u00a0\u00a0\u00a0<a href=\"http:\/\/www.jesusprieto.es\/index.php\/2020\/09\/08\/3-5-el-inicio-del-exilio-accion-espanola\/\"> Acci\u00f3n Espa\u00f1ola\u00a0\u00a0\u00a0\u00a0\u00a0\u00a0\u00a0\u00a0<\/a>\u00a0\u00a0\u00a0\u00a0\u00a0\u00a0<\/p><p style=\"padding-left: 40px;\">3.6.\u00a0\u00a0\u00a0\u00a0\u00a0\u00a0<a href=\"http:\/\/www.jesusprieto.es\/index.php\/2020\/09\/08\/3-6-el-inicio-del-exilio-los-monarquicos-y-los-primeros-partidos\/\">\u00a0 Los Mon\u00e1rquicos y los Primeros Partidos\u00a0\u00a0\u00a0\u00a0\u00a0\u00a0\u00a0\u00a0\u00a0\u00a0\u00a0\u00a0\u00a0<\/a><\/p><p style=\"padding-left: 40px;\">3.7.\u00a0\u00a0\u00a0\u00a0\u00a0\u00a0\u00a0 <a href=\"http:\/\/www.jesusprieto.es\/index.php\/2020\/09\/08\/3-7-el-inicio-del-exilio-la-monarquia-segun-alfonso-xiii\/\">La Monarqu\u00eda Seg\u00fan Alfonso XIII\u00a0\u00a0\u00a0\u00a0\u00a0\u00a0\u00a0\u00a0\u00a0\u00a0\u00a0\u00a0\u00a0<\/a><\/p><p style=\"padding-left: 40px;\">3.8.\u00a0\u00a0\u00a0\u00a0\u00a0\u00a0\u00a0 <a href=\"http:\/\/www.jesusprieto.es\/index.php\/2020\/09\/08\/3-8-el-inicio-del-exilio-el-acercamiento-al-carlismo\/\">El Acercamiento al Carlismo\u00a0\u00a0\u00a0\u00a0\u00a0\u00a0\u00a0<\/a><\/p><p style=\"padding-left: 40px;\">3.9.\u00a0\u00a0\u00a0\u00a0\u00a0\u00a0\u00a0<a href=\"http:\/\/www.jesusprieto.es\/index.php\/2020\/09\/08\/3-9-el-inicio-del-exilio-la-sanjurjada\/\"> La Sanjurjada\u00a0\u00a0\u00a0<\/a><\/p><p>4.\u00a0 \u00a0 Renovaci\u00f3n Espa\u00f1ola, Testaferro de Alfonso XIII<\/p><p style=\"padding-left: 40px;\">4.1.\u00a0\u00a0\u00a0\u00a0\u00a0\u00a0\u00a0 <a href=\"http:\/\/www.jesusprieto.es\/index.php\/2020\/09\/08\/4-renovacion-espanola-testaferro-de-alfonso-xiii-la-creacion-de-renovacion-espanola\/\">La Creaci\u00f3n de Renovaci\u00f3n Espa\u00f1ola\u00a0\u00a0\u00a0\u00a0\u00a0<\/a><\/p><p style=\"padding-left: 40px;\">4.2.\u00a0\u00a0\u00a0\u00a0\u00a0\u00a0\u00a0 <a href=\"http:\/\/www.jesusprieto.es\/index.php\/2020\/09\/08\/4-2-renovacion-espanola-testaferro-de-alfonso-xiii-las-relaciones-con-los-accidentalistas\/\">Las Relaciones con los Accidentalistas\u00a0\u00a0\u00a0<\/a><\/p><p style=\"padding-left: 40px;\">4.3.\u00a0\u00a0\u00a0\u00a0\u00a0\u00a0\u00a0 <a href=\"http:\/\/www.jesusprieto.es\/index.php\/2020\/09\/08\/4-3-renovacion-espanola-testaferro-de-alfonso-xiii-las-elecciones-de-noviembre-de-1933-y-el-comienzo-del-bieno-cedista\/\">Las Elecciones de Noviembre de 1933 y el Comienzo del Bienio Cedista<\/a><\/p><p style=\"padding-left: 40px;\">4.4.\u00a0\u00a0\u00a0\u00a0\u00a0\u00a0\u00a0<a href=\"http:\/\/www.jesusprieto.es\/index.php\/2020\/09\/08\/4-4-renovacion-espanola-testaferro-de-alfonso-xiii-el-heredero-objeto-de-disputa\/\"> El Heredero, Objeto de Disputa<\/a><\/p><p style=\"padding-left: 40px;\">4.5.\u00a0\u00a0\u00a0\u00a0\u00a0\u00a0<a href=\"http:\/\/www.jesusprieto.es\/index.php\/2020\/09\/08\/4-5-renovacion-espanola-testaferro-de-alfonso-xiii-la-creacion-del-bloque-y-el-enfrentamiento-con-alfonso-xiii\/\">\u00a0 La Creaci\u00f3n del Bloque y el Enfrentamiento con Alfonso XIII\u00a0\u00a0\u00a0\u00a0<\/a>\u00a0\u00a0\u00a0<\/p><p style=\"padding-left: 40px;\">4.6.\u00a0\u00a0\u00a0\u00a0\u00a0\u00a0\u00a0 <a href=\"http:\/\/www.jesusprieto.es\/index.php\/2020\/09\/08\/4-6-renovacion-espanola-testaferro-de-alfonso-xiii-las-elecciones-de-1036-y-el-gobierno-del-frente-popular\/\">Las Elecciones de 1936 y el Gobierno del Frente Popular\u00a0\u00a0\u00a0\u00a0\u00a0\u00a0\u00a0\u00a0\u00a0<\/a>\u00a0\u00a0\u00a0\u00a0<\/p><p>5.\u00a0 \u00a0<a href=\"http:\/\/www.jesusprieto.es\/index.php\/2020\/09\/08\/5-la-familia-real-durante-la-guerra-civil\/\"> La Familia Real durante la Guerra Civil<\/a><\/p><p>6.\u00a0 \u00a0 <a href=\"http:\/\/www.jesusprieto.es\/index.php\/2020\/09\/08\/6-ideologia-de-la-familia-real\/\">\u00a0Ideolog\u00eda de la Familia Real<\/a><\/p><p>7.\u00a0 \u00a0 \u00a0Postguerra, Abdicaci\u00f3n y Muerte de Alfonso XIII<\/p><p style=\"padding-left: 40px;\">7.1.\u00a0\u00a0\u00a0\u00a0\u00a0<a href=\"http:\/\/www.jesusprieto.es\/index.php\/2020\/09\/08\/7-1-postguerra-abdicacion-y-muerte-de-alfonso-xiii-relaciones-de-la-familia-real-y-los-monarquicos-con-el-primer-franquismo\/\">\u00a0\u00a0 Relaciones de la Familia Real y los Mon\u00e1rquicos con el Primer Franquismo\u00a0\u00a0\u00a0\u00a0\u00a0\u00a0\u00a0\u00a0\u00a0<\/a><\/p><p style=\"padding-left: 40px;\">7.2.\u00a0\u00a0\u00a0\u00a0\u00a0\u00a0\u00a0 <a href=\"http:\/\/www.jesusprieto.es\/index.php\/2020\/09\/08\/7-2-postguerra-abdicacion-y-muerte-de-alfonso-xiii-abdicacion-y-muerte-de-alfonso-xiii\/\">Abdicaci\u00f3n y Muerte de Alfonso XIII\u00a0\u00a0\u00a0\u00a0\u00a0\u00a0<\/a><\/p><p>8.\u00a0 \u00a0 El Camino a Lausanne<\/p><p style=\"padding-left: 40px;\">8.1.\u00a0\u00a0\u00a0\u00a0\u00a0\u00a0\u00a0 <a href=\"http:\/\/www.jesusprieto.es\/index.php\/2020\/09\/08\/8-1-el-camino-a-lausanne-juan-de-borbon-conde-de-barcelona\/\">Juan de Borb\u00f3n, Conde de Barcelona\u00a0\u00a0\u00a0\u00a0<\/a><\/p><p style=\"padding-left: 40px;\">8.2.\u00a0\u00a0\u00a0\u00a0\u00a0\u00a0\u00a0<a href=\"http:\/\/www.jesusprieto.es\/index.php\/2020\/09\/08\/8-2-el-camino-a-lausanne-el-contexto-de-la-guerra-mundial\/\"> El Contexto de la Guerra Mundial\u00a0\u00a0\u00a0\u00a0\u00a0\u00a0\u00a0\u00a0\u00a0\u00a0\u00a0<\/a><\/p><p style=\"padding-left: 40px;\">8.3.\u00a0\u00a0\u00a0\u00a0\u00a0\u00a0\u00a0 <a href=\"http:\/\/www.jesusprieto.es\/index.php\/2020\/09\/08\/8-3-el-camino-a-lausanne-el-cambio-de-posicion-y-la-ruptura\/\">El Cambio de Posici\u00f3n y la Ruptura\u00a0\u00a0\u00a0\u00a0\u00a0\u00a0\u00a0\u00a0\u00a0<\/a><\/p><p style=\"padding-left: 40px;\">8.4.\u00a0\u00a0\u00a0\u00a0\u00a0\u00a0\u00a0<a href=\"http:\/\/www.jesusprieto.es\/index.php\/2020\/09\/08\/8-4-el-camino-a-lausanne-los-monarquicos-en-el-interior\/\"> Los Mon\u00e1rquicos en el Interior\u00a0<\/a><\/p><p style=\"padding-left: 40px;\">8.5.\u00a0\u00a0\u00a0\u00a0\u00a0\u00a0\u00a0 <a href=\"http:\/\/www.jesusprieto.es\/index.php\/2020\/09\/08\/8-5-el-camino-a-lausanne-las-manifestaciones-del-pretendiente\/\">Las Manifestaciones del Pretendiente\u00a0\u00a0<\/a><\/p><p style=\"padding-left: 40px;\">8.6.\u00a0\u00a0\u00a0\u00a0\u00a0\u00a0<a href=\"http:\/\/www.jesusprieto.es\/index.php\/2020\/09\/08\/8-6-el-camino-a-lausanne-el-manifiesto-de-lausanne\/\">\u00a0 El Manifiesto de Lausanne<\/a><\/p><p>9.\u00a0 \u00a0 \u00a0 <a href=\"http:\/\/www.jesusprieto.es\/index.php\/2020\/09\/08\/9-conclusiones\/\">Conclusiones<\/a><\/p><p>10.\u00a0 <a href=\"http:\/\/www.jesusprieto.es\/index.php\/2020\/09\/08\/10-bibliografia\/\">\u00a0 Bibliograf\u00eda<\/a><\/p>\t\t\t\t\t\t<\/div>\n\t\t\t\t<\/div>\n\t\t\t\t\t<\/div>\n\t\t<\/div>\n\t\t\t\t\t\t\t<\/div>\n\t\t<\/section>\n\t\t\t\t<section class=\"elementor-section elementor-top-section elementor-element elementor-element-fa6788b elementor-section-boxed elementor-section-height-default elementor-section-height-default\" data-id=\"fa6788b\" data-element_type=\"section\">\n\t\t\t\t\t\t<div class=\"elementor-container elementor-column-gap-default\">\n\t\t\t\t\t<div class=\"elementor-column elementor-col-100 elementor-top-column elementor-element elementor-element-5c897b9\" data-id=\"5c897b9\" data-element_type=\"column\">\n\t\t\t<div class=\"elementor-widget-wrap elementor-element-populated\">\n\t\t\t\t\t\t\t\t<div class=\"elementor-element elementor-element-4fa49dd elementor-widget elementor-widget-ColorMag-Posts-Block-6\" data-id=\"4fa49dd\" data-element_type=\"widget\" data-widget_type=\"ColorMag-Posts-Block-6.default\">\n\t\t\t\t<div class=\"elementor-widget-container\">\n\t\t\t\n\t\t<div class=\"tg-module-block tg-module-block--style-6 tg-module-wrapper\">\n\t\t\t\n\t\t\t<div class=\"tg-row\">\n\t\t\t\t\n\t\t\t\t\t<div class=\"tg_module_block tg_module_block--list-small tg-col-control tg-two-block\">\n\t\t\t\t\t\t\t\t\t\t\t\t\t\t\t\t\t\t<figure class=\"tg-module-thumb\">\n\t\t\t\t\t\t\t\t\t\t<a href=\"https:\/\/www.jesusprieto.es\/index.php\/2020\/09\/08\/1-introduccion\/\" class=\"tg-thumb-link\">\n\t\t\t<img loading=\"lazy\" decoding=\"async\" width=\"130\" height=\"90\" src=\"https:\/\/www.jesusprieto.es\/wp-content\/uploads\/2021\/03\/34-a-130x90.jpg\" class=\"attachment-colormag-featured-post-small size-colormag-featured-post-small wp-post-image\" alt=\"\" \/>\t\t<\/a>\n\t\t\t\t\t\t\t\t\t<\/figure>\n\t\t\t\t\t\t\t\t\t\t\t\n\t\t\t\t\t\t<div class=\"tg-module-info\">\n\t\t\t\t\t\t\t\t\t<h3 class=\"tg-module-title entry-title\">\n\t\t\t<a href=\"https:\/\/www.jesusprieto.es\/index.php\/2020\/09\/08\/1-introduccion\/\">1. Introducci\u00f3n<\/a>\n\t\t<\/h3>\n\t\t\n\t\t<div class=\"tg-module-meta\">\n\t\t\t\n\t\t\t<span class=\"tg-post-date entry-date\">\n\t\t\t\t<a href=\"https:\/\/www.jesusprieto.es\/index.php\/2020\/09\/08\/1-introduccion\/\" rel=\"bookmark\"><time class=\"entry-date published\" datetime=\"2020-09-08T15:30:00+00:00\">08\/09\/2020<\/time><time class=\"updated\" datetime=\"2021-03-23T20:06:10+00:00\">23\/03\/2021<\/time><\/a>\t\t\t<\/span>\n\n\t\t\t<span class=\"tg-post-auther-name author vcard\">\n\t\t\t\t<a class=\"url fn n\" href=\"https:\/\/www.jesusprieto.es\/index.php\/author\/jesprie\/\">JPG<\/a>\t\t\t<\/span>\n\n\t\t\t\t\t<\/div>\n\n\t\t\t\t\t\t\t\t<\/div>\n\t\t\t\t\t<\/div>\n\t\t\t\t\t\n\t\t\t\t\t<div class=\"tg_module_block tg_module_block--list-small tg-col-control tg-two-block\">\n\t\t\t\t\t\t\t\t\t\t\t\t\t\t\t\t\t\t<figure class=\"tg-module-thumb\">\n\t\t\t\t\t\t\t\t\t\t<a href=\"https:\/\/www.jesusprieto.es\/index.php\/2020\/09\/08\/2-estado-de-la-cuestion-las-historias-de-alfonso-xiii\/\" class=\"tg-thumb-link\">\n\t\t\t<img loading=\"lazy\" decoding=\"async\" width=\"130\" height=\"90\" src=\"https:\/\/www.jesusprieto.es\/wp-content\/uploads\/2020\/09\/34-d-130x90.jpg\" class=\"attachment-colormag-featured-post-small size-colormag-featured-post-small wp-post-image\" alt=\"\" \/>\t\t<\/a>\n\t\t\t\t\t\t\t\t\t<\/figure>\n\t\t\t\t\t\t\t\t\t\t\t\n\t\t\t\t\t\t<div class=\"tg-module-info\">\n\t\t\t\t\t\t\t\t\t<h3 class=\"tg-module-title entry-title\">\n\t\t\t<a href=\"https:\/\/www.jesusprieto.es\/index.php\/2020\/09\/08\/2-estado-de-la-cuestion-las-historias-de-alfonso-xiii\/\">2.1. Estado de la Cuesti\u00f3n. Las Historias de Alfonso XIII<\/a>\n\t\t<\/h3>\n\t\t\n\t\t<div class=\"tg-module-meta\">\n\t\t\t\n\t\t\t<span class=\"tg-post-date entry-date\">\n\t\t\t\t<a href=\"https:\/\/www.jesusprieto.es\/index.php\/2020\/09\/08\/2-estado-de-la-cuestion-las-historias-de-alfonso-xiii\/\" rel=\"bookmark\"><time class=\"entry-date published\" datetime=\"2020-09-08T15:00:32+00:00\">08\/09\/2020<\/time><time class=\"updated\" datetime=\"2021-03-23T20:06:21+00:00\">23\/03\/2021<\/time><\/a>\t\t\t<\/span>\n\n\t\t\t<span class=\"tg-post-auther-name author vcard\">\n\t\t\t\t<a class=\"url fn n\" href=\"https:\/\/www.jesusprieto.es\/index.php\/author\/jesprie\/\">JPG<\/a>\t\t\t<\/span>\n\n\t\t\t\t\t<\/div>\n\n\t\t\t\t\t\t\t\t<\/div>\n\t\t\t\t\t<\/div>\n\t\t\t\t\t\n\t\t\t\t\t<div class=\"tg_module_block tg_module_block--list-small tg-col-control tg-two-block\">\n\t\t\t\t\t\t\t\t\t\t\t\t\t\t\t\t\t\t<figure class=\"tg-module-thumb\">\n\t\t\t\t\t\t\t\t\t\t<a href=\"https:\/\/www.jesusprieto.es\/index.php\/2020\/09\/08\/2-2-estado-de-la-cuestion-las-historias-de-juan-de-borbon\/\" class=\"tg-thumb-link\">\n\t\t\t<img loading=\"lazy\" decoding=\"async\" width=\"130\" height=\"90\" src=\"https:\/\/www.jesusprieto.es\/wp-content\/uploads\/2021\/03\/34-e-130x90.jpg\" class=\"attachment-colormag-featured-post-small size-colormag-featured-post-small wp-post-image\" alt=\"\" \/>\t\t<\/a>\n\t\t\t\t\t\t\t\t\t<\/figure>\n\t\t\t\t\t\t\t\t\t\t\t\n\t\t\t\t\t\t<div class=\"tg-module-info\">\n\t\t\t\t\t\t\t\t\t<h3 class=\"tg-module-title entry-title\">\n\t\t\t<a href=\"https:\/\/www.jesusprieto.es\/index.php\/2020\/09\/08\/2-2-estado-de-la-cuestion-las-historias-de-juan-de-borbon\/\">2.2. Estado de la Cuesti\u00f3n. Las Historias de Juan de Borb\u00f3n<\/a>\n\t\t<\/h3>\n\t\t\n\t\t<div class=\"tg-module-meta\">\n\t\t\t\n\t\t\t<span class=\"tg-post-date entry-date\">\n\t\t\t\t<a href=\"https:\/\/www.jesusprieto.es\/index.php\/2020\/09\/08\/2-2-estado-de-la-cuestion-las-historias-de-juan-de-borbon\/\" rel=\"bookmark\"><time class=\"entry-date published\" datetime=\"2020-09-08T14:30:16+00:00\">08\/09\/2020<\/time><time class=\"updated\" datetime=\"2021-03-23T20:07:36+00:00\">23\/03\/2021<\/time><\/a>\t\t\t<\/span>\n\n\t\t\t<span class=\"tg-post-auther-name author vcard\">\n\t\t\t\t<a class=\"url fn n\" href=\"https:\/\/www.jesusprieto.es\/index.php\/author\/jesprie\/\">JPG<\/a>\t\t\t<\/span>\n\n\t\t\t\t\t<\/div>\n\n\t\t\t\t\t\t\t\t<\/div>\n\t\t\t\t\t<\/div>\n\t\t\t\t\t\n\t\t\t\t\t<div class=\"tg_module_block tg_module_block--list-small tg-col-control tg-two-block\">\n\t\t\t\t\t\t\t\t\t\t\t\t\t\t\t\t\n\t\t\t\t\t\t<div class=\"tg-module-info\">\n\t\t\t\t\t\t\t\t\t<h3 class=\"tg-module-title entry-title\">\n\t\t\t<a href=\"https:\/\/www.jesusprieto.es\/index.php\/2020\/09\/08\/2-3-estado-de-la-cuestion-los-analisis-politicos\/\">2.3. Estado de la Cuesti\u00f3n. Los an\u00e1lisis pol\u00edticos.<\/a>\n\t\t<\/h3>\n\t\t\n\t\t<div class=\"tg-module-meta\">\n\t\t\t\n\t\t\t<span class=\"tg-post-date entry-date\">\n\t\t\t\t<a href=\"https:\/\/www.jesusprieto.es\/index.php\/2020\/09\/08\/2-3-estado-de-la-cuestion-los-analisis-politicos\/\" rel=\"bookmark\"><time class=\"entry-date published\" datetime=\"2020-09-08T14:00:50+00:00\">08\/09\/2020<\/time><time class=\"updated\" datetime=\"2021-03-23T20:07:45+00:00\">23\/03\/2021<\/time><\/a>\t\t\t<\/span>\n\n\t\t\t<span class=\"tg-post-auther-name author vcard\">\n\t\t\t\t<a class=\"url fn n\" href=\"https:\/\/www.jesusprieto.es\/index.php\/author\/jesprie\/\">JPG<\/a>\t\t\t<\/span>\n\n\t\t\t\t\t<\/div>\n\n\t\t\t\t\t\t\t\t<\/div>\n\t\t\t\t\t<\/div>\n\t\t\t\t\t\n\t\t\t\t\t<div class=\"tg_module_block tg_module_block--list-small tg-col-control tg-two-block\">\n\t\t\t\t\t\t\t\t\t\t\t\t\t\t\t\t\t\t<figure class=\"tg-module-thumb\">\n\t\t\t\t\t\t\t\t\t\t<a href=\"https:\/\/www.jesusprieto.es\/index.php\/2020\/09\/08\/3-1-el-inicio-del-exilio-el-manifiesto-al-pais\/\" class=\"tg-thumb-link\">\n\t\t\t<img loading=\"lazy\" decoding=\"async\" width=\"130\" height=\"90\" src=\"https:\/\/www.jesusprieto.es\/wp-content\/uploads\/2021\/03\/34-h-130x90.jpg\" class=\"attachment-colormag-featured-post-small size-colormag-featured-post-small wp-post-image\" alt=\"\" \/>\t\t<\/a>\n\t\t\t\t\t\t\t\t\t<\/figure>\n\t\t\t\t\t\t\t\t\t\t\t\n\t\t\t\t\t\t<div class=\"tg-module-info\">\n\t\t\t\t\t\t\t\t\t<h3 class=\"tg-module-title entry-title\">\n\t\t\t<a href=\"https:\/\/www.jesusprieto.es\/index.php\/2020\/09\/08\/3-1-el-inicio-del-exilio-el-manifiesto-al-pais\/\">3.1. El inicio del exilio. El Manifiesto al Pa\u00eds.<\/a>\n\t\t<\/h3>\n\t\t\n\t\t<div class=\"tg-module-meta\">\n\t\t\t\n\t\t\t<span class=\"tg-post-date entry-date\">\n\t\t\t\t<a href=\"https:\/\/www.jesusprieto.es\/index.php\/2020\/09\/08\/3-1-el-inicio-del-exilio-el-manifiesto-al-pais\/\" rel=\"bookmark\"><time class=\"entry-date published\" datetime=\"2020-09-08T13:30:20+00:00\">08\/09\/2020<\/time><time class=\"updated\" datetime=\"2021-03-23T20:07:52+00:00\">23\/03\/2021<\/time><\/a>\t\t\t<\/span>\n\n\t\t\t<span class=\"tg-post-auther-name author vcard\">\n\t\t\t\t<a class=\"url fn n\" href=\"https:\/\/www.jesusprieto.es\/index.php\/author\/jesprie\/\">JPG<\/a>\t\t\t<\/span>\n\n\t\t\t\t\t<\/div>\n\n\t\t\t\t\t\t\t\t<\/div>\n\t\t\t\t\t<\/div>\n\t\t\t\t\t\n\t\t\t\t\t<div class=\"tg_module_block tg_module_block--list-small tg-col-control tg-two-block\">\n\t\t\t\t\t\t\t\t\t\t\t\t\t\t\t\t\t\t<figure class=\"tg-module-thumb\">\n\t\t\t\t\t\t\t\t\t\t<a href=\"https:\/\/www.jesusprieto.es\/index.php\/2020\/09\/08\/3-2-el-inicio-del-exilio-los-primeros-pasos\/\" class=\"tg-thumb-link\">\n\t\t\t<img loading=\"lazy\" decoding=\"async\" width=\"130\" height=\"90\" src=\"https:\/\/www.jesusprieto.es\/wp-content\/uploads\/2021\/03\/34-i-130x90.jpg\" class=\"attachment-colormag-featured-post-small size-colormag-featured-post-small wp-post-image\" alt=\"\" \/>\t\t<\/a>\n\t\t\t\t\t\t\t\t\t<\/figure>\n\t\t\t\t\t\t\t\t\t\t\t\n\t\t\t\t\t\t<div class=\"tg-module-info\">\n\t\t\t\t\t\t\t\t\t<h3 class=\"tg-module-title entry-title\">\n\t\t\t<a href=\"https:\/\/www.jesusprieto.es\/index.php\/2020\/09\/08\/3-2-el-inicio-del-exilio-los-primeros-pasos\/\">3.2. El inicio del exilio. Los primeros pasos.<\/a>\n\t\t<\/h3>\n\t\t\n\t\t<div class=\"tg-module-meta\">\n\t\t\t\n\t\t\t<span class=\"tg-post-date entry-date\">\n\t\t\t\t<a href=\"https:\/\/www.jesusprieto.es\/index.php\/2020\/09\/08\/3-2-el-inicio-del-exilio-los-primeros-pasos\/\" rel=\"bookmark\"><time class=\"entry-date published\" datetime=\"2020-09-08T13:00:57+00:00\">08\/09\/2020<\/time><time class=\"updated\" datetime=\"2021-03-23T20:08:00+00:00\">23\/03\/2021<\/time><\/a>\t\t\t<\/span>\n\n\t\t\t<span class=\"tg-post-auther-name author vcard\">\n\t\t\t\t<a class=\"url fn n\" href=\"https:\/\/www.jesusprieto.es\/index.php\/author\/jesprie\/\">JPG<\/a>\t\t\t<\/span>\n\n\t\t\t\t\t<\/div>\n\n\t\t\t\t\t\t\t\t<\/div>\n\t\t\t\t\t<\/div>\n\t\t\t\t\t\n\t\t\t\t\t<div class=\"tg_module_block tg_module_block--list-small tg-col-control tg-two-block\">\n\t\t\t\t\t\t\t\t\t\t\t\t\t\t\t\t\t\t<figure class=\"tg-module-thumb\">\n\t\t\t\t\t\t\t\t\t\t<a href=\"https:\/\/www.jesusprieto.es\/index.php\/2020\/09\/08\/3-3-el-inicio-del-exilio-las-elecciones-de-junio-de-1931\/\" class=\"tg-thumb-link\">\n\t\t\t<img loading=\"lazy\" decoding=\"async\" width=\"130\" height=\"90\" src=\"https:\/\/www.jesusprieto.es\/wp-content\/uploads\/2021\/03\/34-j-130x90.jpg\" class=\"attachment-colormag-featured-post-small size-colormag-featured-post-small wp-post-image\" alt=\"\" \/>\t\t<\/a>\n\t\t\t\t\t\t\t\t\t<\/figure>\n\t\t\t\t\t\t\t\t\t\t\t\n\t\t\t\t\t\t<div class=\"tg-module-info\">\n\t\t\t\t\t\t\t\t\t<h3 class=\"tg-module-title entry-title\">\n\t\t\t<a href=\"https:\/\/www.jesusprieto.es\/index.php\/2020\/09\/08\/3-3-el-inicio-del-exilio-las-elecciones-de-junio-de-1931\/\">3.3. El inicio del exilio. Las elecciones de Junio de 1931<\/a>\n\t\t<\/h3>\n\t\t\n\t\t<div class=\"tg-module-meta\">\n\t\t\t\n\t\t\t<span class=\"tg-post-date entry-date\">\n\t\t\t\t<a href=\"https:\/\/www.jesusprieto.es\/index.php\/2020\/09\/08\/3-3-el-inicio-del-exilio-las-elecciones-de-junio-de-1931\/\" rel=\"bookmark\"><time class=\"entry-date published\" datetime=\"2020-09-08T12:30:14+00:00\">08\/09\/2020<\/time><time class=\"updated\" datetime=\"2021-03-23T20:08:10+00:00\">23\/03\/2021<\/time><\/a>\t\t\t<\/span>\n\n\t\t\t<span class=\"tg-post-auther-name author vcard\">\n\t\t\t\t<a class=\"url fn n\" href=\"https:\/\/www.jesusprieto.es\/index.php\/author\/jesprie\/\">JPG<\/a>\t\t\t<\/span>\n\n\t\t\t\t\t<\/div>\n\n\t\t\t\t\t\t\t\t<\/div>\n\t\t\t\t\t<\/div>\n\t\t\t\t\t\n\t\t\t\t\t<div class=\"tg_module_block tg_module_block--list-small tg-col-control tg-two-block\">\n\t\t\t\t\t\t\t\t\t\t\t\t\t\t\t\t\t\t<figure class=\"tg-module-thumb\">\n\t\t\t\t\t\t\t\t\t\t<a href=\"https:\/\/www.jesusprieto.es\/index.php\/2020\/09\/08\/3-4-el-inicio-del-exilio-la-comision-de-responsabilidades-y-el-acta-de-acusacion\/\" class=\"tg-thumb-link\">\n\t\t\t<img loading=\"lazy\" decoding=\"async\" width=\"130\" height=\"90\" src=\"https:\/\/www.jesusprieto.es\/wp-content\/uploads\/2021\/03\/34-k-130x90.jpg\" class=\"attachment-colormag-featured-post-small size-colormag-featured-post-small wp-post-image\" alt=\"\" \/>\t\t<\/a>\n\t\t\t\t\t\t\t\t\t<\/figure>\n\t\t\t\t\t\t\t\t\t\t\t\n\t\t\t\t\t\t<div class=\"tg-module-info\">\n\t\t\t\t\t\t\t\t\t<h3 class=\"tg-module-title entry-title\">\n\t\t\t<a href=\"https:\/\/www.jesusprieto.es\/index.php\/2020\/09\/08\/3-4-el-inicio-del-exilio-la-comision-de-responsabilidades-y-el-acta-de-acusacion\/\">3.4. El inicio del exilio. La Comisi\u00f3n de Responsabilidades y el Acta de Acusaci\u00f3n<\/a>\n\t\t<\/h3>\n\t\t\n\t\t<div class=\"tg-module-meta\">\n\t\t\t\n\t\t\t<span class=\"tg-post-date entry-date\">\n\t\t\t\t<a href=\"https:\/\/www.jesusprieto.es\/index.php\/2020\/09\/08\/3-4-el-inicio-del-exilio-la-comision-de-responsabilidades-y-el-acta-de-acusacion\/\" rel=\"bookmark\"><time class=\"entry-date published\" datetime=\"2020-09-08T12:00:22+00:00\">08\/09\/2020<\/time><time class=\"updated\" datetime=\"2021-03-23T20:08:16+00:00\">23\/03\/2021<\/time><\/a>\t\t\t<\/span>\n\n\t\t\t<span class=\"tg-post-auther-name author vcard\">\n\t\t\t\t<a class=\"url fn n\" href=\"https:\/\/www.jesusprieto.es\/index.php\/author\/jesprie\/\">JPG<\/a>\t\t\t<\/span>\n\n\t\t\t\t\t<\/div>\n\n\t\t\t\t\t\t\t\t<\/div>\n\t\t\t\t\t<\/div>\n\t\t\t\t\t\n\t\t\t\t\t<div class=\"tg_module_block tg_module_block--list-small tg-col-control tg-two-block\">\n\t\t\t\t\t\t\t\t\t\t\t\t\t\t\t\t\t\t<figure class=\"tg-module-thumb\">\n\t\t\t\t\t\t\t\t\t\t<a href=\"https:\/\/www.jesusprieto.es\/index.php\/2020\/09\/08\/3-5-el-inicio-del-exilio-accion-espanola\/\" class=\"tg-thumb-link\">\n\t\t\t<img loading=\"lazy\" decoding=\"async\" width=\"130\" height=\"90\" src=\"https:\/\/www.jesusprieto.es\/wp-content\/uploads\/2021\/03\/34-l-130x90.jpg\" class=\"attachment-colormag-featured-post-small size-colormag-featured-post-small wp-post-image\" alt=\"\" srcset=\"https:\/\/www.jesusprieto.es\/wp-content\/uploads\/2021\/03\/34-l-130x90.jpg 130w, https:\/\/www.jesusprieto.es\/wp-content\/uploads\/2021\/03\/34-l-392x272.jpg 392w, https:\/\/www.jesusprieto.es\/wp-content\/uploads\/2021\/03\/34-l-600x417.jpg 600w\" sizes=\"auto, (max-width: 130px) 100vw, 130px\" \/>\t\t<\/a>\n\t\t\t\t\t\t\t\t\t<\/figure>\n\t\t\t\t\t\t\t\t\t\t\t\n\t\t\t\t\t\t<div class=\"tg-module-info\">\n\t\t\t\t\t\t\t\t\t<h3 class=\"tg-module-title entry-title\">\n\t\t\t<a href=\"https:\/\/www.jesusprieto.es\/index.php\/2020\/09\/08\/3-5-el-inicio-del-exilio-accion-espanola\/\">3.5. El inicio del exilio. Acci\u00f3n Espa\u00f1ola<\/a>\n\t\t<\/h3>\n\t\t\n\t\t<div class=\"tg-module-meta\">\n\t\t\t\n\t\t\t<span class=\"tg-post-date entry-date\">\n\t\t\t\t<a href=\"https:\/\/www.jesusprieto.es\/index.php\/2020\/09\/08\/3-5-el-inicio-del-exilio-accion-espanola\/\" rel=\"bookmark\"><time class=\"entry-date published\" datetime=\"2020-09-08T11:30:57+00:00\">08\/09\/2020<\/time><time class=\"updated\" datetime=\"2021-03-23T20:08:22+00:00\">23\/03\/2021<\/time><\/a>\t\t\t<\/span>\n\n\t\t\t<span class=\"tg-post-auther-name author vcard\">\n\t\t\t\t<a class=\"url fn n\" href=\"https:\/\/www.jesusprieto.es\/index.php\/author\/jesprie\/\">JPG<\/a>\t\t\t<\/span>\n\n\t\t\t\t\t<\/div>\n\n\t\t\t\t\t\t\t\t<\/div>\n\t\t\t\t\t<\/div>\n\t\t\t\t\t\n\t\t\t\t\t<div class=\"tg_module_block tg_module_block--list-small tg-col-control tg-two-block\">\n\t\t\t\t\t\t\t\t\t\t\t\t\t\t\t\t\t\t<figure class=\"tg-module-thumb\">\n\t\t\t\t\t\t\t\t\t\t<a href=\"https:\/\/www.jesusprieto.es\/index.php\/2020\/09\/08\/3-6-el-inicio-del-exilio-los-monarquicos-y-los-primeros-partidos\/\" class=\"tg-thumb-link\">\n\t\t\t<img loading=\"lazy\" decoding=\"async\" width=\"130\" height=\"90\" src=\"https:\/\/www.jesusprieto.es\/wp-content\/uploads\/2020\/09\/34-p-130x90.jpg\" class=\"attachment-colormag-featured-post-small size-colormag-featured-post-small wp-post-image\" alt=\"\" \/>\t\t<\/a>\n\t\t\t\t\t\t\t\t\t<\/figure>\n\t\t\t\t\t\t\t\t\t\t\t\n\t\t\t\t\t\t<div class=\"tg-module-info\">\n\t\t\t\t\t\t\t\t\t<h3 class=\"tg-module-title entry-title\">\n\t\t\t<a href=\"https:\/\/www.jesusprieto.es\/index.php\/2020\/09\/08\/3-6-el-inicio-del-exilio-los-monarquicos-y-los-primeros-partidos\/\">3.6. El inicio del exilio. Los mon\u00e1rquicos y los primeros partidos.<\/a>\n\t\t<\/h3>\n\t\t\n\t\t<div class=\"tg-module-meta\">\n\t\t\t\n\t\t\t<span class=\"tg-post-date entry-date\">\n\t\t\t\t<a href=\"https:\/\/www.jesusprieto.es\/index.php\/2020\/09\/08\/3-6-el-inicio-del-exilio-los-monarquicos-y-los-primeros-partidos\/\" rel=\"bookmark\"><time class=\"entry-date published\" datetime=\"2020-09-08T11:00:08+00:00\">08\/09\/2020<\/time><time class=\"updated\" datetime=\"2021-03-23T20:08:30+00:00\">23\/03\/2021<\/time><\/a>\t\t\t<\/span>\n\n\t\t\t<span class=\"tg-post-auther-name author vcard\">\n\t\t\t\t<a class=\"url fn n\" href=\"https:\/\/www.jesusprieto.es\/index.php\/author\/jesprie\/\">JPG<\/a>\t\t\t<\/span>\n\n\t\t\t\t\t<\/div>\n\n\t\t\t\t\t\t\t\t<\/div>\n\t\t\t\t\t<\/div>\n\t\t\t\t\t\n\t\t\t\t\t<div class=\"tg_module_block tg_module_block--list-small tg-col-control tg-two-block\">\n\t\t\t\t\t\t\t\t\t\t\t\t\t\t\t\t\t\t<figure class=\"tg-module-thumb\">\n\t\t\t\t\t\t\t\t\t\t<a href=\"https:\/\/www.jesusprieto.es\/index.php\/2020\/09\/08\/3-7-el-inicio-del-exilio-la-monarquia-segun-alfonso-xiii\/\" class=\"tg-thumb-link\">\n\t\t\t<img loading=\"lazy\" decoding=\"async\" width=\"130\" height=\"90\" src=\"https:\/\/www.jesusprieto.es\/wp-content\/uploads\/2021\/03\/34-q-130x90.jpg\" class=\"attachment-colormag-featured-post-small size-colormag-featured-post-small wp-post-image\" alt=\"\" \/>\t\t<\/a>\n\t\t\t\t\t\t\t\t\t<\/figure>\n\t\t\t\t\t\t\t\t\t\t\t\n\t\t\t\t\t\t<div class=\"tg-module-info\">\n\t\t\t\t\t\t\t\t\t<h3 class=\"tg-module-title entry-title\">\n\t\t\t<a href=\"https:\/\/www.jesusprieto.es\/index.php\/2020\/09\/08\/3-7-el-inicio-del-exilio-la-monarquia-segun-alfonso-xiii\/\">3.7. El inicio del exilio. La monarqu\u00eda seg\u00fan Alfonso XIII<\/a>\n\t\t<\/h3>\n\t\t\n\t\t<div class=\"tg-module-meta\">\n\t\t\t\n\t\t\t<span class=\"tg-post-date entry-date\">\n\t\t\t\t<a href=\"https:\/\/www.jesusprieto.es\/index.php\/2020\/09\/08\/3-7-el-inicio-del-exilio-la-monarquia-segun-alfonso-xiii\/\" rel=\"bookmark\"><time class=\"entry-date published\" datetime=\"2020-09-08T10:30:36+00:00\">08\/09\/2020<\/time><time class=\"updated\" datetime=\"2021-03-23T20:08:36+00:00\">23\/03\/2021<\/time><\/a>\t\t\t<\/span>\n\n\t\t\t<span class=\"tg-post-auther-name author vcard\">\n\t\t\t\t<a class=\"url fn n\" href=\"https:\/\/www.jesusprieto.es\/index.php\/author\/jesprie\/\">JPG<\/a>\t\t\t<\/span>\n\n\t\t\t\t\t<\/div>\n\n\t\t\t\t\t\t\t\t<\/div>\n\t\t\t\t\t<\/div>\n\t\t\t\t\t\n\t\t\t\t\t<div class=\"tg_module_block tg_module_block--list-small tg-col-control tg-two-block\">\n\t\t\t\t\t\t\t\t\t\t\t\t\t\t\t\t\t\t<figure class=\"tg-module-thumb\">\n\t\t\t\t\t\t\t\t\t\t<a href=\"https:\/\/www.jesusprieto.es\/index.php\/2020\/09\/08\/3-8-el-inicio-del-exilio-el-acercamiento-al-carlismo\/\" class=\"tg-thumb-link\">\n\t\t\t<img loading=\"lazy\" decoding=\"async\" width=\"130\" height=\"90\" src=\"https:\/\/www.jesusprieto.es\/wp-content\/uploads\/2021\/03\/34-r-130x90.jpg\" class=\"attachment-colormag-featured-post-small size-colormag-featured-post-small wp-post-image\" alt=\"\" \/>\t\t<\/a>\n\t\t\t\t\t\t\t\t\t<\/figure>\n\t\t\t\t\t\t\t\t\t\t\t\n\t\t\t\t\t\t<div class=\"tg-module-info\">\n\t\t\t\t\t\t\t\t\t<h3 class=\"tg-module-title entry-title\">\n\t\t\t<a href=\"https:\/\/www.jesusprieto.es\/index.php\/2020\/09\/08\/3-8-el-inicio-del-exilio-el-acercamiento-al-carlismo\/\">3.8. El inicio del exilio. El acercamiento al carlismo<\/a>\n\t\t<\/h3>\n\t\t\n\t\t<div class=\"tg-module-meta\">\n\t\t\t\n\t\t\t<span class=\"tg-post-date entry-date\">\n\t\t\t\t<a href=\"https:\/\/www.jesusprieto.es\/index.php\/2020\/09\/08\/3-8-el-inicio-del-exilio-el-acercamiento-al-carlismo\/\" rel=\"bookmark\"><time class=\"entry-date published\" datetime=\"2020-09-08T10:00:11+00:00\">08\/09\/2020<\/time><time class=\"updated\" datetime=\"2021-03-23T20:08:43+00:00\">23\/03\/2021<\/time><\/a>\t\t\t<\/span>\n\n\t\t\t<span class=\"tg-post-auther-name author vcard\">\n\t\t\t\t<a class=\"url fn n\" href=\"https:\/\/www.jesusprieto.es\/index.php\/author\/jesprie\/\">JPG<\/a>\t\t\t<\/span>\n\n\t\t\t\t\t<\/div>\n\n\t\t\t\t\t\t\t\t<\/div>\n\t\t\t\t\t<\/div>\n\t\t\t\t\t\n\t\t\t\t\t<div class=\"tg_module_block tg_module_block--list-small tg-col-control tg-two-block\">\n\t\t\t\t\t\t\t\t\t\t\t\t\t\t\t\t\t\t<figure class=\"tg-module-thumb\">\n\t\t\t\t\t\t\t\t\t\t<a href=\"https:\/\/www.jesusprieto.es\/index.php\/2020\/09\/08\/3-9-el-inicio-del-exilio-la-sanjurjada\/\" class=\"tg-thumb-link\">\n\t\t\t<img loading=\"lazy\" decoding=\"async\" width=\"130\" height=\"90\" src=\"https:\/\/www.jesusprieto.es\/wp-content\/uploads\/2021\/03\/34-s-130x90.jpg\" class=\"attachment-colormag-featured-post-small size-colormag-featured-post-small wp-post-image\" alt=\"\" srcset=\"https:\/\/www.jesusprieto.es\/wp-content\/uploads\/2021\/03\/34-s-130x90.jpg 130w, https:\/\/www.jesusprieto.es\/wp-content\/uploads\/2021\/03\/34-s.jpg 271w\" sizes=\"auto, (max-width: 130px) 100vw, 130px\" \/>\t\t<\/a>\n\t\t\t\t\t\t\t\t\t<\/figure>\n\t\t\t\t\t\t\t\t\t\t\t\n\t\t\t\t\t\t<div class=\"tg-module-info\">\n\t\t\t\t\t\t\t\t\t<h3 class=\"tg-module-title entry-title\">\n\t\t\t<a href=\"https:\/\/www.jesusprieto.es\/index.php\/2020\/09\/08\/3-9-el-inicio-del-exilio-la-sanjurjada\/\">3.9. El inicio del exilio. La Sanjurjada.<\/a>\n\t\t<\/h3>\n\t\t\n\t\t<div class=\"tg-module-meta\">\n\t\t\t\n\t\t\t<span class=\"tg-post-date entry-date\">\n\t\t\t\t<a href=\"https:\/\/www.jesusprieto.es\/index.php\/2020\/09\/08\/3-9-el-inicio-del-exilio-la-sanjurjada\/\" rel=\"bookmark\"><time class=\"entry-date published\" datetime=\"2020-09-08T09:30:46+00:00\">08\/09\/2020<\/time><time class=\"updated\" datetime=\"2021-03-23T20:08:48+00:00\">23\/03\/2021<\/time><\/a>\t\t\t<\/span>\n\n\t\t\t<span class=\"tg-post-auther-name author vcard\">\n\t\t\t\t<a class=\"url fn n\" href=\"https:\/\/www.jesusprieto.es\/index.php\/author\/jesprie\/\">JPG<\/a>\t\t\t<\/span>\n\n\t\t\t\t\t<\/div>\n\n\t\t\t\t\t\t\t\t<\/div>\n\t\t\t\t\t<\/div>\n\t\t\t\t\t\n\t\t\t\t\t<div class=\"tg_module_block tg_module_block--list-small tg-col-control tg-two-block\">\n\t\t\t\t\t\t\t\t\t\t\t\t\t\t\t\t\t\t<figure class=\"tg-module-thumb\">\n\t\t\t\t\t\t\t\t\t\t<a href=\"https:\/\/www.jesusprieto.es\/index.php\/2020\/09\/08\/4-renovacion-espanola-testaferro-de-alfonso-xiii-la-creacion-de-renovacion-espanola\/\" class=\"tg-thumb-link\">\n\t\t\t<img loading=\"lazy\" decoding=\"async\" width=\"130\" height=\"90\" src=\"https:\/\/www.jesusprieto.es\/wp-content\/uploads\/2021\/03\/34-t-130x90.jpg\" class=\"attachment-colormag-featured-post-small size-colormag-featured-post-small wp-post-image\" alt=\"\" \/>\t\t<\/a>\n\t\t\t\t\t\t\t\t\t<\/figure>\n\t\t\t\t\t\t\t\t\t\t\t\n\t\t\t\t\t\t<div class=\"tg-module-info\">\n\t\t\t\t\t\t\t\t\t<h3 class=\"tg-module-title entry-title\">\n\t\t\t<a href=\"https:\/\/www.jesusprieto.es\/index.php\/2020\/09\/08\/4-renovacion-espanola-testaferro-de-alfonso-xiii-la-creacion-de-renovacion-espanola\/\">4.1. Renovaci\u00f3n Espa\u00f1ola, testaferro de Alfonso XIII. La creaci\u00f3n de Renovaci\u00f3n Espa\u00f1ola.<\/a>\n\t\t<\/h3>\n\t\t\n\t\t<div class=\"tg-module-meta\">\n\t\t\t\n\t\t\t<span class=\"tg-post-date entry-date\">\n\t\t\t\t<a href=\"https:\/\/www.jesusprieto.es\/index.php\/2020\/09\/08\/4-renovacion-espanola-testaferro-de-alfonso-xiii-la-creacion-de-renovacion-espanola\/\" rel=\"bookmark\"><time class=\"entry-date published\" datetime=\"2020-09-08T09:00:01+00:00\">08\/09\/2020<\/time><time class=\"updated\" datetime=\"2021-03-23T20:08:54+00:00\">23\/03\/2021<\/time><\/a>\t\t\t<\/span>\n\n\t\t\t<span class=\"tg-post-auther-name author vcard\">\n\t\t\t\t<a class=\"url fn n\" href=\"https:\/\/www.jesusprieto.es\/index.php\/author\/jesprie\/\">JPG<\/a>\t\t\t<\/span>\n\n\t\t\t\t\t<\/div>\n\n\t\t\t\t\t\t\t\t<\/div>\n\t\t\t\t\t<\/div>\n\t\t\t\t\t\n\t\t\t\t\t<div class=\"tg_module_block tg_module_block--list-small tg-col-control tg-two-block\">\n\t\t\t\t\t\t\t\t\t\t\t\t\t\t\t\t\t\t<figure class=\"tg-module-thumb\">\n\t\t\t\t\t\t\t\t\t\t<a href=\"https:\/\/www.jesusprieto.es\/index.php\/2020\/09\/08\/4-2-renovacion-espanola-testaferro-de-alfonso-xiii-las-relaciones-con-los-accidentalistas\/\" class=\"tg-thumb-link\">\n\t\t\t<img loading=\"lazy\" decoding=\"async\" width=\"130\" height=\"90\" src=\"https:\/\/www.jesusprieto.es\/wp-content\/uploads\/2021\/03\/34-u-130x90.jpg\" class=\"attachment-colormag-featured-post-small size-colormag-featured-post-small wp-post-image\" alt=\"\" \/>\t\t<\/a>\n\t\t\t\t\t\t\t\t\t<\/figure>\n\t\t\t\t\t\t\t\t\t\t\t\n\t\t\t\t\t\t<div class=\"tg-module-info\">\n\t\t\t\t\t\t\t\t\t<h3 class=\"tg-module-title entry-title\">\n\t\t\t<a href=\"https:\/\/www.jesusprieto.es\/index.php\/2020\/09\/08\/4-2-renovacion-espanola-testaferro-de-alfonso-xiii-las-relaciones-con-los-accidentalistas\/\">4.2. Renovaci\u00f3n Espa\u00f1ola, testaferro de Alfonso XIII. Las relaciones con los Accidentalistas.<\/a>\n\t\t<\/h3>\n\t\t\n\t\t<div class=\"tg-module-meta\">\n\t\t\t\n\t\t\t<span class=\"tg-post-date entry-date\">\n\t\t\t\t<a href=\"https:\/\/www.jesusprieto.es\/index.php\/2020\/09\/08\/4-2-renovacion-espanola-testaferro-de-alfonso-xiii-las-relaciones-con-los-accidentalistas\/\" rel=\"bookmark\"><time class=\"entry-date published\" datetime=\"2020-09-08T08:30:39+00:00\">08\/09\/2020<\/time><time class=\"updated\" datetime=\"2021-03-23T20:09:01+00:00\">23\/03\/2021<\/time><\/a>\t\t\t<\/span>\n\n\t\t\t<span class=\"tg-post-auther-name author vcard\">\n\t\t\t\t<a class=\"url fn n\" href=\"https:\/\/www.jesusprieto.es\/index.php\/author\/jesprie\/\">JPG<\/a>\t\t\t<\/span>\n\n\t\t\t\t\t<\/div>\n\n\t\t\t\t\t\t\t\t<\/div>\n\t\t\t\t\t<\/div>\n\t\t\t\t\t\n\t\t\t\t\t<div class=\"tg_module_block tg_module_block--list-small tg-col-control tg-two-block\">\n\t\t\t\t\t\t\t\t\t\t\t\t\t\t\t\t\t\t<figure class=\"tg-module-thumb\">\n\t\t\t\t\t\t\t\t\t\t<a href=\"https:\/\/www.jesusprieto.es\/index.php\/2020\/09\/08\/4-3-renovacion-espanola-testaferro-de-alfonso-xiii-las-elecciones-de-noviembre-de-1933-y-el-comienzo-del-bieno-cedista\/\" class=\"tg-thumb-link\">\n\t\t\t<img loading=\"lazy\" decoding=\"async\" width=\"130\" height=\"90\" src=\"https:\/\/www.jesusprieto.es\/wp-content\/uploads\/2021\/03\/34-v-130x90.jpg\" class=\"attachment-colormag-featured-post-small size-colormag-featured-post-small wp-post-image\" alt=\"\" srcset=\"https:\/\/www.jesusprieto.es\/wp-content\/uploads\/2021\/03\/34-v-130x90.jpg 130w, https:\/\/www.jesusprieto.es\/wp-content\/uploads\/2021\/03\/34-v-392x272.jpg 392w\" sizes=\"auto, (max-width: 130px) 100vw, 130px\" \/>\t\t<\/a>\n\t\t\t\t\t\t\t\t\t<\/figure>\n\t\t\t\t\t\t\t\t\t\t\t\n\t\t\t\t\t\t<div class=\"tg-module-info\">\n\t\t\t\t\t\t\t\t\t<h3 class=\"tg-module-title entry-title\">\n\t\t\t<a href=\"https:\/\/www.jesusprieto.es\/index.php\/2020\/09\/08\/4-3-renovacion-espanola-testaferro-de-alfonso-xiii-las-elecciones-de-noviembre-de-1933-y-el-comienzo-del-bieno-cedista\/\">4.3. Renovaci\u00f3n Espa\u00f1ola, testaferro de Alfonso XIII. Las elecciones de noviembre de 1933 y el comienzo del Bieno Cedista.<\/a>\n\t\t<\/h3>\n\t\t\n\t\t<div class=\"tg-module-meta\">\n\t\t\t\n\t\t\t<span class=\"tg-post-date entry-date\">\n\t\t\t\t<a href=\"https:\/\/www.jesusprieto.es\/index.php\/2020\/09\/08\/4-3-renovacion-espanola-testaferro-de-alfonso-xiii-las-elecciones-de-noviembre-de-1933-y-el-comienzo-del-bieno-cedista\/\" rel=\"bookmark\"><time class=\"entry-date published\" datetime=\"2020-09-08T08:00:52+00:00\">08\/09\/2020<\/time><time class=\"updated\" datetime=\"2021-03-23T20:09:07+00:00\">23\/03\/2021<\/time><\/a>\t\t\t<\/span>\n\n\t\t\t<span class=\"tg-post-auther-name author vcard\">\n\t\t\t\t<a class=\"url fn n\" href=\"https:\/\/www.jesusprieto.es\/index.php\/author\/jesprie\/\">JPG<\/a>\t\t\t<\/span>\n\n\t\t\t\t\t<\/div>\n\n\t\t\t\t\t\t\t\t<\/div>\n\t\t\t\t\t<\/div>\n\t\t\t\t\t\n\t\t\t\t\t<div class=\"tg_module_block tg_module_block--list-small tg-col-control tg-two-block\">\n\t\t\t\t\t\t\t\t\t\t\t\t\t\t\t\t\t\t<figure class=\"tg-module-thumb\">\n\t\t\t\t\t\t\t\t\t\t<a href=\"https:\/\/www.jesusprieto.es\/index.php\/2020\/09\/08\/4-4-renovacion-espanola-testaferro-de-alfonso-xiii-el-heredero-objeto-de-disputa\/\" class=\"tg-thumb-link\">\n\t\t\t<img loading=\"lazy\" decoding=\"async\" width=\"130\" height=\"90\" src=\"https:\/\/www.jesusprieto.es\/wp-content\/uploads\/2020\/09\/34-y-130x90.jpg\" class=\"attachment-colormag-featured-post-small size-colormag-featured-post-small wp-post-image\" alt=\"\" \/>\t\t<\/a>\n\t\t\t\t\t\t\t\t\t<\/figure>\n\t\t\t\t\t\t\t\t\t\t\t\n\t\t\t\t\t\t<div class=\"tg-module-info\">\n\t\t\t\t\t\t\t\t\t<h3 class=\"tg-module-title entry-title\">\n\t\t\t<a href=\"https:\/\/www.jesusprieto.es\/index.php\/2020\/09\/08\/4-4-renovacion-espanola-testaferro-de-alfonso-xiii-el-heredero-objeto-de-disputa\/\">4.4. Renovaci\u00f3n Espa\u00f1ola, testaferro de Alfonso XIII. El heredero, objeto de disputa.<\/a>\n\t\t<\/h3>\n\t\t\n\t\t<div class=\"tg-module-meta\">\n\t\t\t\n\t\t\t<span class=\"tg-post-date entry-date\">\n\t\t\t\t<a href=\"https:\/\/www.jesusprieto.es\/index.php\/2020\/09\/08\/4-4-renovacion-espanola-testaferro-de-alfonso-xiii-el-heredero-objeto-de-disputa\/\" rel=\"bookmark\"><time class=\"entry-date published\" datetime=\"2020-09-08T07:30:51+00:00\">08\/09\/2020<\/time><time class=\"updated\" datetime=\"2021-03-23T20:09:13+00:00\">23\/03\/2021<\/time><\/a>\t\t\t<\/span>\n\n\t\t\t<span class=\"tg-post-auther-name author vcard\">\n\t\t\t\t<a class=\"url fn n\" href=\"https:\/\/www.jesusprieto.es\/index.php\/author\/jesprie\/\">JPG<\/a>\t\t\t<\/span>\n\n\t\t\t\t\t<\/div>\n\n\t\t\t\t\t\t\t\t<\/div>\n\t\t\t\t\t<\/div>\n\t\t\t\t\t\n\t\t\t\t\t<div class=\"tg_module_block tg_module_block--list-small tg-col-control tg-two-block\">\n\t\t\t\t\t\t\t\t\t\t\t\t\t\t\t\t\t\t<figure class=\"tg-module-thumb\">\n\t\t\t\t\t\t\t\t\t\t<a href=\"https:\/\/www.jesusprieto.es\/index.php\/2020\/09\/08\/4-5-renovacion-espanola-testaferro-de-alfonso-xiii-la-creacion-del-bloque-y-el-enfrentamiento-con-alfonso-xiii\/\" class=\"tg-thumb-link\">\n\t\t\t<img loading=\"lazy\" decoding=\"async\" width=\"130\" height=\"90\" src=\"https:\/\/www.jesusprieto.es\/wp-content\/uploads\/2021\/03\/34-z-130x90.jpg\" class=\"attachment-colormag-featured-post-small size-colormag-featured-post-small wp-post-image\" alt=\"\" \/>\t\t<\/a>\n\t\t\t\t\t\t\t\t\t<\/figure>\n\t\t\t\t\t\t\t\t\t\t\t\n\t\t\t\t\t\t<div class=\"tg-module-info\">\n\t\t\t\t\t\t\t\t\t<h3 class=\"tg-module-title entry-title\">\n\t\t\t<a href=\"https:\/\/www.jesusprieto.es\/index.php\/2020\/09\/08\/4-5-renovacion-espanola-testaferro-de-alfonso-xiii-la-creacion-del-bloque-y-el-enfrentamiento-con-alfonso-xiii\/\">4.5. Renovaci\u00f3n Espa\u00f1ola, testaferro de Alfonso XIII. La creaci\u00f3n del bloque y el enfrentamiento con Alfonso XIII.<\/a>\n\t\t<\/h3>\n\t\t\n\t\t<div class=\"tg-module-meta\">\n\t\t\t\n\t\t\t<span class=\"tg-post-date entry-date\">\n\t\t\t\t<a href=\"https:\/\/www.jesusprieto.es\/index.php\/2020\/09\/08\/4-5-renovacion-espanola-testaferro-de-alfonso-xiii-la-creacion-del-bloque-y-el-enfrentamiento-con-alfonso-xiii\/\" rel=\"bookmark\"><time class=\"entry-date published\" datetime=\"2020-09-08T07:00:40+00:00\">08\/09\/2020<\/time><time class=\"updated\" datetime=\"2021-03-23T20:09:19+00:00\">23\/03\/2021<\/time><\/a>\t\t\t<\/span>\n\n\t\t\t<span class=\"tg-post-auther-name author vcard\">\n\t\t\t\t<a class=\"url fn n\" href=\"https:\/\/www.jesusprieto.es\/index.php\/author\/jesprie\/\">JPG<\/a>\t\t\t<\/span>\n\n\t\t\t\t\t<\/div>\n\n\t\t\t\t\t\t\t\t<\/div>\n\t\t\t\t\t<\/div>\n\t\t\t\t\t\n\t\t\t\t\t<div class=\"tg_module_block tg_module_block--list-small tg-col-control tg-two-block\">\n\t\t\t\t\t\t\t\t\t\t\t\t\t\t\t\t\t\t<figure class=\"tg-module-thumb\">\n\t\t\t\t\t\t\t\t\t\t<a href=\"https:\/\/www.jesusprieto.es\/index.php\/2020\/09\/08\/4-6-renovacion-espanola-testaferro-de-alfonso-xiii-las-elecciones-de-1036-y-el-gobierno-del-frente-popular\/\" class=\"tg-thumb-link\">\n\t\t\t<img loading=\"lazy\" decoding=\"async\" width=\"130\" height=\"90\" src=\"https:\/\/www.jesusprieto.es\/wp-content\/uploads\/2021\/03\/34-aa-130x90.jpg\" class=\"attachment-colormag-featured-post-small size-colormag-featured-post-small wp-post-image\" alt=\"\" \/>\t\t<\/a>\n\t\t\t\t\t\t\t\t\t<\/figure>\n\t\t\t\t\t\t\t\t\t\t\t\n\t\t\t\t\t\t<div class=\"tg-module-info\">\n\t\t\t\t\t\t\t\t\t<h3 class=\"tg-module-title entry-title\">\n\t\t\t<a href=\"https:\/\/www.jesusprieto.es\/index.php\/2020\/09\/08\/4-6-renovacion-espanola-testaferro-de-alfonso-xiii-las-elecciones-de-1036-y-el-gobierno-del-frente-popular\/\">4.6. Renovaci\u00f3n Espa\u00f1ola, testaferro de Alfonso XIII. Las elecciones de 1036 y el Gobierno del Frente Popular.<\/a>\n\t\t<\/h3>\n\t\t\n\t\t<div class=\"tg-module-meta\">\n\t\t\t\n\t\t\t<span class=\"tg-post-date entry-date\">\n\t\t\t\t<a href=\"https:\/\/www.jesusprieto.es\/index.php\/2020\/09\/08\/4-6-renovacion-espanola-testaferro-de-alfonso-xiii-las-elecciones-de-1036-y-el-gobierno-del-frente-popular\/\" rel=\"bookmark\"><time class=\"entry-date published\" datetime=\"2020-09-08T06:30:00+00:00\">08\/09\/2020<\/time><time class=\"updated\" datetime=\"2021-03-23T20:09:26+00:00\">23\/03\/2021<\/time><\/a>\t\t\t<\/span>\n\n\t\t\t<span class=\"tg-post-auther-name author vcard\">\n\t\t\t\t<a class=\"url fn n\" href=\"https:\/\/www.jesusprieto.es\/index.php\/author\/jesprie\/\">JPG<\/a>\t\t\t<\/span>\n\n\t\t\t\t\t<\/div>\n\n\t\t\t\t\t\t\t\t<\/div>\n\t\t\t\t\t<\/div>\n\t\t\t\t\t\n\t\t\t\t\t<div class=\"tg_module_block tg_module_block--list-small tg-col-control tg-two-block\">\n\t\t\t\t\t\t\t\t\t\t\t\t\t\t\t\t\t\t<figure class=\"tg-module-thumb\">\n\t\t\t\t\t\t\t\t\t\t<a href=\"https:\/\/www.jesusprieto.es\/index.php\/2020\/09\/08\/5-la-familia-real-durante-la-guerra-civil\/\" class=\"tg-thumb-link\">\n\t\t\t<img loading=\"lazy\" decoding=\"async\" width=\"130\" height=\"90\" src=\"https:\/\/www.jesusprieto.es\/wp-content\/uploads\/2021\/03\/34-ab-130x90.png\" class=\"attachment-colormag-featured-post-small size-colormag-featured-post-small wp-post-image\" alt=\"\" srcset=\"https:\/\/www.jesusprieto.es\/wp-content\/uploads\/2021\/03\/34-ab-130x90.png 130w, https:\/\/www.jesusprieto.es\/wp-content\/uploads\/2021\/03\/34-ab-392x272.png 392w, https:\/\/www.jesusprieto.es\/wp-content\/uploads\/2021\/03\/34-ab-600x417.png 600w\" sizes=\"auto, (max-width: 130px) 100vw, 130px\" \/>\t\t<\/a>\n\t\t\t\t\t\t\t\t\t<\/figure>\n\t\t\t\t\t\t\t\t\t\t\t\n\t\t\t\t\t\t<div class=\"tg-module-info\">\n\t\t\t\t\t\t\t\t\t<h3 class=\"tg-module-title entry-title\">\n\t\t\t<a href=\"https:\/\/www.jesusprieto.es\/index.php\/2020\/09\/08\/5-la-familia-real-durante-la-guerra-civil\/\">5. La Familia Real durante la Guerra Civil.<\/a>\n\t\t<\/h3>\n\t\t\n\t\t<div class=\"tg-module-meta\">\n\t\t\t\n\t\t\t<span class=\"tg-post-date entry-date\">\n\t\t\t\t<a href=\"https:\/\/www.jesusprieto.es\/index.php\/2020\/09\/08\/5-la-familia-real-durante-la-guerra-civil\/\" rel=\"bookmark\"><time class=\"entry-date published\" datetime=\"2020-09-08T06:00:27+00:00\">08\/09\/2020<\/time><time class=\"updated\" datetime=\"2021-03-23T20:09:34+00:00\">23\/03\/2021<\/time><\/a>\t\t\t<\/span>\n\n\t\t\t<span class=\"tg-post-auther-name author vcard\">\n\t\t\t\t<a class=\"url fn n\" href=\"https:\/\/www.jesusprieto.es\/index.php\/author\/jesprie\/\">JPG<\/a>\t\t\t<\/span>\n\n\t\t\t\t\t<\/div>\n\n\t\t\t\t\t\t\t\t<\/div>\n\t\t\t\t\t<\/div>\n\t\t\t\t\t\n\t\t\t\t\t<div class=\"tg_module_block tg_module_block--list-small tg-col-control tg-two-block\">\n\t\t\t\t\t\t\t\t\t\t\t\t\t\t\t\t\t\t<figure class=\"tg-module-thumb\">\n\t\t\t\t\t\t\t\t\t\t<a href=\"https:\/\/www.jesusprieto.es\/index.php\/2020\/09\/08\/6-ideologia-de-la-familia-real\/\" class=\"tg-thumb-link\">\n\t\t\t<img loading=\"lazy\" decoding=\"async\" width=\"130\" height=\"90\" src=\"https:\/\/www.jesusprieto.es\/wp-content\/uploads\/2021\/03\/34-ac-130x90.jpg\" class=\"attachment-colormag-featured-post-small size-colormag-featured-post-small wp-post-image\" alt=\"\" \/>\t\t<\/a>\n\t\t\t\t\t\t\t\t\t<\/figure>\n\t\t\t\t\t\t\t\t\t\t\t\n\t\t\t\t\t\t<div class=\"tg-module-info\">\n\t\t\t\t\t\t\t\t\t<h3 class=\"tg-module-title entry-title\">\n\t\t\t<a href=\"https:\/\/www.jesusprieto.es\/index.php\/2020\/09\/08\/6-ideologia-de-la-familia-real\/\">6. Ideolog\u00eda de la Familia Real.<\/a>\n\t\t<\/h3>\n\t\t\n\t\t<div class=\"tg-module-meta\">\n\t\t\t\n\t\t\t<span class=\"tg-post-date entry-date\">\n\t\t\t\t<a href=\"https:\/\/www.jesusprieto.es\/index.php\/2020\/09\/08\/6-ideologia-de-la-familia-real\/\" rel=\"bookmark\"><time class=\"entry-date published\" datetime=\"2020-09-08T05:30:39+00:00\">08\/09\/2020<\/time><time class=\"updated\" datetime=\"2021-03-23T20:10:05+00:00\">23\/03\/2021<\/time><\/a>\t\t\t<\/span>\n\n\t\t\t<span class=\"tg-post-auther-name author vcard\">\n\t\t\t\t<a class=\"url fn n\" href=\"https:\/\/www.jesusprieto.es\/index.php\/author\/jesprie\/\">JPG<\/a>\t\t\t<\/span>\n\n\t\t\t\t\t<\/div>\n\n\t\t\t\t\t\t\t\t<\/div>\n\t\t\t\t\t<\/div>\n\t\t\t\t\t\n\t\t\t\t\t<div class=\"tg_module_block tg_module_block--list-small tg-col-control tg-two-block\">\n\t\t\t\t\t\t\t\t\t\t\t\t\t\t\t\t\t\t<figure class=\"tg-module-thumb\">\n\t\t\t\t\t\t\t\t\t\t<a href=\"https:\/\/www.jesusprieto.es\/index.php\/2020\/09\/08\/7-1-postguerra-abdicacion-y-muerte-de-alfonso-xiii-relaciones-de-la-familia-real-y-los-monarquicos-con-el-primer-franquismo\/\" class=\"tg-thumb-link\">\n\t\t\t<img loading=\"lazy\" decoding=\"async\" width=\"130\" height=\"90\" src=\"https:\/\/www.jesusprieto.es\/wp-content\/uploads\/2021\/03\/34-ad-130x90.jpg\" class=\"attachment-colormag-featured-post-small size-colormag-featured-post-small wp-post-image\" alt=\"\" \/>\t\t<\/a>\n\t\t\t\t\t\t\t\t\t<\/figure>\n\t\t\t\t\t\t\t\t\t\t\t\n\t\t\t\t\t\t<div class=\"tg-module-info\">\n\t\t\t\t\t\t\t\t\t<h3 class=\"tg-module-title entry-title\">\n\t\t\t<a href=\"https:\/\/www.jesusprieto.es\/index.php\/2020\/09\/08\/7-1-postguerra-abdicacion-y-muerte-de-alfonso-xiii-relaciones-de-la-familia-real-y-los-monarquicos-con-el-primer-franquismo\/\">7.1. Postguerra, abdicaci\u00f3n y muerte de Alfonso XIII. Relaciones de la Familia Real y los Mon\u00e1rquicos con el primer franquismo.<\/a>\n\t\t<\/h3>\n\t\t\n\t\t<div class=\"tg-module-meta\">\n\t\t\t\n\t\t\t<span class=\"tg-post-date entry-date\">\n\t\t\t\t<a href=\"https:\/\/www.jesusprieto.es\/index.php\/2020\/09\/08\/7-1-postguerra-abdicacion-y-muerte-de-alfonso-xiii-relaciones-de-la-familia-real-y-los-monarquicos-con-el-primer-franquismo\/\" rel=\"bookmark\"><time class=\"entry-date published\" datetime=\"2020-09-08T05:00:45+00:00\">08\/09\/2020<\/time><time class=\"updated\" datetime=\"2021-03-23T20:10:10+00:00\">23\/03\/2021<\/time><\/a>\t\t\t<\/span>\n\n\t\t\t<span class=\"tg-post-auther-name author vcard\">\n\t\t\t\t<a class=\"url fn n\" href=\"https:\/\/www.jesusprieto.es\/index.php\/author\/jesprie\/\">JPG<\/a>\t\t\t<\/span>\n\n\t\t\t\t\t<\/div>\n\n\t\t\t\t\t\t\t\t<\/div>\n\t\t\t\t\t<\/div>\n\t\t\t\t\t\n\t\t\t\t\t<div class=\"tg_module_block tg_module_block--list-small tg-col-control tg-two-block\">\n\t\t\t\t\t\t\t\t\t\t\t\t\t\t\t\t\t\t<figure class=\"tg-module-thumb\">\n\t\t\t\t\t\t\t\t\t\t<a href=\"https:\/\/www.jesusprieto.es\/index.php\/2020\/09\/08\/7-2-postguerra-abdicacion-y-muerte-de-alfonso-xiii-abdicacion-y-muerte-de-alfonso-xiii\/\" class=\"tg-thumb-link\">\n\t\t\t<img loading=\"lazy\" decoding=\"async\" width=\"130\" height=\"90\" src=\"https:\/\/www.jesusprieto.es\/wp-content\/uploads\/2021\/03\/34-aad-130x90.jpg\" class=\"attachment-colormag-featured-post-small size-colormag-featured-post-small wp-post-image\" alt=\"\" srcset=\"https:\/\/www.jesusprieto.es\/wp-content\/uploads\/2021\/03\/34-aad-130x90.jpg 130w, https:\/\/www.jesusprieto.es\/wp-content\/uploads\/2021\/03\/34-aad-392x272.jpg 392w\" sizes=\"auto, (max-width: 130px) 100vw, 130px\" \/>\t\t<\/a>\n\t\t\t\t\t\t\t\t\t<\/figure>\n\t\t\t\t\t\t\t\t\t\t\t\n\t\t\t\t\t\t<div class=\"tg-module-info\">\n\t\t\t\t\t\t\t\t\t<h3 class=\"tg-module-title entry-title\">\n\t\t\t<a href=\"https:\/\/www.jesusprieto.es\/index.php\/2020\/09\/08\/7-2-postguerra-abdicacion-y-muerte-de-alfonso-xiii-abdicacion-y-muerte-de-alfonso-xiii\/\">7.2. Postguerra, abdicaci\u00f3n y muerte de Alfonso XIII. Abdicaci\u00f3n y muerte de Alfonso XIII.<\/a>\n\t\t<\/h3>\n\t\t\n\t\t<div class=\"tg-module-meta\">\n\t\t\t\n\t\t\t<span class=\"tg-post-date entry-date\">\n\t\t\t\t<a href=\"https:\/\/www.jesusprieto.es\/index.php\/2020\/09\/08\/7-2-postguerra-abdicacion-y-muerte-de-alfonso-xiii-abdicacion-y-muerte-de-alfonso-xiii\/\" rel=\"bookmark\"><time class=\"entry-date published\" datetime=\"2020-09-08T04:30:14+00:00\">08\/09\/2020<\/time><time class=\"updated\" datetime=\"2021-03-23T20:10:17+00:00\">23\/03\/2021<\/time><\/a>\t\t\t<\/span>\n\n\t\t\t<span class=\"tg-post-auther-name author vcard\">\n\t\t\t\t<a class=\"url fn n\" href=\"https:\/\/www.jesusprieto.es\/index.php\/author\/jesprie\/\">JPG<\/a>\t\t\t<\/span>\n\n\t\t\t\t\t<\/div>\n\n\t\t\t\t\t\t\t\t<\/div>\n\t\t\t\t\t<\/div>\n\t\t\t\t\t\n\t\t\t\t\t<div class=\"tg_module_block tg_module_block--list-small tg-col-control tg-two-block\">\n\t\t\t\t\t\t\t\t\t\t\t\t\t\t\t\t\t\t<figure class=\"tg-module-thumb\">\n\t\t\t\t\t\t\t\t\t\t<a href=\"https:\/\/www.jesusprieto.es\/index.php\/2020\/09\/08\/8-1-el-camino-a-lausanne-juan-de-borbon-conde-de-barcelona\/\" class=\"tg-thumb-link\">\n\t\t\t<img loading=\"lazy\" decoding=\"async\" width=\"130\" height=\"90\" src=\"https:\/\/www.jesusprieto.es\/wp-content\/uploads\/2020\/09\/34ae-130x90.jpg\" class=\"attachment-colormag-featured-post-small size-colormag-featured-post-small wp-post-image\" alt=\"\" srcset=\"https:\/\/www.jesusprieto.es\/wp-content\/uploads\/2020\/09\/34ae-130x90.jpg 130w, https:\/\/www.jesusprieto.es\/wp-content\/uploads\/2020\/09\/34ae-392x272.jpg 392w, https:\/\/www.jesusprieto.es\/wp-content\/uploads\/2020\/09\/34ae-600x417.jpg 600w\" sizes=\"auto, (max-width: 130px) 100vw, 130px\" \/>\t\t<\/a>\n\t\t\t\t\t\t\t\t\t<\/figure>\n\t\t\t\t\t\t\t\t\t\t\t\n\t\t\t\t\t\t<div class=\"tg-module-info\">\n\t\t\t\t\t\t\t\t\t<h3 class=\"tg-module-title entry-title\">\n\t\t\t<a href=\"https:\/\/www.jesusprieto.es\/index.php\/2020\/09\/08\/8-1-el-camino-a-lausanne-juan-de-borbon-conde-de-barcelona\/\">8.1. El camino a Lausanne. Juan de Borb\u00f3n, Conde de Barcelona.<\/a>\n\t\t<\/h3>\n\t\t\n\t\t<div class=\"tg-module-meta\">\n\t\t\t\n\t\t\t<span class=\"tg-post-date entry-date\">\n\t\t\t\t<a href=\"https:\/\/www.jesusprieto.es\/index.php\/2020\/09\/08\/8-1-el-camino-a-lausanne-juan-de-borbon-conde-de-barcelona\/\" rel=\"bookmark\"><time class=\"entry-date published\" datetime=\"2020-09-08T04:00:27+00:00\">08\/09\/2020<\/time><time class=\"updated\" datetime=\"2026-07-27T09:50:48+00:00\">27\/07\/2026<\/time><\/a>\t\t\t<\/span>\n\n\t\t\t<span class=\"tg-post-auther-name author vcard\">\n\t\t\t\t<a class=\"url fn n\" href=\"https:\/\/www.jesusprieto.es\/index.php\/author\/jesprie\/\">JPG<\/a>\t\t\t<\/span>\n\n\t\t\t\t\t<\/div>\n\n\t\t\t\t\t\t\t\t<\/div>\n\t\t\t\t\t<\/div>\n\t\t\t\t\t\n\t\t\t\t\t<div class=\"tg_module_block tg_module_block--list-small tg-col-control tg-two-block\">\n\t\t\t\t\t\t\t\t\t\t\t\t\t\t\t\t\t\t<figure class=\"tg-module-thumb\">\n\t\t\t\t\t\t\t\t\t\t<a href=\"https:\/\/www.jesusprieto.es\/index.php\/2020\/09\/08\/8-2-el-camino-a-lausanne-el-contexto-de-la-guerra-mundial\/\" class=\"tg-thumb-link\">\n\t\t\t<img loading=\"lazy\" decoding=\"async\" width=\"130\" height=\"90\" src=\"https:\/\/www.jesusprieto.es\/wp-content\/uploads\/2021\/03\/34-af-130x90.jpg\" class=\"attachment-colormag-featured-post-small size-colormag-featured-post-small wp-post-image\" alt=\"\" srcset=\"https:\/\/www.jesusprieto.es\/wp-content\/uploads\/2021\/03\/34-af-130x90.jpg 130w, https:\/\/www.jesusprieto.es\/wp-content\/uploads\/2021\/03\/34-af-392x272.jpg 392w, https:\/\/www.jesusprieto.es\/wp-content\/uploads\/2021\/03\/34-af-600x417.jpg 600w\" sizes=\"auto, (max-width: 130px) 100vw, 130px\" \/>\t\t<\/a>\n\t\t\t\t\t\t\t\t\t<\/figure>\n\t\t\t\t\t\t\t\t\t\t\t\n\t\t\t\t\t\t<div class=\"tg-module-info\">\n\t\t\t\t\t\t\t\t\t<h3 class=\"tg-module-title entry-title\">\n\t\t\t<a href=\"https:\/\/www.jesusprieto.es\/index.php\/2020\/09\/08\/8-2-el-camino-a-lausanne-el-contexto-de-la-guerra-mundial\/\">8.2. El camino a Lausanne. El contexto de la Guerra Mundial.<\/a>\n\t\t<\/h3>\n\t\t\n\t\t<div class=\"tg-module-meta\">\n\t\t\t\n\t\t\t<span class=\"tg-post-date entry-date\">\n\t\t\t\t<a href=\"https:\/\/www.jesusprieto.es\/index.php\/2020\/09\/08\/8-2-el-camino-a-lausanne-el-contexto-de-la-guerra-mundial\/\" rel=\"bookmark\"><time class=\"entry-date published\" datetime=\"2020-09-08T03:30:02+00:00\">08\/09\/2020<\/time><time class=\"updated\" datetime=\"2021-03-23T20:10:29+00:00\">23\/03\/2021<\/time><\/a>\t\t\t<\/span>\n\n\t\t\t<span class=\"tg-post-auther-name author vcard\">\n\t\t\t\t<a class=\"url fn n\" href=\"https:\/\/www.jesusprieto.es\/index.php\/author\/jesprie\/\">JPG<\/a>\t\t\t<\/span>\n\n\t\t\t\t\t<\/div>\n\n\t\t\t\t\t\t\t\t<\/div>\n\t\t\t\t\t<\/div>\n\t\t\t\t\t\n\t\t\t\t\t<div class=\"tg_module_block tg_module_block--list-small tg-col-control tg-two-block\">\n\t\t\t\t\t\t\t\t\t\t\t\t\t\t\t\t\t\t<figure class=\"tg-module-thumb\">\n\t\t\t\t\t\t\t\t\t\t<a href=\"https:\/\/www.jesusprieto.es\/index.php\/2020\/09\/08\/8-3-el-camino-a-lausanne-el-cambio-de-posicion-y-la-ruptura\/\" class=\"tg-thumb-link\">\n\t\t\t<img loading=\"lazy\" decoding=\"async\" width=\"130\" height=\"90\" src=\"https:\/\/www.jesusprieto.es\/wp-content\/uploads\/2021\/03\/34-ag-130x90.jpg\" class=\"attachment-colormag-featured-post-small size-colormag-featured-post-small wp-post-image\" alt=\"\" srcset=\"https:\/\/www.jesusprieto.es\/wp-content\/uploads\/2021\/03\/34-ag-130x90.jpg 130w, https:\/\/www.jesusprieto.es\/wp-content\/uploads\/2021\/03\/34-ag-392x272.jpg 392w\" sizes=\"auto, (max-width: 130px) 100vw, 130px\" \/>\t\t<\/a>\n\t\t\t\t\t\t\t\t\t<\/figure>\n\t\t\t\t\t\t\t\t\t\t\t\n\t\t\t\t\t\t<div class=\"tg-module-info\">\n\t\t\t\t\t\t\t\t\t<h3 class=\"tg-module-title entry-title\">\n\t\t\t<a href=\"https:\/\/www.jesusprieto.es\/index.php\/2020\/09\/08\/8-3-el-camino-a-lausanne-el-cambio-de-posicion-y-la-ruptura\/\">8.3. El camino a Lausanne. El cambio de posici\u00f3n y la ruptura.<\/a>\n\t\t<\/h3>\n\t\t\n\t\t<div class=\"tg-module-meta\">\n\t\t\t\n\t\t\t<span class=\"tg-post-date entry-date\">\n\t\t\t\t<a href=\"https:\/\/www.jesusprieto.es\/index.php\/2020\/09\/08\/8-3-el-camino-a-lausanne-el-cambio-de-posicion-y-la-ruptura\/\" rel=\"bookmark\"><time class=\"entry-date published\" datetime=\"2020-09-08T03:00:14+00:00\">08\/09\/2020<\/time><time class=\"updated\" datetime=\"2021-03-23T20:10:35+00:00\">23\/03\/2021<\/time><\/a>\t\t\t<\/span>\n\n\t\t\t<span class=\"tg-post-auther-name author vcard\">\n\t\t\t\t<a class=\"url fn n\" href=\"https:\/\/www.jesusprieto.es\/index.php\/author\/jesprie\/\">JPG<\/a>\t\t\t<\/span>\n\n\t\t\t\t\t<\/div>\n\n\t\t\t\t\t\t\t\t<\/div>\n\t\t\t\t\t<\/div>\n\t\t\t\t\t\n\t\t\t\t\t<div class=\"tg_module_block tg_module_block--list-small tg-col-control tg-two-block\">\n\t\t\t\t\t\t\t\t\t\t\t\t\t\t\t\t\t\t<figure class=\"tg-module-thumb\">\n\t\t\t\t\t\t\t\t\t\t<a href=\"https:\/\/www.jesusprieto.es\/index.php\/2020\/09\/08\/8-4-el-camino-a-lausanne-los-monarquicos-en-el-interior\/\" class=\"tg-thumb-link\">\n\t\t\t<img loading=\"lazy\" decoding=\"async\" width=\"130\" height=\"90\" src=\"https:\/\/www.jesusprieto.es\/wp-content\/uploads\/2021\/03\/34-ah-130x90.jpg\" class=\"attachment-colormag-featured-post-small size-colormag-featured-post-small wp-post-image\" alt=\"\" \/>\t\t<\/a>\n\t\t\t\t\t\t\t\t\t<\/figure>\n\t\t\t\t\t\t\t\t\t\t\t\n\t\t\t\t\t\t<div class=\"tg-module-info\">\n\t\t\t\t\t\t\t\t\t<h3 class=\"tg-module-title entry-title\">\n\t\t\t<a href=\"https:\/\/www.jesusprieto.es\/index.php\/2020\/09\/08\/8-4-el-camino-a-lausanne-los-monarquicos-en-el-interior\/\">8.4. El camino a Lausanne. Los mon\u00e1rquicos en el interior.<\/a>\n\t\t<\/h3>\n\t\t\n\t\t<div class=\"tg-module-meta\">\n\t\t\t\n\t\t\t<span class=\"tg-post-date entry-date\">\n\t\t\t\t<a href=\"https:\/\/www.jesusprieto.es\/index.php\/2020\/09\/08\/8-4-el-camino-a-lausanne-los-monarquicos-en-el-interior\/\" rel=\"bookmark\"><time class=\"entry-date published\" datetime=\"2020-09-08T02:30:19+00:00\">08\/09\/2020<\/time><time class=\"updated\" datetime=\"2021-03-23T20:10:44+00:00\">23\/03\/2021<\/time><\/a>\t\t\t<\/span>\n\n\t\t\t<span class=\"tg-post-auther-name author vcard\">\n\t\t\t\t<a class=\"url fn n\" href=\"https:\/\/www.jesusprieto.es\/index.php\/author\/jesprie\/\">JPG<\/a>\t\t\t<\/span>\n\n\t\t\t\t\t<\/div>\n\n\t\t\t\t\t\t\t\t<\/div>\n\t\t\t\t\t<\/div>\n\t\t\t\t\t\n\t\t\t\t\t<div class=\"tg_module_block tg_module_block--list-small tg-col-control tg-two-block\">\n\t\t\t\t\t\t\t\t\t\t\t\t\t\t\t\t\t\t<figure class=\"tg-module-thumb\">\n\t\t\t\t\t\t\t\t\t\t<a href=\"https:\/\/www.jesusprieto.es\/index.php\/2020\/09\/08\/8-5-el-camino-a-lausanne-las-manifestaciones-del-pretendiente\/\" class=\"tg-thumb-link\">\n\t\t\t<img loading=\"lazy\" decoding=\"async\" width=\"130\" height=\"90\" src=\"https:\/\/www.jesusprieto.es\/wp-content\/uploads\/2021\/03\/34-ak-130x90.jpg\" class=\"attachment-colormag-featured-post-small size-colormag-featured-post-small wp-post-image\" alt=\"\" srcset=\"https:\/\/www.jesusprieto.es\/wp-content\/uploads\/2021\/03\/34-ak-130x90.jpg 130w, https:\/\/www.jesusprieto.es\/wp-content\/uploads\/2021\/03\/34-ak-392x272.jpg 392w, https:\/\/www.jesusprieto.es\/wp-content\/uploads\/2021\/03\/34-ak-600x417.jpg 600w\" sizes=\"auto, (max-width: 130px) 100vw, 130px\" \/>\t\t<\/a>\n\t\t\t\t\t\t\t\t\t<\/figure>\n\t\t\t\t\t\t\t\t\t\t\t\n\t\t\t\t\t\t<div class=\"tg-module-info\">\n\t\t\t\t\t\t\t\t\t<h3 class=\"tg-module-title entry-title\">\n\t\t\t<a href=\"https:\/\/www.jesusprieto.es\/index.php\/2020\/09\/08\/8-5-el-camino-a-lausanne-las-manifestaciones-del-pretendiente\/\">8.5. El camino a Lausanne. Las manifestaciones del pretendiente.<\/a>\n\t\t<\/h3>\n\t\t\n\t\t<div class=\"tg-module-meta\">\n\t\t\t\n\t\t\t<span class=\"tg-post-date entry-date\">\n\t\t\t\t<a href=\"https:\/\/www.jesusprieto.es\/index.php\/2020\/09\/08\/8-5-el-camino-a-lausanne-las-manifestaciones-del-pretendiente\/\" rel=\"bookmark\"><time class=\"entry-date published\" datetime=\"2020-09-08T02:00:07+00:00\">08\/09\/2020<\/time><time class=\"updated\" datetime=\"2021-03-23T20:10:50+00:00\">23\/03\/2021<\/time><\/a>\t\t\t<\/span>\n\n\t\t\t<span class=\"tg-post-auther-name author vcard\">\n\t\t\t\t<a class=\"url fn n\" href=\"https:\/\/www.jesusprieto.es\/index.php\/author\/jesprie\/\">JPG<\/a>\t\t\t<\/span>\n\n\t\t\t\t\t<\/div>\n\n\t\t\t\t\t\t\t\t<\/div>\n\t\t\t\t\t<\/div>\n\t\t\t\t\t\n\t\t\t\t\t<div class=\"tg_module_block tg_module_block--list-small tg-col-control tg-two-block\">\n\t\t\t\t\t\t\t\t\t\t\t\t\t\t\t\t\t\t<figure class=\"tg-module-thumb\">\n\t\t\t\t\t\t\t\t\t\t<a href=\"https:\/\/www.jesusprieto.es\/index.php\/2020\/09\/08\/8-6-el-camino-a-lausanne-el-manifiesto-de-lausanne\/\" class=\"tg-thumb-link\">\n\t\t\t<img loading=\"lazy\" decoding=\"async\" width=\"130\" height=\"90\" src=\"https:\/\/www.jesusprieto.es\/wp-content\/uploads\/2021\/03\/34-al-130x90.jpg\" class=\"attachment-colormag-featured-post-small size-colormag-featured-post-small wp-post-image\" alt=\"\" srcset=\"https:\/\/www.jesusprieto.es\/wp-content\/uploads\/2021\/03\/34-al-130x90.jpg 130w, https:\/\/www.jesusprieto.es\/wp-content\/uploads\/2021\/03\/34-al-392x272.jpg 392w\" sizes=\"auto, (max-width: 130px) 100vw, 130px\" \/>\t\t<\/a>\n\t\t\t\t\t\t\t\t\t<\/figure>\n\t\t\t\t\t\t\t\t\t\t\t\n\t\t\t\t\t\t<div class=\"tg-module-info\">\n\t\t\t\t\t\t\t\t\t<h3 class=\"tg-module-title entry-title\">\n\t\t\t<a href=\"https:\/\/www.jesusprieto.es\/index.php\/2020\/09\/08\/8-6-el-camino-a-lausanne-el-manifiesto-de-lausanne\/\">8.6. El camino a Lausanne. El Manifiesto de Lausanne.<\/a>\n\t\t<\/h3>\n\t\t\n\t\t<div class=\"tg-module-meta\">\n\t\t\t\n\t\t\t<span class=\"tg-post-date entry-date\">\n\t\t\t\t<a href=\"https:\/\/www.jesusprieto.es\/index.php\/2020\/09\/08\/8-6-el-camino-a-lausanne-el-manifiesto-de-lausanne\/\" rel=\"bookmark\"><time class=\"entry-date published\" datetime=\"2020-09-08T01:30:07+00:00\">08\/09\/2020<\/time><time class=\"updated\" datetime=\"2021-03-23T20:10:57+00:00\">23\/03\/2021<\/time><\/a>\t\t\t<\/span>\n\n\t\t\t<span class=\"tg-post-auther-name author vcard\">\n\t\t\t\t<a class=\"url fn n\" href=\"https:\/\/www.jesusprieto.es\/index.php\/author\/jesprie\/\">JPG<\/a>\t\t\t<\/span>\n\n\t\t\t\t\t<\/div>\n\n\t\t\t\t\t\t\t\t<\/div>\n\t\t\t\t\t<\/div>\n\t\t\t\t\t\n\t\t\t\t\t<div class=\"tg_module_block tg_module_block--list-small tg-col-control tg-two-block\">\n\t\t\t\t\t\t\t\t\t\t\t\t\t\t\t\t\t\t<figure class=\"tg-module-thumb\">\n\t\t\t\t\t\t\t\t\t\t<a href=\"https:\/\/www.jesusprieto.es\/index.php\/2020\/09\/08\/9-conclusiones\/\" class=\"tg-thumb-link\">\n\t\t\t<img loading=\"lazy\" decoding=\"async\" width=\"130\" height=\"90\" src=\"https:\/\/www.jesusprieto.es\/wp-content\/uploads\/2021\/03\/34-au-130x90.jpg\" class=\"attachment-colormag-featured-post-small size-colormag-featured-post-small wp-post-image\" alt=\"\" srcset=\"https:\/\/www.jesusprieto.es\/wp-content\/uploads\/2021\/03\/34-au-130x90.jpg 130w, https:\/\/www.jesusprieto.es\/wp-content\/uploads\/2021\/03\/34-au-392x272.jpg 392w, https:\/\/www.jesusprieto.es\/wp-content\/uploads\/2021\/03\/34-au-600x417.jpg 600w\" sizes=\"auto, (max-width: 130px) 100vw, 130px\" \/>\t\t<\/a>\n\t\t\t\t\t\t\t\t\t<\/figure>\n\t\t\t\t\t\t\t\t\t\t\t\n\t\t\t\t\t\t<div class=\"tg-module-info\">\n\t\t\t\t\t\t\t\t\t<h3 class=\"tg-module-title entry-title\">\n\t\t\t<a href=\"https:\/\/www.jesusprieto.es\/index.php\/2020\/09\/08\/9-conclusiones\/\">9. Conclusiones.<\/a>\n\t\t<\/h3>\n\t\t\n\t\t<div class=\"tg-module-meta\">\n\t\t\t\n\t\t\t<span class=\"tg-post-date entry-date\">\n\t\t\t\t<a href=\"https:\/\/www.jesusprieto.es\/index.php\/2020\/09\/08\/9-conclusiones\/\" rel=\"bookmark\"><time class=\"entry-date published\" datetime=\"2020-09-08T01:00:22+00:00\">08\/09\/2020<\/time><time class=\"updated\" datetime=\"2021-03-23T20:11:03+00:00\">23\/03\/2021<\/time><\/a>\t\t\t<\/span>\n\n\t\t\t<span class=\"tg-post-auther-name author vcard\">\n\t\t\t\t<a class=\"url fn n\" href=\"https:\/\/www.jesusprieto.es\/index.php\/author\/jesprie\/\">JPG<\/a>\t\t\t<\/span>\n\n\t\t\t\t\t<\/div>\n\n\t\t\t\t\t\t\t\t<\/div>\n\t\t\t\t\t<\/div>\n\t\t\t\t\t\n\t\t\t\t\t<div class=\"tg_module_block tg_module_block--list-small tg-col-control tg-two-block\">\n\t\t\t\t\t\t\t\t\t\t\t\t\t\t\t\t\t\t<figure class=\"tg-module-thumb\">\n\t\t\t\t\t\t\t\t\t\t<a href=\"https:\/\/www.jesusprieto.es\/index.php\/2020\/09\/08\/10-bibliografia\/\" class=\"tg-thumb-link\">\n\t\t\t<img loading=\"lazy\" decoding=\"async\" width=\"130\" height=\"90\" src=\"https:\/\/www.jesusprieto.es\/wp-content\/uploads\/2021\/03\/34-az-130x90.jpg\" class=\"attachment-colormag-featured-post-small size-colormag-featured-post-small wp-post-image\" alt=\"\" srcset=\"https:\/\/www.jesusprieto.es\/wp-content\/uploads\/2021\/03\/34-az-130x90.jpg 130w, https:\/\/www.jesusprieto.es\/wp-content\/uploads\/2021\/03\/34-az-392x272.jpg 392w, https:\/\/www.jesusprieto.es\/wp-content\/uploads\/2021\/03\/34-az-600x417.jpg 600w\" sizes=\"auto, (max-width: 130px) 100vw, 130px\" \/>\t\t<\/a>\n\t\t\t\t\t\t\t\t\t<\/figure>\n\t\t\t\t\t\t\t\t\t\t\t\n\t\t\t\t\t\t<div class=\"tg-module-info\">\n\t\t\t\t\t\t\t\t\t<h3 class=\"tg-module-title entry-title\">\n\t\t\t<a href=\"https:\/\/www.jesusprieto.es\/index.php\/2020\/09\/08\/10-bibliografia\/\">10. Bibliograf\u00eda.<\/a>\n\t\t<\/h3>\n\t\t\n\t\t<div class=\"tg-module-meta\">\n\t\t\t\n\t\t\t<span class=\"tg-post-date entry-date\">\n\t\t\t\t<a href=\"https:\/\/www.jesusprieto.es\/index.php\/2020\/09\/08\/10-bibliografia\/\" rel=\"bookmark\"><time class=\"entry-date published\" datetime=\"2020-09-08T00:30:33+00:00\">08\/09\/2020<\/time><time class=\"updated\" datetime=\"2021-03-23T20:11:10+00:00\">23\/03\/2021<\/time><\/a>\t\t\t<\/span>\n\n\t\t\t<span class=\"tg-post-auther-name author vcard\">\n\t\t\t\t<a class=\"url fn n\" href=\"https:\/\/www.jesusprieto.es\/index.php\/author\/jesprie\/\">JPG<\/a>\t\t\t<\/span>\n\n\t\t\t\t\t<\/div>\n\n\t\t\t\t\t\t\t\t<\/div>\n\t\t\t\t\t<\/div>\n\t\t\t\t\t\t\t\t<\/div>\n\t\t<\/div>\n\n\t\t\t\t<\/div>\n\t\t\t\t<\/div>\n\t\t\t\t\t<\/div>\n\t\t<\/div>\n\t\t\t\t\t\t\t<\/div>\n\t\t<\/section>\n\t\t\t\t\t\t\t<\/div>\n\t\t","protected":false},"excerpt":{"rendered":"<p>POL\u00cdTICA E IDEOLOG\u00cdA EN LA FAMILIA REAL ESPA\u00d1OLA (1931-1945) El objetivo de esta monograf\u00eda fue analizar los posicionamientos pol\u00edticos y<\/p>\n","protected":false},"author":1,"featured_media":2454,"parent":0,"menu_order":0,"comment_status":"closed","ping_status":"closed","template":"","meta":{"colormag_page_layout":"no_sidebar_full_width","footnotes":""},"class_list":["post-2452","page","type-page","status-publish","has-post-thumbnail","hentry"],"_links":{"self":[{"href":"https:\/\/www.jesusprieto.es\/index.php\/wp-json\/wp\/v2\/pages\/2452","targetHints":{"allow":["GET"]}}],"collection":[{"href":"https:\/\/www.jesusprieto.es\/index.php\/wp-json\/wp\/v2\/pages"}],"about":[{"href":"https:\/\/www.jesusprieto.es\/index.php\/wp-json\/wp\/v2\/types\/page"}],"author":[{"embeddable":true,"href":"https:\/\/www.jesusprieto.es\/index.php\/wp-json\/wp\/v2\/users\/1"}],"replies":[{"embeddable":true,"href":"https:\/\/www.jesusprieto.es\/index.php\/wp-json\/wp\/v2\/comments?post=2452"}],"version-history":[{"count":6,"href":"https:\/\/www.jesusprieto.es\/index.php\/wp-json\/wp\/v2\/pages\/2452\/revisions"}],"predecessor-version":[{"id":2647,"href":"https:\/\/www.jesusprieto.es\/index.php\/wp-json\/wp\/v2\/pages\/2452\/revisions\/2647"}],"wp:featuredmedia":[{"embeddable":true,"href":"https:\/\/www.jesusprieto.es\/index.php\/wp-json\/wp\/v2\/media\/2454"}],"wp:attachment":[{"href":"https:\/\/www.jesusprieto.es\/index.php\/wp-json\/wp\/v2\/media?parent=2452"}],"curies":[{"name":"wp","href":"https:\/\/api.w.org\/{rel}","templated":true}]}}